{"id":1443,"date":"2021-06-03T12:35:05","date_gmt":"2021-06-03T11:35:05","guid":{"rendered":"https:\/\/paroisses-malabry.fr\/?page_id=1443"},"modified":"2022-01-26T17:11:49","modified_gmt":"2022-01-26T16:11:49","slug":"les-posts","status":"publish","type":"page","link":"https:\/\/paroisses-chatenay.fr\/stebathilde\/les-posts\/","title":{"rendered":"Les Articles"},"content":{"rendered":"\n\t\t\t<div class=\"display-post-types\">\n\n\t\t\t\t\t\t\t<style type=\"text\/css\">\n\t\t\t#dpt-wrapper-957 { --dpt-text-align: left;--dpt-image-crop: center;--dpt-border-radius: 5px;--dpt-small-grid-column: 33.33%;--dpt-large-grid-column: 25%;--dpt-h-gutter: 10px;--dpt-v-gutter: 10px;--dpt-text_pos_top: auto;--dpt-text_pos_bottom: 0;--dpt-text_pos_right: auto;--dpt-text_pos_left: 0%; }\t\t\t<\/style>\n\t\t\t<style type=\"text\/css\">#dpt-wrapper-957 { --dpt-title-font-style:normal;--dpt-title-font-weight:600;--dpt-title-line-height:1.5;--dpt-title-text-decoration:none;--dpt-title-text-transform:none;--dpt-excerpt-font-style:normal;--dpt-excerpt-font-weight:400;--dpt-excerpt-line-height:1.5;--dpt-excerpt-text-decoration:none;--dpt-excerpt-text-transform:none;--dpt-meta1-font-style:normal;--dpt-meta1-font-weight:400;--dpt-meta1-line-height:1.9;--dpt-meta1-text-decoration:none;--dpt-meta1-text-transform:none;--dpt-meta2-font-style:normal;--dpt-meta2-font-weight:400;--dpt-meta2-line-height:1.9;--dpt-meta2-text-decoration:none;--dpt-meta2-text-transform:none; }<\/style>\t\t\t\n\t\t\t\t<div id=\"dpt-wrapper-957\" class=\"dpt-wrapper dpt-grid2 multi-col dpt-image-overlay dpt-mason-wrap\" >\n\n\t\t\t\t\t\t\t\t\t\t\t<div class=\"dpt-entry has-thumbnail\" data-title=\"ccfd-terre solidaire : chant de car\u00eame\" data-id=\"3211\"  data-category=\"association ccfd\">\n\t\t\t\t\t\t\t<div class=\"dpt-entry-wrapper\"><div class=\" dpt-featured-content\"><div class=\" dpt-permalink\"><a href=\"https:\/\/paroisses-chatenay.fr\/stebathilde\/conference-ccfd-terre-solidaire\/\" class=\"dpt-permalink\"><span class=\"screen-reader-text\">CCFD-Terre Solidaire : chant de car\u00eame<\/span><\/a><\/div><div class=\" dpt-thumbnail\"><div class=\"dpt-thumbnail-inner\"><img width=\"261\" height=\"172\" class=\"attachment-full size-full\" alt=\"\" context=\"dpt\" data-dpt-src=\"https:\/\/paroisses-chatenay.fr\/stebathilde\/wp-content\/uploads\/2026\/01\/ccfd-careme-2026.jpg\" data-dpt-sizes=\"(max-width: 261px) 100vw, 261px\" data-dpt-srcset=\"https:\/\/paroisses-chatenay.fr\/stebathilde\/wp-content\/uploads\/2026\/01\/ccfd-careme-2026.jpg 261w, https:\/\/paroisses-chatenay.fr\/stebathilde\/wp-content\/uploads\/2026\/01\/ccfd-careme-2026-24x16.jpg 24w, https:\/\/paroisses-chatenay.fr\/stebathilde\/wp-content\/uploads\/2026\/01\/ccfd-careme-2026-36x24.jpg 36w, https:\/\/paroisses-chatenay.fr\/stebathilde\/wp-content\/uploads\/2026\/01\/ccfd-careme-2026-48x32.jpg 48w\" \/><\/div><span class=\"dpt-thumbnail-aspect-ratio\" style=\"padding-top: 66%\"><\/span><\/div><\/div><div class=\" sub-entry\"><h3 class=\" dpt-title\"><a class=\"dpt-title-link\" href=\"https:\/\/paroisses-chatenay.fr\/stebathilde\/conference-ccfd-terre-solidaire\/\" rel=\"bookmark\">CCFD-Terre Solidaire : chant de car\u00eame<\/a><\/h3><div class=\"dpt-meta1 dpt-meta\"><div class=\" dpt-date\"><time datetime=\"2026-01-27T07:30:21+02:00\">27 janvier 2026<\/time><\/div><\/div><\/div><\/div>\n\t\t\t\t\t\t<\/div><!-- .dpt-entry -->\n\t\t\t\t\t\t\t\t\t\t\t\t<div class=\"dpt-entry has-thumbnail\" data-title=\"rencontre de taiz\u00e9 \u00e0 chatenay-malabry\" data-id=\"6192\"  data-category=\"association\">\n\t\t\t\t\t\t\t<div class=\"dpt-entry-wrapper\"><div class=\" dpt-featured-content\"><div class=\" dpt-permalink\"><a href=\"https:\/\/paroisses-chatenay.fr\/stebathilde\/rencontre-de-taize-a-chatenay-malabry\/\" class=\"dpt-permalink\"><span class=\"screen-reader-text\">Rencontre de Taiz\u00e9 \u00e0 Chatenay-Malabry<\/span><\/a><\/div><div class=\" dpt-thumbnail\"><div class=\"dpt-thumbnail-inner\"><img width=\"414\" height=\"233\" class=\"attachment-full size-full\" alt=\"\" context=\"dpt\" data-dpt-src=\"https:\/\/paroisses-chatenay.fr\/stebathilde\/wp-content\/uploads\/2026\/01\/IMG_20260111_191417_5.jpg\" data-dpt-sizes=\"(max-width: 414px) 100vw, 414px\" data-dpt-srcset=\"https:\/\/paroisses-chatenay.fr\/stebathilde\/wp-content\/uploads\/2026\/01\/IMG_20260111_191417_5.jpg 414w, https:\/\/paroisses-chatenay.fr\/stebathilde\/wp-content\/uploads\/2026\/01\/IMG_20260111_191417_5-300x169.jpg 300w, https:\/\/paroisses-chatenay.fr\/stebathilde\/wp-content\/uploads\/2026\/01\/IMG_20260111_191417_5-24x14.jpg 24w, https:\/\/paroisses-chatenay.fr\/stebathilde\/wp-content\/uploads\/2026\/01\/IMG_20260111_191417_5-36x20.jpg 36w, https:\/\/paroisses-chatenay.fr\/stebathilde\/wp-content\/uploads\/2026\/01\/IMG_20260111_191417_5-48x27.jpg 48w, https:\/\/paroisses-chatenay.fr\/stebathilde\/wp-content\/uploads\/2026\/01\/IMG_20260111_191417_5-400x225.jpg 400w\" \/><\/div><span class=\"dpt-thumbnail-aspect-ratio\" style=\"padding-top: 56%\"><\/span><\/div><\/div><div class=\" sub-entry\"><h3 class=\" dpt-title\"><a class=\"dpt-title-link\" href=\"https:\/\/paroisses-chatenay.fr\/stebathilde\/rencontre-de-taize-a-chatenay-malabry\/\" rel=\"bookmark\">Rencontre de Taiz\u00e9 \u00e0 Chatenay-Malabry<\/a><\/h3><div class=\"dpt-meta1 dpt-meta\"><div class=\" dpt-date\"><time datetime=\"2026-01-15T12:08:44+02:00\">15 janvier 2026<\/time><\/div><\/div><\/div><\/div>\n\t\t\t\t\t\t<\/div><!-- .dpt-entry -->\n\t\t\t\t\t\t\t\t\t\t\t\t<div class=\"dpt-entry has-thumbnail\" data-title=\"foi et vie des chr\u00c9tiens de terre saintequelle esp\u00e9rance\u00a0?\u00a0\" data-id=\"6185\"  data-category=\"une fleur pour la palestine\">\n\t\t\t\t\t\t\t<div class=\"dpt-entry-wrapper\"><div class=\" dpt-featured-content\"><div class=\" dpt-permalink\"><a href=\"https:\/\/paroisses-chatenay.fr\/stebathilde\/foi-et-vie-des-chretiens-de-terre-saintequelle-esperance\/\" class=\"dpt-permalink\"><span class=\"screen-reader-text\">FOI et VIE des CHR\u00c9TIENS de Terre SainteQuelle esp\u00e9rance\u00a0?\u00a0<\/span><\/a><\/div><div class=\" dpt-thumbnail\"><div class=\"dpt-thumbnail-inner\"><img width=\"1024\" height=\"1536\" class=\"attachment-full size-full\" alt=\"\" context=\"dpt\" data-dpt-src=\"https:\/\/paroisses-chatenay.fr\/stebathilde\/wp-content\/uploads\/2026\/01\/BB-Abouna-Bashar-Fawadleh.-cour-decole.png\" data-dpt-sizes=\"(max-width: 1024px) 100vw, 1024px\" data-dpt-srcset=\"https:\/\/paroisses-chatenay.fr\/stebathilde\/wp-content\/uploads\/2026\/01\/BB-Abouna-Bashar-Fawadleh.-cour-decole.png 1024w, https:\/\/paroisses-chatenay.fr\/stebathilde\/wp-content\/uploads\/2026\/01\/BB-Abouna-Bashar-Fawadleh.-cour-decole-200x300.png 200w, https:\/\/paroisses-chatenay.fr\/stebathilde\/wp-content\/uploads\/2026\/01\/BB-Abouna-Bashar-Fawadleh.-cour-decole-800x1200.png 800w, https:\/\/paroisses-chatenay.fr\/stebathilde\/wp-content\/uploads\/2026\/01\/BB-Abouna-Bashar-Fawadleh.-cour-decole-768x1152.png 768w, https:\/\/paroisses-chatenay.fr\/stebathilde\/wp-content\/uploads\/2026\/01\/BB-Abouna-Bashar-Fawadleh.-cour-decole-600x900.png 600w, https:\/\/paroisses-chatenay.fr\/stebathilde\/wp-content\/uploads\/2026\/01\/BB-Abouna-Bashar-Fawadleh.-cour-decole-16x24.png 16w, https:\/\/paroisses-chatenay.fr\/stebathilde\/wp-content\/uploads\/2026\/01\/BB-Abouna-Bashar-Fawadleh.-cour-decole-24x36.png 24w, https:\/\/paroisses-chatenay.fr\/stebathilde\/wp-content\/uploads\/2026\/01\/BB-Abouna-Bashar-Fawadleh.-cour-decole-32x48.png 32w, https:\/\/paroisses-chatenay.fr\/stebathilde\/wp-content\/uploads\/2026\/01\/BB-Abouna-Bashar-Fawadleh.-cour-decole-400x600.png 400w\" \/><\/div><span class=\"dpt-thumbnail-aspect-ratio\" style=\"padding-top: 150%\"><\/span><\/div><\/div><div class=\" sub-entry\"><h3 class=\" dpt-title\"><a class=\"dpt-title-link\" href=\"https:\/\/paroisses-chatenay.fr\/stebathilde\/foi-et-vie-des-chretiens-de-terre-saintequelle-esperance\/\" rel=\"bookmark\">FOI et VIE des CHR\u00c9TIENS de Terre SainteQuelle esp\u00e9rance\u00a0?\u00a0<\/a><\/h3><div class=\"dpt-meta1 dpt-meta\"><div class=\" dpt-date\"><time datetime=\"2026-01-12T20:52:01+02:00\">12 janvier 2026<\/time><\/div><\/div><\/div><\/div>\n\t\t\t\t\t\t<\/div><!-- .dpt-entry -->\n\t\t\t\t\t\t\t\t\t\t\t\t<div class=\"dpt-entry has-thumbnail\" data-title=\"vivre \u00e0 zababdeh, hier&#8230; aujourd\u2019hui &#8230;\" data-id=\"6085\"  data-category=\"association une fleur pour la palestine\">\n\t\t\t\t\t\t\t<div class=\"dpt-entry-wrapper\"><div class=\" dpt-featured-content\"><div class=\" dpt-permalink\"><a href=\"https:\/\/paroisses-chatenay.fr\/stebathilde\/vivre-a-zababdeh-au-nord-de-la-cisjordanie\/\" class=\"dpt-permalink\"><span class=\"screen-reader-text\">Vivre \u00e0 Zababdeh, hier&#8230; aujourd\u2019hui &#8230;<\/span><\/a><\/div><div class=\" dpt-thumbnail\"><div class=\"dpt-thumbnail-inner\"><img width=\"2445\" height=\"1609\" class=\"attachment-full size-full\" alt=\"\" context=\"dpt\" data-dpt-src=\"https:\/\/paroisses-chatenay.fr\/stebathilde\/wp-content\/uploads\/2025\/10\/Zababdeh.jpg\" data-dpt-sizes=\"(max-width: 2445px) 100vw, 2445px\" data-dpt-srcset=\"https:\/\/paroisses-chatenay.fr\/stebathilde\/wp-content\/uploads\/2025\/10\/Zababdeh.jpg 2445w, https:\/\/paroisses-chatenay.fr\/stebathilde\/wp-content\/uploads\/2025\/10\/Zababdeh-300x197.jpg 300w, https:\/\/paroisses-chatenay.fr\/stebathilde\/wp-content\/uploads\/2025\/10\/Zababdeh-1200x790.jpg 1200w, https:\/\/paroisses-chatenay.fr\/stebathilde\/wp-content\/uploads\/2025\/10\/Zababdeh-768x505.jpg 768w, https:\/\/paroisses-chatenay.fr\/stebathilde\/wp-content\/uploads\/2025\/10\/Zababdeh-1536x1011.jpg 1536w, https:\/\/paroisses-chatenay.fr\/stebathilde\/wp-content\/uploads\/2025\/10\/Zababdeh-2048x1348.jpg 2048w, https:\/\/paroisses-chatenay.fr\/stebathilde\/wp-content\/uploads\/2025\/10\/Zababdeh-24x16.jpg 24w, https:\/\/paroisses-chatenay.fr\/stebathilde\/wp-content\/uploads\/2025\/10\/Zababdeh-36x24.jpg 36w, https:\/\/paroisses-chatenay.fr\/stebathilde\/wp-content\/uploads\/2025\/10\/Zababdeh-48x32.jpg 48w, https:\/\/paroisses-chatenay.fr\/stebathilde\/wp-content\/uploads\/2025\/10\/Zababdeh-1320x869.jpg 1320w, https:\/\/paroisses-chatenay.fr\/stebathilde\/wp-content\/uploads\/2025\/10\/Zababdeh-400x263.jpg 400w\" \/><\/div><span class=\"dpt-thumbnail-aspect-ratio\" style=\"padding-top: 66%\"><\/span><\/div><\/div><div class=\" sub-entry\"><h3 class=\" dpt-title\"><a class=\"dpt-title-link\" href=\"https:\/\/paroisses-chatenay.fr\/stebathilde\/vivre-a-zababdeh-au-nord-de-la-cisjordanie\/\" rel=\"bookmark\">Vivre \u00e0 Zababdeh, hier&#8230; aujourd\u2019hui &#8230;<\/a><\/h3><div class=\"dpt-meta1 dpt-meta\"><div class=\" dpt-date\"><time datetime=\"2025-10-15T12:40:37+02:00\">15 octobre 2025<\/time><\/div><\/div><\/div><\/div>\n\t\t\t\t\t\t<\/div><!-- .dpt-entry -->\n\t\t\t\t\t\t\t\t\t\t\t\t<div class=\"dpt-entry has-thumbnail\" data-title=\"communication de la conf\u00e9rence des \u00c9v\u00eaques de france\" data-id=\"6099\"  data-category=\"uncategorized\">\n\t\t\t\t\t\t\t<div class=\"dpt-entry-wrapper\"><div class=\" dpt-featured-content\"><div class=\" dpt-permalink\"><a href=\"https:\/\/paroisses-chatenay.fr\/stebathilde\/communication-de-la-conference-des-eveques-de-france\/\" class=\"dpt-permalink\"><span class=\"screen-reader-text\">Communication de la Conf\u00e9rence des \u00c9v\u00eaques de France<\/span><\/a><\/div><div class=\" dpt-thumbnail\"><div class=\"dpt-thumbnail-inner\"><img width=\"902\" height=\"407\" class=\"attachment-full size-full\" alt=\"\" context=\"dpt\" data-dpt-src=\"https:\/\/paroisses-chatenay.fr\/stebathilde\/wp-content\/uploads\/2025\/05\/CEF1.jpg\" data-dpt-sizes=\"(max-width: 902px) 100vw, 902px\" data-dpt-srcset=\"https:\/\/paroisses-chatenay.fr\/stebathilde\/wp-content\/uploads\/2025\/05\/CEF1.jpg 902w, https:\/\/paroisses-chatenay.fr\/stebathilde\/wp-content\/uploads\/2025\/05\/CEF1-300x135.jpg 300w, https:\/\/paroisses-chatenay.fr\/stebathilde\/wp-content\/uploads\/2025\/05\/CEF1-768x347.jpg 768w, https:\/\/paroisses-chatenay.fr\/stebathilde\/wp-content\/uploads\/2025\/05\/CEF1-24x11.jpg 24w, https:\/\/paroisses-chatenay.fr\/stebathilde\/wp-content\/uploads\/2025\/05\/CEF1-36x16.jpg 36w, https:\/\/paroisses-chatenay.fr\/stebathilde\/wp-content\/uploads\/2025\/05\/CEF1-48x22.jpg 48w, https:\/\/paroisses-chatenay.fr\/stebathilde\/wp-content\/uploads\/2025\/05\/CEF1-400x180.jpg 400w\" \/><\/div><span class=\"dpt-thumbnail-aspect-ratio\" style=\"padding-top: 45%\"><\/span><\/div><\/div><div class=\" sub-entry\"><h3 class=\" dpt-title\"><a class=\"dpt-title-link\" href=\"https:\/\/paroisses-chatenay.fr\/stebathilde\/communication-de-la-conference-des-eveques-de-france\/\" rel=\"bookmark\">Communication de la Conf\u00e9rence des \u00c9v\u00eaques de France<\/a><\/h3><div class=\"dpt-meta1 dpt-meta\"><div class=\" dpt-date\"><time datetime=\"2025-10-11T16:42:21+02:00\">11 octobre 2025<\/time><\/div><\/div><\/div><\/div>\n\t\t\t\t\t\t<\/div><!-- .dpt-entry -->\n\t\t\t\t\t\t\t\t\t\t\t\t<div class=\"dpt-entry has-thumbnail\" data-title=\"quiz de la messe de rentr\u00c9e du 21 septembre\" data-id=\"6095\"  data-category=\"uncategorized\">\n\t\t\t\t\t\t\t<div class=\"dpt-entry-wrapper\"><div class=\" dpt-featured-content\"><div class=\" dpt-permalink\"><a href=\"https:\/\/paroisses-chatenay.fr\/stebathilde\/quiz-de-la-messe-de-rentree-du-21-septembre\/\" class=\"dpt-permalink\"><span class=\"screen-reader-text\">QUIZ DE LA MESSE DE RENTR\u00c9E DU 21 SEPTEMBRE<\/span><\/a><\/div><div class=\" dpt-thumbnail\"><div class=\"dpt-thumbnail-inner\"><img width=\"998\" height=\"589\" class=\"attachment-full size-full\" alt=\"\" context=\"dpt\" data-dpt-src=\"https:\/\/paroisses-chatenay.fr\/stebathilde\/wp-content\/uploads\/2025\/09\/Quizz.jpg\" data-dpt-sizes=\"(max-width: 998px) 100vw, 998px\" data-dpt-srcset=\"https:\/\/paroisses-chatenay.fr\/stebathilde\/wp-content\/uploads\/2025\/09\/Quizz.jpg 998w, https:\/\/paroisses-chatenay.fr\/stebathilde\/wp-content\/uploads\/2025\/09\/Quizz-300x177.jpg 300w, https:\/\/paroisses-chatenay.fr\/stebathilde\/wp-content\/uploads\/2025\/09\/Quizz-768x453.jpg 768w, https:\/\/paroisses-chatenay.fr\/stebathilde\/wp-content\/uploads\/2025\/09\/Quizz-24x14.jpg 24w, https:\/\/paroisses-chatenay.fr\/stebathilde\/wp-content\/uploads\/2025\/09\/Quizz-36x21.jpg 36w, https:\/\/paroisses-chatenay.fr\/stebathilde\/wp-content\/uploads\/2025\/09\/Quizz-48x28.jpg 48w, https:\/\/paroisses-chatenay.fr\/stebathilde\/wp-content\/uploads\/2025\/09\/Quizz-400x236.jpg 400w\" \/><\/div><span class=\"dpt-thumbnail-aspect-ratio\" style=\"padding-top: 59%\"><\/span><\/div><\/div><div class=\" sub-entry\"><h3 class=\" dpt-title\"><a class=\"dpt-title-link\" href=\"https:\/\/paroisses-chatenay.fr\/stebathilde\/quiz-de-la-messe-de-rentree-du-21-septembre\/\" rel=\"bookmark\">QUIZ DE LA MESSE DE RENTR\u00c9E DU 21 SEPTEMBRE<\/a><\/h3><div class=\"dpt-meta1 dpt-meta\"><div class=\" dpt-date\"><time datetime=\"2025-10-10T18:10:36+02:00\">10 octobre 2025<\/time><\/div><\/div><\/div><\/div>\n\t\t\t\t\t\t<\/div><!-- .dpt-entry -->\n\t\t\t\t\t\t\t\t\t\t\t\t<div class=\"dpt-entry has-thumbnail\" data-title=\"conf\u00e9rence \u00e0 ste bathilde : isra\u00ebl palestine, quel avenir ?\" data-id=\"5489\"  data-category=\"uncategorized\">\n\t\t\t\t\t\t\t<div class=\"dpt-entry-wrapper\"><div class=\" dpt-featured-content\"><div class=\" dpt-permalink\"><a href=\"https:\/\/paroisses-chatenay.fr\/stebathilde\/israel-palestine-quel-avenir\/\" class=\"dpt-permalink\"><span class=\"screen-reader-text\">Conf\u00e9rence \u00e0 Ste Bathilde : Isra\u00ebl Palestine, quel avenir ?<\/span><\/a><\/div><div class=\" dpt-thumbnail\"><div class=\"dpt-thumbnail-inner\"><img width=\"683\" height=\"827\" class=\"attachment-full size-full\" alt=\"\" context=\"dpt\" data-dpt-src=\"https:\/\/paroisses-chatenay.fr\/stebathilde\/wp-content\/uploads\/2024\/04\/Israel_Palestine.jpg\" data-dpt-sizes=\"(max-width: 683px) 100vw, 683px\" data-dpt-srcset=\"https:\/\/paroisses-chatenay.fr\/stebathilde\/wp-content\/uploads\/2024\/04\/Israel_Palestine.jpg 683w, https:\/\/paroisses-chatenay.fr\/stebathilde\/wp-content\/uploads\/2024\/04\/Israel_Palestine-248x300.jpg 248w, https:\/\/paroisses-chatenay.fr\/stebathilde\/wp-content\/uploads\/2024\/04\/Israel_Palestine-20x24.jpg 20w, https:\/\/paroisses-chatenay.fr\/stebathilde\/wp-content\/uploads\/2024\/04\/Israel_Palestine-30x36.jpg 30w, https:\/\/paroisses-chatenay.fr\/stebathilde\/wp-content\/uploads\/2024\/04\/Israel_Palestine-40x48.jpg 40w, https:\/\/paroisses-chatenay.fr\/stebathilde\/wp-content\/uploads\/2024\/04\/Israel_Palestine-400x484.jpg 400w\" \/><\/div><span class=\"dpt-thumbnail-aspect-ratio\" style=\"padding-top: 121%\"><\/span><\/div><\/div><div class=\" sub-entry\"><h3 class=\" dpt-title\"><a class=\"dpt-title-link\" href=\"https:\/\/paroisses-chatenay.fr\/stebathilde\/israel-palestine-quel-avenir\/\" rel=\"bookmark\">Conf\u00e9rence \u00e0 Ste Bathilde : Isra\u00ebl Palestine, quel avenir ?<\/a><\/h3><div class=\"dpt-meta1 dpt-meta\"><div class=\" dpt-date\"><time datetime=\"2024-04-08T21:45:51+02:00\">8 avril 2024<\/time><\/div><\/div><\/div><\/div>\n\t\t\t\t\t\t<\/div><!-- .dpt-entry -->\n\t\t\t\t\t\t\t\t\t\t\t\t<div class=\"dpt-entry has-thumbnail\" data-title=\"\u00a0arr\u00eate de perdre ton temps sur les \u00e9crans\u00a0\" data-id=\"5015\"  data-category=\"gaic\">\n\t\t\t\t\t\t\t<div class=\"dpt-entry-wrapper\"><div class=\" dpt-featured-content\"><div class=\" dpt-permalink\"><a href=\"https:\/\/paroisses-chatenay.fr\/stebathilde\/arrete-de-perdre-ton-temps-sur-les-ecrans\/\" class=\"dpt-permalink\"><span class=\"screen-reader-text\">\u00a0Arr\u00eate de perdre ton temps sur les \u00e9crans\u00a0<\/span><\/a><\/div><div class=\" dpt-thumbnail\"><div class=\"dpt-thumbnail-inner\"><img width=\"394\" height=\"295\" class=\"attachment-full size-full\" alt=\"\" context=\"dpt\" data-dpt-src=\"https:\/\/paroisses-chatenay.fr\/stebathilde\/wp-content\/uploads\/2023\/11\/231102-Addiction-aux-ecrans2.jpg\" data-dpt-sizes=\"(max-width: 394px) 100vw, 394px\" data-dpt-srcset=\"https:\/\/paroisses-chatenay.fr\/stebathilde\/wp-content\/uploads\/2023\/11\/231102-Addiction-aux-ecrans2.jpg 394w, https:\/\/paroisses-chatenay.fr\/stebathilde\/wp-content\/uploads\/2023\/11\/231102-Addiction-aux-ecrans2-300x225.jpg 300w, https:\/\/paroisses-chatenay.fr\/stebathilde\/wp-content\/uploads\/2023\/11\/231102-Addiction-aux-ecrans2-24x18.jpg 24w, https:\/\/paroisses-chatenay.fr\/stebathilde\/wp-content\/uploads\/2023\/11\/231102-Addiction-aux-ecrans2-36x27.jpg 36w, https:\/\/paroisses-chatenay.fr\/stebathilde\/wp-content\/uploads\/2023\/11\/231102-Addiction-aux-ecrans2-48x36.jpg 48w\" \/><\/div><span class=\"dpt-thumbnail-aspect-ratio\" style=\"padding-top: 75%\"><\/span><\/div><\/div><div class=\" sub-entry\"><h3 class=\" dpt-title\"><a class=\"dpt-title-link\" href=\"https:\/\/paroisses-chatenay.fr\/stebathilde\/arrete-de-perdre-ton-temps-sur-les-ecrans\/\" rel=\"bookmark\">\u00a0Arr\u00eate de perdre ton temps sur les \u00e9crans\u00a0<\/a><\/h3><div class=\"dpt-meta1 dpt-meta\"><div class=\" dpt-date\"><time datetime=\"2023-11-11T15:08:58+02:00\">11 novembre 2023<\/time><\/div><\/div><\/div><\/div>\n\t\t\t\t\t\t<\/div><!-- .dpt-entry -->\n\t\t\t\t\t\t\t\t\t\t\t\t<div class=\"dpt-entry has-thumbnail\" data-title=\"prier avec les chr\u00e9tiens palestiniens\" data-id=\"4950\"  data-category=\"association une fleur pour la palestine\">\n\t\t\t\t\t\t\t<div class=\"dpt-entry-wrapper\"><div class=\" dpt-featured-content\"><div class=\" dpt-permalink\"><a href=\"https:\/\/paroisses-chatenay.fr\/stebathilde\/prier-avec-les-chretiens-palestiniens\/\" class=\"dpt-permalink\"><span class=\"screen-reader-text\">Prier avec les chr\u00e9tiens palestiniens<\/span><\/a><\/div><div class=\" dpt-thumbnail\"><div class=\"dpt-thumbnail-inner\"><img width=\"800\" height=\"777\" class=\"attachment-full size-full\" alt=\"\" context=\"dpt\" data-dpt-src=\"https:\/\/paroisses-chatenay.fr\/stebathilde\/wp-content\/uploads\/2023\/10\/colombe-de-la-paix-3-.png\" data-dpt-sizes=\"(max-width: 800px) 100vw, 800px\" data-dpt-srcset=\"https:\/\/paroisses-chatenay.fr\/stebathilde\/wp-content\/uploads\/2023\/10\/colombe-de-la-paix-3-.png 800w, https:\/\/paroisses-chatenay.fr\/stebathilde\/wp-content\/uploads\/2023\/10\/colombe-de-la-paix-3--300x291.png 300w, https:\/\/paroisses-chatenay.fr\/stebathilde\/wp-content\/uploads\/2023\/10\/colombe-de-la-paix-3--768x746.png 768w, https:\/\/paroisses-chatenay.fr\/stebathilde\/wp-content\/uploads\/2023\/10\/colombe-de-la-paix-3--24x24.png 24w, https:\/\/paroisses-chatenay.fr\/stebathilde\/wp-content\/uploads\/2023\/10\/colombe-de-la-paix-3--36x36.png 36w, https:\/\/paroisses-chatenay.fr\/stebathilde\/wp-content\/uploads\/2023\/10\/colombe-de-la-paix-3--48x48.png 48w, https:\/\/paroisses-chatenay.fr\/stebathilde\/wp-content\/uploads\/2023\/10\/colombe-de-la-paix-3--400x389.png 400w\" \/><\/div><span class=\"dpt-thumbnail-aspect-ratio\" style=\"padding-top: 97%\"><\/span><\/div><\/div><div class=\" sub-entry\"><h3 class=\" dpt-title\"><a class=\"dpt-title-link\" href=\"https:\/\/paroisses-chatenay.fr\/stebathilde\/prier-avec-les-chretiens-palestiniens\/\" rel=\"bookmark\">Prier avec les chr\u00e9tiens palestiniens<\/a><\/h3><div class=\"dpt-meta1 dpt-meta\"><div class=\" dpt-date\"><time datetime=\"2023-10-26T12:41:09+02:00\">26 octobre 2023<\/time><\/div><\/div><\/div><\/div>\n\t\t\t\t\t\t<\/div><!-- .dpt-entry -->\n\t\t\t\t\t\t\t\t\t\t\t\t<div class=\"dpt-entry has-thumbnail\" data-title=\"habitat &#038; humanisme\" data-id=\"3076\"  data-category=\"association\">\n\t\t\t\t\t\t\t<div class=\"dpt-entry-wrapper\"><div class=\" dpt-featured-content\"><div class=\" dpt-permalink\"><a href=\"https:\/\/paroisses-chatenay.fr\/stebathilde\/habitat-humanisme2\/\" class=\"dpt-permalink\"><span class=\"screen-reader-text\">Habitat &#038; Humanisme<\/span><\/a><\/div><div class=\" dpt-thumbnail\"><div class=\"dpt-thumbnail-inner\"><img width=\"597\" height=\"194\" class=\"attachment-full size-full\" alt=\"\" context=\"dpt\" data-dpt-src=\"https:\/\/paroisses-chatenay.fr\/stebathilde\/wp-content\/uploads\/2021\/05\/HabitatHumanisme.png\" data-dpt-sizes=\"(max-width: 597px) 100vw, 597px\" data-dpt-srcset=\"https:\/\/paroisses-chatenay.fr\/stebathilde\/wp-content\/uploads\/2021\/05\/HabitatHumanisme.png 597w, https:\/\/paroisses-chatenay.fr\/stebathilde\/wp-content\/uploads\/2021\/05\/HabitatHumanisme-300x97.png 300w\" \/><\/div><span class=\"dpt-thumbnail-aspect-ratio\" style=\"padding-top: 32%\"><\/span><\/div><\/div><div class=\" sub-entry\"><h3 class=\" dpt-title\"><a class=\"dpt-title-link\" href=\"https:\/\/paroisses-chatenay.fr\/stebathilde\/habitat-humanisme2\/\" rel=\"bookmark\">Habitat &#038; Humanisme<\/a><\/h3><div class=\"dpt-meta1 dpt-meta\"><div class=\" dpt-date\"><time datetime=\"2023-10-05T17:46:39+02:00\">5 octobre 2023<\/time><\/div><\/div><\/div><\/div>\n\t\t\t\t\t\t<\/div><!-- .dpt-entry -->\n\t\t\t\t\t\t\t\t\t\t\t\t<div class=\"dpt-entry has-thumbnail\" data-title=\"chr\u00e9tiens ensemble\" data-id=\"2541\"  data-category=\"association\">\n\t\t\t\t\t\t\t<div class=\"dpt-entry-wrapper\"><div class=\" dpt-featured-content\"><div class=\" dpt-permalink\"><a href=\"https:\/\/paroisses-chatenay.fr\/stebathilde\/chretiens-ensemble\/\" class=\"dpt-permalink\"><span class=\"screen-reader-text\">Chr\u00e9tiens Ensemble<\/span><\/a><\/div><div class=\" dpt-thumbnail\"><div class=\"dpt-thumbnail-inner\"><img width=\"184\" height=\"198\" class=\"attachment-full size-full\" alt=\"\" context=\"dpt\" data-dpt-src=\"https:\/\/paroisses-chatenay.fr\/stebathilde\/wp-content\/uploads\/2021\/11\/Chretiens-Ensemble2.png\" data-dpt-sizes=\"(max-width: 184px) 100vw, 184px\" data-dpt-srcset=\"https:\/\/paroisses-chatenay.fr\/stebathilde\/wp-content\/uploads\/2021\/11\/Chretiens-Ensemble2.png 184w, https:\/\/paroisses-chatenay.fr\/stebathilde\/wp-content\/uploads\/2021\/11\/Chretiens-Ensemble2-22x24.png 22w, https:\/\/paroisses-chatenay.fr\/stebathilde\/wp-content\/uploads\/2021\/11\/Chretiens-Ensemble2-33x36.png 33w, https:\/\/paroisses-chatenay.fr\/stebathilde\/wp-content\/uploads\/2021\/11\/Chretiens-Ensemble2-45x48.png 45w\" \/><\/div><span class=\"dpt-thumbnail-aspect-ratio\" style=\"padding-top: 108%\"><\/span><\/div><\/div><div class=\" sub-entry\"><h3 class=\" dpt-title\"><a class=\"dpt-title-link\" href=\"https:\/\/paroisses-chatenay.fr\/stebathilde\/chretiens-ensemble\/\" rel=\"bookmark\">Chr\u00e9tiens Ensemble<\/a><\/h3><div class=\"dpt-meta1 dpt-meta\"><div class=\" dpt-date\"><time datetime=\"2023-05-21T09:55:07+02:00\">21 mai 2023<\/time><\/div><\/div><\/div><\/div>\n\t\t\t\t\t\t<\/div><!-- .dpt-entry -->\n\t\t\t\t\t\t\t\t\t\t\t\t<div class=\"dpt-entry has-thumbnail\" data-title=\"appel aux dons pour garrots\" data-id=\"4634\"  data-category=\"annonce association\">\n\t\t\t\t\t\t\t<div class=\"dpt-entry-wrapper\"><div class=\" dpt-featured-content\"><div class=\" dpt-permalink\"><a href=\"https:\/\/paroisses-chatenay.fr\/stebathilde\/appel-aux-dons-pour-garrots\/\" class=\"dpt-permalink\"><span class=\"screen-reader-text\">Appel aux dons pour garrots<\/span><\/a><\/div><div class=\" dpt-thumbnail\"><div class=\"dpt-thumbnail-inner\"><img width=\"1393\" height=\"786\" class=\"attachment-full size-full\" alt=\"\" context=\"dpt\" data-dpt-src=\"https:\/\/paroisses-chatenay.fr\/stebathilde\/wp-content\/uploads\/2023\/05\/AnnedeKiev.jpg\" data-dpt-sizes=\"(max-width: 1393px) 100vw, 1393px\" data-dpt-srcset=\"https:\/\/paroisses-chatenay.fr\/stebathilde\/wp-content\/uploads\/2023\/05\/AnnedeKiev.jpg 1393w, https:\/\/paroisses-chatenay.fr\/stebathilde\/wp-content\/uploads\/2023\/05\/AnnedeKiev-300x169.jpg 300w, https:\/\/paroisses-chatenay.fr\/stebathilde\/wp-content\/uploads\/2023\/05\/AnnedeKiev-1200x677.jpg 1200w, https:\/\/paroisses-chatenay.fr\/stebathilde\/wp-content\/uploads\/2023\/05\/AnnedeKiev-768x433.jpg 768w, https:\/\/paroisses-chatenay.fr\/stebathilde\/wp-content\/uploads\/2023\/05\/AnnedeKiev-1320x745.jpg 1320w, https:\/\/paroisses-chatenay.fr\/stebathilde\/wp-content\/uploads\/2023\/05\/AnnedeKiev-24x14.jpg 24w, https:\/\/paroisses-chatenay.fr\/stebathilde\/wp-content\/uploads\/2023\/05\/AnnedeKiev-36x20.jpg 36w, https:\/\/paroisses-chatenay.fr\/stebathilde\/wp-content\/uploads\/2023\/05\/AnnedeKiev-48x27.jpg 48w, https:\/\/paroisses-chatenay.fr\/stebathilde\/wp-content\/uploads\/2023\/05\/AnnedeKiev-400x226.jpg 400w\" \/><\/div><span class=\"dpt-thumbnail-aspect-ratio\" style=\"padding-top: 56%\"><\/span><\/div><\/div><div class=\" sub-entry\"><h3 class=\" dpt-title\"><a class=\"dpt-title-link\" href=\"https:\/\/paroisses-chatenay.fr\/stebathilde\/appel-aux-dons-pour-garrots\/\" rel=\"bookmark\">Appel aux dons pour garrots<\/a><\/h3><div class=\"dpt-meta1 dpt-meta\"><div class=\" dpt-date\"><time datetime=\"2023-05-09T13:19:16+02:00\">9 mai 2023<\/time><\/div><\/div><\/div><\/div>\n\t\t\t\t\t\t<\/div><!-- .dpt-entry -->\n\t\t\t\t\t\t\t\t\t\t\t\t<div class=\"dpt-entry has-thumbnail\" data-title=\"la quinzaine du commerce \u00e9quitable !\" data-id=\"4606\"  data-category=\"association ccfd\">\n\t\t\t\t\t\t\t<div class=\"dpt-entry-wrapper\"><div class=\" dpt-featured-content\"><div class=\" dpt-permalink\"><a href=\"https:\/\/paroisses-chatenay.fr\/stebathilde\/la-quinzaine-du-commerce-equitable\/\" class=\"dpt-permalink\"><span class=\"screen-reader-text\">La quinzaine du commerce \u00e9quitable !<\/span><\/a><\/div><div class=\" dpt-thumbnail\"><div class=\"dpt-thumbnail-inner\"><img width=\"402\" height=\"207\" class=\"attachment-full size-full\" alt=\"\" context=\"dpt\" data-dpt-src=\"https:\/\/paroisses-chatenay.fr\/stebathilde\/wp-content\/uploads\/2023\/04\/QuinzaineCFDT.jpg\" data-dpt-sizes=\"(max-width: 402px) 100vw, 402px\" data-dpt-srcset=\"https:\/\/paroisses-chatenay.fr\/stebathilde\/wp-content\/uploads\/2023\/04\/QuinzaineCFDT.jpg 402w, https:\/\/paroisses-chatenay.fr\/stebathilde\/wp-content\/uploads\/2023\/04\/QuinzaineCFDT-300x154.jpg 300w, https:\/\/paroisses-chatenay.fr\/stebathilde\/wp-content\/uploads\/2023\/04\/QuinzaineCFDT-24x12.jpg 24w, https:\/\/paroisses-chatenay.fr\/stebathilde\/wp-content\/uploads\/2023\/04\/QuinzaineCFDT-36x19.jpg 36w, https:\/\/paroisses-chatenay.fr\/stebathilde\/wp-content\/uploads\/2023\/04\/QuinzaineCFDT-48x25.jpg 48w, https:\/\/paroisses-chatenay.fr\/stebathilde\/wp-content\/uploads\/2023\/04\/QuinzaineCFDT-400x206.jpg 400w\" \/><\/div><span class=\"dpt-thumbnail-aspect-ratio\" style=\"padding-top: 51%\"><\/span><\/div><\/div><div class=\" sub-entry\"><h3 class=\" dpt-title\"><a class=\"dpt-title-link\" href=\"https:\/\/paroisses-chatenay.fr\/stebathilde\/la-quinzaine-du-commerce-equitable\/\" rel=\"bookmark\">La quinzaine du commerce \u00e9quitable !<\/a><\/h3><div class=\"dpt-meta1 dpt-meta\"><div class=\" dpt-date\"><time datetime=\"2023-04-16T17:32:26+02:00\">16 avril 2023<\/time><\/div><\/div><\/div><\/div>\n\t\t\t\t\t\t<\/div><!-- .dpt-entry -->\n\t\t\t\t\t\t\t\t\t\t\t\t<div class=\"dpt-entry has-thumbnail\" data-title=\"de retour d\u2019ukraine\" data-id=\"4437\"  data-category=\"association\">\n\t\t\t\t\t\t\t<div class=\"dpt-entry-wrapper\"><div class=\" dpt-featured-content\"><div class=\" dpt-permalink\"><a href=\"https:\/\/paroisses-chatenay.fr\/stebathilde\/de-retour-dukraine\/\" class=\"dpt-permalink\"><span class=\"screen-reader-text\">De retour d\u2019Ukraine<\/span><\/a><\/div><div class=\" dpt-thumbnail\"><div class=\"dpt-thumbnail-inner\"><img width=\"939\" height=\"614\" class=\"attachment-full size-full\" alt=\"\" context=\"dpt\" data-dpt-src=\"https:\/\/paroisses-chatenay.fr\/stebathilde\/wp-content\/uploads\/2023\/03\/AnneYeremiyew.jpg\" data-dpt-sizes=\"(max-width: 939px) 100vw, 939px\" data-dpt-srcset=\"https:\/\/paroisses-chatenay.fr\/stebathilde\/wp-content\/uploads\/2023\/03\/AnneYeremiyew.jpg 939w, https:\/\/paroisses-chatenay.fr\/stebathilde\/wp-content\/uploads\/2023\/03\/AnneYeremiyew-300x196.jpg 300w, https:\/\/paroisses-chatenay.fr\/stebathilde\/wp-content\/uploads\/2023\/03\/AnneYeremiyew-768x502.jpg 768w, https:\/\/paroisses-chatenay.fr\/stebathilde\/wp-content\/uploads\/2023\/03\/AnneYeremiyew-870x570.jpg 870w, https:\/\/paroisses-chatenay.fr\/stebathilde\/wp-content\/uploads\/2023\/03\/AnneYeremiyew-24x16.jpg 24w, https:\/\/paroisses-chatenay.fr\/stebathilde\/wp-content\/uploads\/2023\/03\/AnneYeremiyew-36x24.jpg 36w, https:\/\/paroisses-chatenay.fr\/stebathilde\/wp-content\/uploads\/2023\/03\/AnneYeremiyew-48x31.jpg 48w, https:\/\/paroisses-chatenay.fr\/stebathilde\/wp-content\/uploads\/2023\/03\/AnneYeremiyew-400x262.jpg 400w\" \/><\/div><span class=\"dpt-thumbnail-aspect-ratio\" style=\"padding-top: 65%\"><\/span><\/div><\/div><div class=\" sub-entry\"><h3 class=\" dpt-title\"><a class=\"dpt-title-link\" href=\"https:\/\/paroisses-chatenay.fr\/stebathilde\/de-retour-dukraine\/\" rel=\"bookmark\">De retour d\u2019Ukraine<\/a><\/h3><div class=\"dpt-meta1 dpt-meta\"><div class=\" dpt-date\"><time datetime=\"2023-03-18T18:17:36+02:00\">18 mars 2023<\/time><\/div><\/div><\/div><\/div>\n\t\t\t\t\t\t<\/div><!-- .dpt-entry -->\n\t\t\t\t\t\t\t\t\t\t\t\t<div class=\"dpt-entry has-thumbnail\" data-title=\"jmj-lisbonne 2023\" data-id=\"4380\"  data-category=\"annonce\">\n\t\t\t\t\t\t\t<div class=\"dpt-entry-wrapper\"><div class=\" dpt-featured-content\"><div class=\" dpt-permalink\"><a href=\"https:\/\/paroisses-chatenay.fr\/stebathilde\/jmj-lisbonne-2023\/\" class=\"dpt-permalink\"><span class=\"screen-reader-text\">JMJ-Lisbonne 2023<\/span><\/a><\/div><div class=\" dpt-thumbnail\"><div class=\"dpt-thumbnail-inner\"><img width=\"272\" height=\"96\" class=\"attachment-full size-full\" alt=\"\" context=\"dpt\" data-dpt-src=\"https:\/\/paroisses-chatenay.fr\/stebathilde\/wp-content\/uploads\/2023\/03\/JMJ2023.jpg\" data-dpt-sizes=\"(max-width: 272px) 100vw, 272px\" data-dpt-srcset=\"https:\/\/paroisses-chatenay.fr\/stebathilde\/wp-content\/uploads\/2023\/03\/JMJ2023.jpg 272w, https:\/\/paroisses-chatenay.fr\/stebathilde\/wp-content\/uploads\/2023\/03\/JMJ2023-24x8.jpg 24w, https:\/\/paroisses-chatenay.fr\/stebathilde\/wp-content\/uploads\/2023\/03\/JMJ2023-36x13.jpg 36w, https:\/\/paroisses-chatenay.fr\/stebathilde\/wp-content\/uploads\/2023\/03\/JMJ2023-48x17.jpg 48w\" \/><\/div><span class=\"dpt-thumbnail-aspect-ratio\" style=\"padding-top: 35%\"><\/span><\/div><\/div><div class=\" sub-entry\"><h3 class=\" dpt-title\"><a class=\"dpt-title-link\" href=\"https:\/\/paroisses-chatenay.fr\/stebathilde\/jmj-lisbonne-2023\/\" rel=\"bookmark\">JMJ-Lisbonne 2023<\/a><\/h3><div class=\"dpt-meta1 dpt-meta\"><div class=\" dpt-date\"><time datetime=\"2023-03-04T19:14:35+02:00\">4 mars 2023<\/time><\/div><\/div><\/div><\/div>\n\t\t\t\t\t\t<\/div><!-- .dpt-entry -->\n\t\t\t\t\t\t\t\t\t\t\t\t<div class=\"dpt-entry has-thumbnail\" data-title=\"groupe d\u2019amiti\u00e9 islamo-chr\u00e9tienne (gaic)\" data-id=\"3819\"  data-category=\"association gaic\">\n\t\t\t\t\t\t\t<div class=\"dpt-entry-wrapper\"><div class=\" dpt-featured-content\"><div class=\" dpt-permalink\"><a href=\"https:\/\/paroisses-chatenay.fr\/stebathilde\/groupe-damitie-islamo-chretienne-gaic\/\" class=\"dpt-permalink\"><span class=\"screen-reader-text\">Groupe d\u2019Amiti\u00e9 Islamo-Chr\u00e9tienne (GAIC)<\/span><\/a><\/div><div class=\" dpt-thumbnail\"><div class=\"dpt-thumbnail-inner\"><img width=\"159\" height=\"120\" class=\"attachment-full size-full\" alt=\"\" context=\"dpt\" data-dpt-src=\"https:\/\/paroisses-chatenay.fr\/stebathilde\/wp-content\/uploads\/2021\/11\/Logo-GAIC_CM.jpg\" data-dpt-sizes=\"(max-width: 159px) 100vw, 159px\" data-dpt-srcset=\"https:\/\/paroisses-chatenay.fr\/stebathilde\/wp-content\/uploads\/2021\/11\/Logo-GAIC_CM.jpg 159w, https:\/\/paroisses-chatenay.fr\/stebathilde\/wp-content\/uploads\/2021\/11\/Logo-GAIC_CM-24x18.jpg 24w, https:\/\/paroisses-chatenay.fr\/stebathilde\/wp-content\/uploads\/2021\/11\/Logo-GAIC_CM-36x27.jpg 36w, https:\/\/paroisses-chatenay.fr\/stebathilde\/wp-content\/uploads\/2021\/11\/Logo-GAIC_CM-48x36.jpg 48w\" \/><\/div><span class=\"dpt-thumbnail-aspect-ratio\" style=\"padding-top: 75%\"><\/span><\/div><\/div><div class=\" sub-entry\"><h3 class=\" dpt-title\"><a class=\"dpt-title-link\" href=\"https:\/\/paroisses-chatenay.fr\/stebathilde\/groupe-damitie-islamo-chretienne-gaic\/\" rel=\"bookmark\">Groupe d\u2019Amiti\u00e9 Islamo-Chr\u00e9tienne (GAIC)<\/a><\/h3><div class=\"dpt-meta1 dpt-meta\"><div class=\" dpt-date\"><time datetime=\"2023-03-03T21:05:41+02:00\">3 mars 2023<\/time><\/div><\/div><\/div><\/div>\n\t\t\t\t\t\t<\/div><!-- .dpt-entry -->\n\t\t\t\t\t\t\t\t\t\t\t\t<div class=\"dpt-entry has-thumbnail\" data-title=\"semaine de pri\u00e8re pour l&rsquo;unit\u00e9 des chr\u00e9tiens\" data-id=\"4181\"  data-category=\"annonce\">\n\t\t\t\t\t\t\t<div class=\"dpt-entry-wrapper\"><div class=\" dpt-featured-content\"><div class=\" dpt-permalink\"><a href=\"https:\/\/paroisses-chatenay.fr\/stebathilde\/semaine-de-priere-pour-lunite-des-chretiens\/\" class=\"dpt-permalink\"><span class=\"screen-reader-text\">Semaine de pri\u00e8re pour l&rsquo;unit\u00e9 des chr\u00e9tiens<\/span><\/a><\/div><div class=\" dpt-thumbnail\"><div class=\"dpt-thumbnail-inner\"><img width=\"500\" height=\"715\" class=\"attachment-full size-full\" alt=\"\" context=\"dpt\" data-dpt-src=\"https:\/\/paroisses-chatenay.fr\/stebathilde\/wp-content\/uploads\/2023\/01\/SemaineDePriere.jpg\" data-dpt-sizes=\"(max-width: 500px) 100vw, 500px\" data-dpt-srcset=\"https:\/\/paroisses-chatenay.fr\/stebathilde\/wp-content\/uploads\/2023\/01\/SemaineDePriere.jpg 500w, https:\/\/paroisses-chatenay.fr\/stebathilde\/wp-content\/uploads\/2023\/01\/SemaineDePriere-210x300.jpg 210w, https:\/\/paroisses-chatenay.fr\/stebathilde\/wp-content\/uploads\/2023\/01\/SemaineDePriere-17x24.jpg 17w, https:\/\/paroisses-chatenay.fr\/stebathilde\/wp-content\/uploads\/2023\/01\/SemaineDePriere-25x36.jpg 25w, https:\/\/paroisses-chatenay.fr\/stebathilde\/wp-content\/uploads\/2023\/01\/SemaineDePriere-34x48.jpg 34w, https:\/\/paroisses-chatenay.fr\/stebathilde\/wp-content\/uploads\/2023\/01\/SemaineDePriere-400x572.jpg 400w\" \/><\/div><span class=\"dpt-thumbnail-aspect-ratio\" style=\"padding-top: 143%\"><\/span><\/div><\/div><div class=\" sub-entry\"><h3 class=\" dpt-title\"><a class=\"dpt-title-link\" href=\"https:\/\/paroisses-chatenay.fr\/stebathilde\/semaine-de-priere-pour-lunite-des-chretiens\/\" rel=\"bookmark\">Semaine de pri\u00e8re pour l&rsquo;unit\u00e9 des chr\u00e9tiens<\/a><\/h3><div class=\"dpt-meta1 dpt-meta\"><div class=\" dpt-date\"><time datetime=\"2023-01-12T15:30:28+02:00\">12 janvier 2023<\/time><\/div><\/div><\/div><\/div>\n\t\t\t\t\t\t<\/div><!-- .dpt-entry -->\n\t\t\t\t\t\t\t\t\t\t\t\t<div class=\"dpt-entry has-thumbnail\" data-title=\"semaine de pri\u00e8re pour l\u2019unit\u00e9 des chr\u00e9tiens\" data-id=\"4207\"  data-category=\"association\">\n\t\t\t\t\t\t\t<div class=\"dpt-entry-wrapper\"><div class=\" dpt-featured-content\"><div class=\" dpt-permalink\"><a href=\"https:\/\/paroisses-chatenay.fr\/stebathilde\/semaine-de-priere-pour-lunite-des-chretiens-2\/\" class=\"dpt-permalink\"><span class=\"screen-reader-text\">Semaine de pri\u00e8re pour l\u2019unit\u00e9 des chr\u00e9tiens<\/span><\/a><\/div><div class=\" dpt-thumbnail\"><div class=\"dpt-thumbnail-inner\"><img width=\"100\" height=\"93\" class=\"attachment-full size-full\" alt=\"\" context=\"dpt\" data-dpt-src=\"https:\/\/paroisses-chatenay.fr\/stebathilde\/wp-content\/uploads\/2023\/01\/OIKOUMENE.jpg\" data-dpt-sizes=\"(max-width: 100px) 100vw, 100px\" data-dpt-srcset=\"https:\/\/paroisses-chatenay.fr\/stebathilde\/wp-content\/uploads\/2023\/01\/OIKOUMENE.jpg 100w, https:\/\/paroisses-chatenay.fr\/stebathilde\/wp-content\/uploads\/2023\/01\/OIKOUMENE-24x22.jpg 24w, https:\/\/paroisses-chatenay.fr\/stebathilde\/wp-content\/uploads\/2023\/01\/OIKOUMENE-36x33.jpg 36w, https:\/\/paroisses-chatenay.fr\/stebathilde\/wp-content\/uploads\/2023\/01\/OIKOUMENE-48x45.jpg 48w\" \/><\/div><span class=\"dpt-thumbnail-aspect-ratio\" style=\"padding-top: 93%\"><\/span><\/div><\/div><div class=\" sub-entry\"><h3 class=\" dpt-title\"><a class=\"dpt-title-link\" href=\"https:\/\/paroisses-chatenay.fr\/stebathilde\/semaine-de-priere-pour-lunite-des-chretiens-2\/\" rel=\"bookmark\">Semaine de pri\u00e8re pour l\u2019unit\u00e9 des chr\u00e9tiens<\/a><\/h3><div class=\"dpt-meta1 dpt-meta\"><div class=\" dpt-date\"><time datetime=\"2023-01-12T15:23:29+02:00\">12 janvier 2023<\/time><\/div><\/div><\/div><\/div>\n\t\t\t\t\t\t<\/div><!-- .dpt-entry -->\n\t\t\t\t\t\t\t\t\t\t\t\t<div class=\"dpt-entry has-thumbnail\" data-title=\"une fleur pour la palestine\" data-id=\"4196\"  data-category=\"association\">\n\t\t\t\t\t\t\t<div class=\"dpt-entry-wrapper\"><div class=\" dpt-featured-content\"><div class=\" dpt-permalink\"><a href=\"https:\/\/paroisses-chatenay.fr\/stebathilde\/une-fleur-pour-la-palestine2\/\" class=\"dpt-permalink\"><span class=\"screen-reader-text\">Une fleur pour la Palestine<\/span><\/a><\/div><div class=\" dpt-thumbnail\"><div class=\"dpt-thumbnail-inner\"><img width=\"475\" height=\"298\" class=\"attachment-full size-full\" alt=\"\" context=\"dpt\" data-dpt-src=\"https:\/\/paroisses-chatenay.fr\/stebathilde\/wp-content\/uploads\/2023\/01\/UnefleurP.jpg\" data-dpt-sizes=\"(max-width: 475px) 100vw, 475px\" data-dpt-srcset=\"https:\/\/paroisses-chatenay.fr\/stebathilde\/wp-content\/uploads\/2023\/01\/UnefleurP.jpg 475w, https:\/\/paroisses-chatenay.fr\/stebathilde\/wp-content\/uploads\/2023\/01\/UnefleurP-300x188.jpg 300w, https:\/\/paroisses-chatenay.fr\/stebathilde\/wp-content\/uploads\/2023\/01\/UnefleurP-24x15.jpg 24w, https:\/\/paroisses-chatenay.fr\/stebathilde\/wp-content\/uploads\/2023\/01\/UnefleurP-36x23.jpg 36w, https:\/\/paroisses-chatenay.fr\/stebathilde\/wp-content\/uploads\/2023\/01\/UnefleurP-48x30.jpg 48w, https:\/\/paroisses-chatenay.fr\/stebathilde\/wp-content\/uploads\/2023\/01\/UnefleurP-400x251.jpg 400w\" \/><\/div><span class=\"dpt-thumbnail-aspect-ratio\" style=\"padding-top: 63%\"><\/span><\/div><\/div><div class=\" sub-entry\"><h3 class=\" dpt-title\"><a class=\"dpt-title-link\" href=\"https:\/\/paroisses-chatenay.fr\/stebathilde\/une-fleur-pour-la-palestine2\/\" rel=\"bookmark\">Une fleur pour la Palestine<\/a><\/h3><div class=\"dpt-meta1 dpt-meta\"><div class=\" dpt-date\"><time datetime=\"2023-01-12T15:08:54+02:00\">12 janvier 2023<\/time><\/div><\/div><\/div><\/div>\n\t\t\t\t\t\t<\/div><!-- .dpt-entry -->\n\t\t\t\t\t\t\t\t\t\t\t\t<div class=\"dpt-entry has-thumbnail\" data-title=\"secours catholique\" data-id=\"3080\"  data-category=\"association\">\n\t\t\t\t\t\t\t<div class=\"dpt-entry-wrapper\"><div class=\" dpt-featured-content\"><div class=\" dpt-permalink\"><a href=\"https:\/\/paroisses-chatenay.fr\/stebathilde\/secours-catholique2\/\" class=\"dpt-permalink\"><span class=\"screen-reader-text\">Secours Catholique<\/span><\/a><\/div><div class=\" dpt-thumbnail\"><div class=\"dpt-thumbnail-inner\"><img loading=\"lazy\" decoding=\"async\" width=\"200\" height=\"207\" src=\"https:\/\/paroisses-chatenay.fr\/stebathilde\/wp-content\/uploads\/2021\/05\/Logo-Secours-Catholique-Caritas-France.png\" class=\"attachment-full size-full\" alt=\"\" context=\"dpt\" \/><\/div><span class=\"dpt-thumbnail-aspect-ratio\" style=\"padding-top: 104%\"><\/span><\/div><\/div><div class=\" sub-entry\"><h3 class=\" dpt-title\"><a class=\"dpt-title-link\" href=\"https:\/\/paroisses-chatenay.fr\/stebathilde\/secours-catholique2\/\" rel=\"bookmark\">Secours Catholique<\/a><\/h3><div class=\"dpt-meta1 dpt-meta\"><div class=\" dpt-date\"><time datetime=\"2022-11-26T10:51:24+02:00\">26 novembre 2022<\/time><\/div><\/div><\/div><\/div>\n\t\t\t\t\t\t<\/div><!-- .dpt-entry -->\n\t\t\t\t\t\t\t\t\t\t\t\t<div class=\"dpt-entry has-thumbnail\" data-title=\"la solidarit\u00e9, vecteur de r\u00e9silience en palestine\" data-id=\"4004\"  data-category=\"association\">\n\t\t\t\t\t\t\t<div class=\"dpt-entry-wrapper\"><div class=\" dpt-featured-content\"><div class=\" dpt-permalink\"><a href=\"https:\/\/paroisses-chatenay.fr\/stebathilde\/la-solidarite-vecteur-de-resilience-en-palestine\/\" class=\"dpt-permalink\"><span class=\"screen-reader-text\">La solidarit\u00e9, vecteur de r\u00e9silience en Palestine<\/span><\/a><\/div><div class=\" dpt-thumbnail\"><div class=\"dpt-thumbnail-inner\"><img width=\"427\" height=\"276\" class=\"attachment-full size-full\" alt=\"\" context=\"dpt\" data-dpt-src=\"https:\/\/paroisses-chatenay.fr\/stebathilde\/wp-content\/uploads\/2022\/11\/SericGaic.jpg\" data-dpt-sizes=\"(max-width: 427px) 100vw, 427px\" data-dpt-srcset=\"https:\/\/paroisses-chatenay.fr\/stebathilde\/wp-content\/uploads\/2022\/11\/SericGaic.jpg 427w, https:\/\/paroisses-chatenay.fr\/stebathilde\/wp-content\/uploads\/2022\/11\/SericGaic-300x194.jpg 300w, https:\/\/paroisses-chatenay.fr\/stebathilde\/wp-content\/uploads\/2022\/11\/SericGaic-24x16.jpg 24w, https:\/\/paroisses-chatenay.fr\/stebathilde\/wp-content\/uploads\/2022\/11\/SericGaic-36x23.jpg 36w, https:\/\/paroisses-chatenay.fr\/stebathilde\/wp-content\/uploads\/2022\/11\/SericGaic-48x31.jpg 48w, https:\/\/paroisses-chatenay.fr\/stebathilde\/wp-content\/uploads\/2022\/11\/SericGaic-400x259.jpg 400w\" \/><\/div><span class=\"dpt-thumbnail-aspect-ratio\" style=\"padding-top: 65%\"><\/span><\/div><\/div><div class=\" sub-entry\"><h3 class=\" dpt-title\"><a class=\"dpt-title-link\" href=\"https:\/\/paroisses-chatenay.fr\/stebathilde\/la-solidarite-vecteur-de-resilience-en-palestine\/\" rel=\"bookmark\">La solidarit\u00e9, vecteur de r\u00e9silience en Palestine<\/a><\/h3><div class=\"dpt-meta1 dpt-meta\"><div class=\" dpt-date\"><time datetime=\"2022-11-03T18:21:48+02:00\">3 novembre 2022<\/time><\/div><\/div><\/div><\/div>\n\t\t\t\t\t\t<\/div><!-- .dpt-entry -->\n\t\t\t\t\t\t\t\t\t\t\t\t<div class=\"dpt-entry has-thumbnail\" data-title=\"seric 2022 \u00ab t\u00e9moignages d\u2019amiti\u00e9s islamo-chr\u00e9tiennes depuis le moyen-age \u00bb, 20 novembre 2022 \u00e0 chatenay-malabry (92)\" data-id=\"3982\"  data-category=\"annonce gaic\">\n\t\t\t\t\t\t\t<div class=\"dpt-entry-wrapper\"><div class=\" dpt-featured-content\"><div class=\" dpt-permalink\"><a href=\"https:\/\/paroisses-chatenay.fr\/stebathilde\/seric-2022-temoignages-damities-islamo-chretiennes-depuis-le-moyen-age-20-novembre-2022-a-chatenay-malabry-92\/\" class=\"dpt-permalink\"><span class=\"screen-reader-text\">SERIC 2022 \u00ab T\u00e9moignages d\u2019Amiti\u00e9s Islamo-chr\u00e9tiennes depuis le Moyen-Age \u00bb, 20 novembre 2022 \u00e0 CHATENAY-MALABRY (92)<\/span><\/a><\/div><div class=\" dpt-thumbnail\"><div class=\"dpt-thumbnail-inner\"><img width=\"340\" height=\"283\" class=\"attachment-full size-full\" alt=\"\" context=\"dpt\" data-dpt-src=\"https:\/\/paroisses-chatenay.fr\/stebathilde\/wp-content\/uploads\/2022\/10\/GAICNew.jpg\" data-dpt-sizes=\"(max-width: 340px) 100vw, 340px\" data-dpt-srcset=\"https:\/\/paroisses-chatenay.fr\/stebathilde\/wp-content\/uploads\/2022\/10\/GAICNew.jpg 340w, https:\/\/paroisses-chatenay.fr\/stebathilde\/wp-content\/uploads\/2022\/10\/GAICNew-300x250.jpg 300w, https:\/\/paroisses-chatenay.fr\/stebathilde\/wp-content\/uploads\/2022\/10\/GAICNew-24x20.jpg 24w, https:\/\/paroisses-chatenay.fr\/stebathilde\/wp-content\/uploads\/2022\/10\/GAICNew-36x30.jpg 36w, https:\/\/paroisses-chatenay.fr\/stebathilde\/wp-content\/uploads\/2022\/10\/GAICNew-48x40.jpg 48w\" \/><\/div><span class=\"dpt-thumbnail-aspect-ratio\" style=\"padding-top: 83%\"><\/span><\/div><\/div><div class=\" sub-entry\"><h3 class=\" dpt-title\"><a class=\"dpt-title-link\" href=\"https:\/\/paroisses-chatenay.fr\/stebathilde\/seric-2022-temoignages-damities-islamo-chretiennes-depuis-le-moyen-age-20-novembre-2022-a-chatenay-malabry-92\/\" rel=\"bookmark\">SERIC 2022 \u00ab T\u00e9moignages d\u2019Amiti\u00e9s Islamo-chr\u00e9tiennes depuis le Moyen-Age \u00bb, 20 novembre 2022 \u00e0 CHATENAY-MALABRY (92)<\/a><\/h3><div class=\"dpt-meta1 dpt-meta\"><div class=\" dpt-date\"><time datetime=\"2022-10-29T12:49:01+02:00\">29 octobre 2022<\/time><\/div><\/div><\/div><\/div>\n\t\t\t\t\t\t<\/div><!-- .dpt-entry -->\n\t\t\t\t\t\t\t\t\t\t\t\t<div class=\"dpt-entry has-thumbnail\" data-title=\"commission d\u2019\u00c9tudes sur la place des femmes dans l\u2019\u00c9glise &#8211; cepfe\" data-id=\"3957\"  data-category=\"annonce\">\n\t\t\t\t\t\t\t<div class=\"dpt-entry-wrapper\"><div class=\" dpt-featured-content\"><div class=\" dpt-permalink\"><a href=\"https:\/\/paroisses-chatenay.fr\/stebathilde\/commission-detudes-sur-la-place-des-femmes-dans-leglise-cepfe\/\" class=\"dpt-permalink\"><span class=\"screen-reader-text\">Commission d\u2019\u00c9tudes sur la Place des Femmes dans l\u2019\u00c9glise &#8211; CEPFE<\/span><\/a><\/div><div class=\" dpt-thumbnail\"><div class=\"dpt-thumbnail-inner\"><img width=\"222\" height=\"148\" class=\"attachment-full size-full\" alt=\"\" context=\"dpt\" data-dpt-src=\"https:\/\/paroisses-chatenay.fr\/stebathilde\/wp-content\/uploads\/2022\/10\/cepef.jpg\" data-dpt-sizes=\"(max-width: 222px) 100vw, 222px\" data-dpt-srcset=\"https:\/\/paroisses-chatenay.fr\/stebathilde\/wp-content\/uploads\/2022\/10\/cepef.jpg 222w, https:\/\/paroisses-chatenay.fr\/stebathilde\/wp-content\/uploads\/2022\/10\/cepef-24x16.jpg 24w, https:\/\/paroisses-chatenay.fr\/stebathilde\/wp-content\/uploads\/2022\/10\/cepef-36x24.jpg 36w, https:\/\/paroisses-chatenay.fr\/stebathilde\/wp-content\/uploads\/2022\/10\/cepef-48x32.jpg 48w\" \/><\/div><span class=\"dpt-thumbnail-aspect-ratio\" style=\"padding-top: 67%\"><\/span><\/div><\/div><div class=\" sub-entry\"><h3 class=\" dpt-title\"><a class=\"dpt-title-link\" href=\"https:\/\/paroisses-chatenay.fr\/stebathilde\/commission-detudes-sur-la-place-des-femmes-dans-leglise-cepfe\/\" rel=\"bookmark\">Commission d\u2019\u00c9tudes sur la Place des Femmes dans l\u2019\u00c9glise &#8211; CEPFE<\/a><\/h3><div class=\"dpt-meta1 dpt-meta\"><div class=\" dpt-date\"><time datetime=\"2022-10-16T17:04:56+02:00\">16 octobre 2022<\/time><\/div><\/div><\/div><\/div>\n\t\t\t\t\t\t<\/div><!-- .dpt-entry -->\n\t\t\t\t\t\t\t\t\t\t\t\t<div class=\"dpt-entry has-thumbnail\" data-title=\"messe de rentr\u00e9e des jeunes adultes\" data-id=\"3902\"  data-category=\"annonce\">\n\t\t\t\t\t\t\t<div class=\"dpt-entry-wrapper\"><div class=\" dpt-featured-content\"><div class=\" dpt-permalink\"><a href=\"https:\/\/paroisses-chatenay.fr\/stebathilde\/messe-de-rentree-des-jeunes-adultes\/\" class=\"dpt-permalink\"><span class=\"screen-reader-text\">Messe de rentr\u00e9e des jeunes adultes<\/span><\/a><\/div><div class=\" dpt-thumbnail\"><div class=\"dpt-thumbnail-inner\"><img width=\"1317\" height=\"388\" class=\"attachment-full size-full\" alt=\"\" context=\"dpt\" data-dpt-src=\"https:\/\/paroisses-chatenay.fr\/stebathilde\/wp-content\/uploads\/2022\/10\/Losbonne2023_2.jpg\" data-dpt-sizes=\"(max-width: 1317px) 100vw, 1317px\" data-dpt-srcset=\"https:\/\/paroisses-chatenay.fr\/stebathilde\/wp-content\/uploads\/2022\/10\/Losbonne2023_2.jpg 1317w, https:\/\/paroisses-chatenay.fr\/stebathilde\/wp-content\/uploads\/2022\/10\/Losbonne2023_2-300x88.jpg 300w, https:\/\/paroisses-chatenay.fr\/stebathilde\/wp-content\/uploads\/2022\/10\/Losbonne2023_2-1200x354.jpg 1200w, https:\/\/paroisses-chatenay.fr\/stebathilde\/wp-content\/uploads\/2022\/10\/Losbonne2023_2-768x226.jpg 768w, https:\/\/paroisses-chatenay.fr\/stebathilde\/wp-content\/uploads\/2022\/10\/Losbonne2023_2-24x7.jpg 24w, https:\/\/paroisses-chatenay.fr\/stebathilde\/wp-content\/uploads\/2022\/10\/Losbonne2023_2-36x11.jpg 36w, https:\/\/paroisses-chatenay.fr\/stebathilde\/wp-content\/uploads\/2022\/10\/Losbonne2023_2-48x14.jpg 48w, https:\/\/paroisses-chatenay.fr\/stebathilde\/wp-content\/uploads\/2022\/10\/Losbonne2023_2-400x118.jpg 400w\" \/><\/div><span class=\"dpt-thumbnail-aspect-ratio\" style=\"padding-top: 29%\"><\/span><\/div><\/div><div class=\" sub-entry\"><h3 class=\" dpt-title\"><a class=\"dpt-title-link\" href=\"https:\/\/paroisses-chatenay.fr\/stebathilde\/messe-de-rentree-des-jeunes-adultes\/\" rel=\"bookmark\">Messe de rentr\u00e9e des jeunes adultes<\/a><\/h3><div class=\"dpt-meta1 dpt-meta\"><div class=\" dpt-date\"><time datetime=\"2022-10-08T12:24:52+02:00\">8 octobre 2022<\/time><\/div><\/div><\/div><\/div>\n\t\t\t\t\t\t<\/div><!-- .dpt-entry -->\n\t\t\t\t\t\t\t\t\t\t\t\t<div class=\"dpt-entry has-thumbnail\" data-title=\"rejoignez le ch\u0152ur diocesain\" data-id=\"3823\"  data-category=\"annonce\">\n\t\t\t\t\t\t\t<div class=\"dpt-entry-wrapper\"><div class=\" dpt-featured-content\"><div class=\" dpt-permalink\"><a href=\"https:\/\/paroisses-chatenay.fr\/stebathilde\/rejoignez-le-choeur-diocesain\/\" class=\"dpt-permalink\"><span class=\"screen-reader-text\">REJOIGNEZ LE CH\u0152UR DIOCESAIN<\/span><\/a><\/div><div class=\" dpt-thumbnail\"><div class=\"dpt-thumbnail-inner\"><img width=\"404\" height=\"385\" class=\"attachment-full size-full\" alt=\"\" context=\"dpt\" data-dpt-src=\"https:\/\/paroisses-chatenay.fr\/stebathilde\/wp-content\/uploads\/2022\/09\/Coeur-diocesain-Nanterre.jpg\" data-dpt-sizes=\"(max-width: 404px) 100vw, 404px\" data-dpt-srcset=\"https:\/\/paroisses-chatenay.fr\/stebathilde\/wp-content\/uploads\/2022\/09\/Coeur-diocesain-Nanterre.jpg 404w, https:\/\/paroisses-chatenay.fr\/stebathilde\/wp-content\/uploads\/2022\/09\/Coeur-diocesain-Nanterre-300x286.jpg 300w, https:\/\/paroisses-chatenay.fr\/stebathilde\/wp-content\/uploads\/2022\/09\/Coeur-diocesain-Nanterre-24x24.jpg 24w, https:\/\/paroisses-chatenay.fr\/stebathilde\/wp-content\/uploads\/2022\/09\/Coeur-diocesain-Nanterre-36x34.jpg 36w, https:\/\/paroisses-chatenay.fr\/stebathilde\/wp-content\/uploads\/2022\/09\/Coeur-diocesain-Nanterre-48x46.jpg 48w, https:\/\/paroisses-chatenay.fr\/stebathilde\/wp-content\/uploads\/2022\/09\/Coeur-diocesain-Nanterre-400x381.jpg 400w\" \/><\/div><span class=\"dpt-thumbnail-aspect-ratio\" style=\"padding-top: 95%\"><\/span><\/div><\/div><div class=\" sub-entry\"><h3 class=\" dpt-title\"><a class=\"dpt-title-link\" href=\"https:\/\/paroisses-chatenay.fr\/stebathilde\/rejoignez-le-choeur-diocesain\/\" rel=\"bookmark\">REJOIGNEZ LE CH\u0152UR DIOCESAIN<\/a><\/h3><div class=\"dpt-meta1 dpt-meta\"><div class=\" dpt-date\"><time datetime=\"2022-09-24T21:33:01+02:00\">24 septembre 2022<\/time><\/div><\/div><\/div><\/div>\n\t\t\t\t\t\t<\/div><!-- .dpt-entry -->\n\t\t\t\t\t\t\t\t\t\t\t\t<div class=\"dpt-entry has-thumbnail\" data-title=\"\u00ab sept ans apr\u00e8s laudato si\u2019 : \u00e9tat des lieux, urgente conversion, raisons d\u2019esp\u00e9rer \u00bb\" data-id=\"3832\"  data-category=\"annonce\">\n\t\t\t\t\t\t\t<div class=\"dpt-entry-wrapper\"><div class=\" dpt-featured-content\"><div class=\" dpt-permalink\"><a href=\"https:\/\/paroisses-chatenay.fr\/stebathilde\/sept-ans-apres-laudato-si-etat-des-lieux-urgente-conversion-raisons-desperer\/\" class=\"dpt-permalink\"><span class=\"screen-reader-text\">\u00ab Sept ans apr\u00e8s Laudato Si\u2019 : \u00e9tat des lieux, urgente conversion, raisons d\u2019esp\u00e9rer \u00bb<\/span><\/a><\/div><div class=\" dpt-thumbnail\"><div class=\"dpt-thumbnail-inner\"><img width=\"234\" height=\"105\" class=\"attachment-full size-full\" alt=\"\" context=\"dpt\" data-dpt-src=\"https:\/\/paroisses-chatenay.fr\/stebathilde\/wp-content\/uploads\/2022\/09\/EgliseVerte.jpg\" data-dpt-sizes=\"(max-width: 234px) 100vw, 234px\" data-dpt-srcset=\"https:\/\/paroisses-chatenay.fr\/stebathilde\/wp-content\/uploads\/2022\/09\/EgliseVerte.jpg 234w, https:\/\/paroisses-chatenay.fr\/stebathilde\/wp-content\/uploads\/2022\/09\/EgliseVerte-24x11.jpg 24w, https:\/\/paroisses-chatenay.fr\/stebathilde\/wp-content\/uploads\/2022\/09\/EgliseVerte-36x16.jpg 36w, https:\/\/paroisses-chatenay.fr\/stebathilde\/wp-content\/uploads\/2022\/09\/EgliseVerte-48x22.jpg 48w\" \/><\/div><span class=\"dpt-thumbnail-aspect-ratio\" style=\"padding-top: 45%\"><\/span><\/div><\/div><div class=\" sub-entry\"><h3 class=\" dpt-title\"><a class=\"dpt-title-link\" href=\"https:\/\/paroisses-chatenay.fr\/stebathilde\/sept-ans-apres-laudato-si-etat-des-lieux-urgente-conversion-raisons-desperer\/\" rel=\"bookmark\">\u00ab Sept ans apr\u00e8s Laudato Si\u2019 : \u00e9tat des lieux, urgente conversion, raisons d\u2019esp\u00e9rer \u00bb<\/a><\/h3><div class=\"dpt-meta1 dpt-meta\"><div class=\" dpt-date\"><time datetime=\"2022-09-24T21:27:05+02:00\">24 septembre 2022<\/time><\/div><\/div><\/div><\/div>\n\t\t\t\t\t\t<\/div><!-- .dpt-entry -->\n\t\t\t\t\t\t\t\t\t\t\t\t<div class=\"dpt-entry has-thumbnail\" data-title=\"le point de vue orthodoxe sur la bio\u00e9thique\" data-id=\"3827\"  data-category=\"annonce\">\n\t\t\t\t\t\t\t<div class=\"dpt-entry-wrapper\"><div class=\" dpt-featured-content\"><div class=\" dpt-permalink\"><a href=\"https:\/\/paroisses-chatenay.fr\/stebathilde\/le-point-de-vue-orthodoxe-sur-la-bioethique\/\" class=\"dpt-permalink\"><span class=\"screen-reader-text\">Le point de vue orthodoxe sur la bio\u00e9thique<\/span><\/a><\/div><div class=\" dpt-thumbnail\"><div class=\"dpt-thumbnail-inner\"><img width=\"491\" height=\"70\" class=\"attachment-full size-full\" alt=\"\" context=\"dpt\" data-dpt-src=\"https:\/\/paroisses-chatenay.fr\/stebathilde\/wp-content\/uploads\/2022\/09\/ChretienEns2.jpg\" data-dpt-sizes=\"(max-width: 491px) 100vw, 491px\" data-dpt-srcset=\"https:\/\/paroisses-chatenay.fr\/stebathilde\/wp-content\/uploads\/2022\/09\/ChretienEns2.jpg 491w, https:\/\/paroisses-chatenay.fr\/stebathilde\/wp-content\/uploads\/2022\/09\/ChretienEns2-300x43.jpg 300w, https:\/\/paroisses-chatenay.fr\/stebathilde\/wp-content\/uploads\/2022\/09\/ChretienEns2-24x3.jpg 24w, https:\/\/paroisses-chatenay.fr\/stebathilde\/wp-content\/uploads\/2022\/09\/ChretienEns2-36x5.jpg 36w, https:\/\/paroisses-chatenay.fr\/stebathilde\/wp-content\/uploads\/2022\/09\/ChretienEns2-48x7.jpg 48w, https:\/\/paroisses-chatenay.fr\/stebathilde\/wp-content\/uploads\/2022\/09\/ChretienEns2-400x57.jpg 400w\" \/><\/div><span class=\"dpt-thumbnail-aspect-ratio\" style=\"padding-top: 14%\"><\/span><\/div><\/div><div class=\" sub-entry\"><h3 class=\" dpt-title\"><a class=\"dpt-title-link\" href=\"https:\/\/paroisses-chatenay.fr\/stebathilde\/le-point-de-vue-orthodoxe-sur-la-bioethique\/\" rel=\"bookmark\">Le point de vue orthodoxe sur la bio\u00e9thique<\/a><\/h3><div class=\"dpt-meta1 dpt-meta\"><div class=\" dpt-date\"><time datetime=\"2022-09-24T21:21:24+02:00\">24 septembre 2022<\/time><\/div><\/div><\/div><\/div>\n\t\t\t\t\t\t<\/div><!-- .dpt-entry -->\n\t\t\t\t\t\t\t\t\t\t\t\t<div class=\"dpt-entry has-thumbnail\" data-title=\"b\u00e2tir sur le roc\" data-id=\"2233\"  data-category=\"annonce\">\n\t\t\t\t\t\t\t<div class=\"dpt-entry-wrapper\"><div class=\" dpt-featured-content\"><div class=\" dpt-permalink\"><a href=\"https:\/\/paroisses-chatenay.fr\/stebathilde\/batir-sur-le-roc\/\" class=\"dpt-permalink\"><span class=\"screen-reader-text\">B\u00e2tir sur le Roc<\/span><\/a><\/div><div class=\" dpt-thumbnail\"><div class=\"dpt-thumbnail-inner\"><img loading=\"lazy\" decoding=\"async\" width=\"232\" height=\"156\" src=\"https:\/\/paroisses-chatenay.fr\/stebathilde\/wp-content\/uploads\/2021\/10\/BatirSurleRoc.jpg\" class=\"attachment-full size-full\" alt=\"\" context=\"dpt\" \/><\/div><span class=\"dpt-thumbnail-aspect-ratio\" style=\"padding-top: 67%\"><\/span><\/div><\/div><div class=\" sub-entry\"><h3 class=\" dpt-title\"><a class=\"dpt-title-link\" href=\"https:\/\/paroisses-chatenay.fr\/stebathilde\/batir-sur-le-roc\/\" rel=\"bookmark\">B\u00e2tir sur le Roc<\/a><\/h3><div class=\"dpt-meta1 dpt-meta\"><div class=\" dpt-date\"><time datetime=\"2022-09-09T14:58:00+02:00\">9 septembre 2022<\/time><\/div><\/div><\/div><\/div>\n\t\t\t\t\t\t<\/div><!-- .dpt-entry -->\n\t\t\t\t\t\t\t\t\t\t\t\t<div class=\"dpt-entry has-thumbnail\" data-title=\"\u00c9quipe tiers monde sainte bathilde \u2013 appel aux dons\" data-id=\"3511\"  data-category=\"uncategorized\">\n\t\t\t\t\t\t\t<div class=\"dpt-entry-wrapper\"><div class=\" dpt-featured-content\"><div class=\" dpt-permalink\"><a href=\"https:\/\/paroisses-chatenay.fr\/stebathilde\/equipe-tiers-monde-sainte-bathilde-appel-aux-dons\/\" class=\"dpt-permalink\"><span class=\"screen-reader-text\">\u00c9quipe Tiers Monde Sainte Bathilde \u2013 appel aux dons<\/span><\/a><\/div><div class=\" dpt-thumbnail\"><div class=\"dpt-thumbnail-inner\"><img width=\"400\" height=\"400\" class=\"attachment-full size-full\" alt=\"\" context=\"dpt\" data-dpt-src=\"https:\/\/paroisses-chatenay.fr\/stebathilde\/wp-content\/uploads\/2022\/05\/Tiers-Monde.jpg\" data-dpt-sizes=\"(max-width: 400px) 100vw, 400px\" data-dpt-srcset=\"https:\/\/paroisses-chatenay.fr\/stebathilde\/wp-content\/uploads\/2022\/05\/Tiers-Monde.jpg 400w, https:\/\/paroisses-chatenay.fr\/stebathilde\/wp-content\/uploads\/2022\/05\/Tiers-Monde-300x300.jpg 300w, https:\/\/paroisses-chatenay.fr\/stebathilde\/wp-content\/uploads\/2022\/05\/Tiers-Monde-150x150.jpg 150w, https:\/\/paroisses-chatenay.fr\/stebathilde\/wp-content\/uploads\/2022\/05\/Tiers-Monde-24x24.jpg 24w, https:\/\/paroisses-chatenay.fr\/stebathilde\/wp-content\/uploads\/2022\/05\/Tiers-Monde-36x36.jpg 36w, https:\/\/paroisses-chatenay.fr\/stebathilde\/wp-content\/uploads\/2022\/05\/Tiers-Monde-48x48.jpg 48w\" \/><\/div><span class=\"dpt-thumbnail-aspect-ratio\" style=\"padding-top: 100%\"><\/span><\/div><\/div><div class=\" sub-entry\"><h3 class=\" dpt-title\"><a class=\"dpt-title-link\" href=\"https:\/\/paroisses-chatenay.fr\/stebathilde\/equipe-tiers-monde-sainte-bathilde-appel-aux-dons\/\" rel=\"bookmark\">\u00c9quipe Tiers Monde Sainte Bathilde \u2013 appel aux dons<\/a><\/h3><div class=\"dpt-meta1 dpt-meta\"><div class=\" dpt-date\"><time datetime=\"2022-08-21T20:08:31+02:00\">21 ao\u00fbt 2022<\/time><\/div><\/div><\/div><\/div>\n\t\t\t\t\t\t<\/div><!-- .dpt-entry -->\n\t\t\t\t\t\t\t\t\t\t\t\t<div class=\"dpt-entry has-thumbnail\" data-title=\"alpha parents\" data-id=\"2805\"  data-category=\"annonce\">\n\t\t\t\t\t\t\t<div class=\"dpt-entry-wrapper\"><div class=\" dpt-featured-content\"><div class=\" dpt-permalink\"><a href=\"https:\/\/paroisses-chatenay.fr\/stebathilde\/alpha-parents\/\" class=\"dpt-permalink\"><span class=\"screen-reader-text\">Alpha Parents<\/span><\/a><\/div><div class=\" dpt-thumbnail\"><div class=\"dpt-thumbnail-inner\"><img width=\"300\" height=\"110\" class=\"attachment-full size-full\" alt=\"\" context=\"dpt\" data-dpt-src=\"https:\/\/paroisses-chatenay.fr\/stebathilde\/wp-content\/uploads\/2021\/12\/Alphaparents.png\" data-dpt-sizes=\"(max-width: 300px) 100vw, 300px\" data-dpt-srcset=\"https:\/\/paroisses-chatenay.fr\/stebathilde\/wp-content\/uploads\/2021\/12\/Alphaparents.png 300w, https:\/\/paroisses-chatenay.fr\/stebathilde\/wp-content\/uploads\/2021\/12\/Alphaparents-24x9.png 24w, https:\/\/paroisses-chatenay.fr\/stebathilde\/wp-content\/uploads\/2021\/12\/Alphaparents-36x13.png 36w, https:\/\/paroisses-chatenay.fr\/stebathilde\/wp-content\/uploads\/2021\/12\/Alphaparents-48x18.png 48w\" \/><\/div><span class=\"dpt-thumbnail-aspect-ratio\" style=\"padding-top: 37%\"><\/span><\/div><\/div><div class=\" sub-entry\"><h3 class=\" dpt-title\"><a class=\"dpt-title-link\" href=\"https:\/\/paroisses-chatenay.fr\/stebathilde\/alpha-parents\/\" rel=\"bookmark\">Alpha Parents<\/a><\/h3><div class=\"dpt-meta1 dpt-meta\"><div class=\" dpt-date\"><time datetime=\"2022-05-11T12:00:00+02:00\">11 mai 2022<\/time><\/div><\/div><\/div><\/div>\n\t\t\t\t\t\t<\/div><!-- .dpt-entry -->\n\t\t\t\t\t\t\t\t\t\t\t\t<div class=\"dpt-entry has-thumbnail\" data-title=\"une fleur pour la palestine &#8211; sainte bathilde\" data-id=\"3400\"  data-category=\"uncategorized\">\n\t\t\t\t\t\t\t<div class=\"dpt-entry-wrapper\"><div class=\" dpt-featured-content\"><div class=\" dpt-permalink\"><a href=\"https:\/\/paroisses-chatenay.fr\/stebathilde\/une-fleur-pour-la-palestine-sainte-bathilde\/\" class=\"dpt-permalink\"><span class=\"screen-reader-text\">Une Fleur pour la Palestine &#8211; Sainte Bathilde<\/span><\/a><\/div><div class=\" dpt-thumbnail\"><div class=\"dpt-thumbnail-inner\"><img width=\"650\" height=\"390\" class=\"attachment-full size-full\" alt=\"\" context=\"dpt\" data-dpt-src=\"https:\/\/paroisses-chatenay.fr\/stebathilde\/wp-content\/uploads\/2022\/04\/FleurPour-LaPalestine2.jpg\" data-dpt-sizes=\"(max-width: 650px) 100vw, 650px\" data-dpt-srcset=\"https:\/\/paroisses-chatenay.fr\/stebathilde\/wp-content\/uploads\/2022\/04\/FleurPour-LaPalestine2.jpg 650w, https:\/\/paroisses-chatenay.fr\/stebathilde\/wp-content\/uploads\/2022\/04\/FleurPour-LaPalestine2-300x180.jpg 300w, https:\/\/paroisses-chatenay.fr\/stebathilde\/wp-content\/uploads\/2022\/04\/FleurPour-LaPalestine2-24x14.jpg 24w, https:\/\/paroisses-chatenay.fr\/stebathilde\/wp-content\/uploads\/2022\/04\/FleurPour-LaPalestine2-36x22.jpg 36w, https:\/\/paroisses-chatenay.fr\/stebathilde\/wp-content\/uploads\/2022\/04\/FleurPour-LaPalestine2-48x29.jpg 48w, https:\/\/paroisses-chatenay.fr\/stebathilde\/wp-content\/uploads\/2022\/04\/FleurPour-LaPalestine2-400x240.jpg 400w\" \/><\/div><span class=\"dpt-thumbnail-aspect-ratio\" style=\"padding-top: 60%\"><\/span><\/div><\/div><div class=\" sub-entry\"><h3 class=\" dpt-title\"><a class=\"dpt-title-link\" href=\"https:\/\/paroisses-chatenay.fr\/stebathilde\/une-fleur-pour-la-palestine-sainte-bathilde\/\" rel=\"bookmark\">Une Fleur pour la Palestine &#8211; Sainte Bathilde<\/a><\/h3><div class=\"dpt-meta1 dpt-meta\"><div class=\" dpt-date\"><time datetime=\"2022-04-27T13:41:35+02:00\">27 avril 2022<\/time><\/div><\/div><\/div><\/div>\n\t\t\t\t\t\t<\/div><!-- .dpt-entry -->\n\t\t\t\t\t\t\t\t\t\t\t\t<div class=\"dpt-entry has-thumbnail\" data-title=\"cat\u00e9chum\u00e9nat des adultes\" data-id=\"3233\"  data-category=\"uncategorized\">\n\t\t\t\t\t\t\t<div class=\"dpt-entry-wrapper\"><div class=\" dpt-featured-content\"><div class=\" dpt-permalink\"><a href=\"https:\/\/paroisses-chatenay.fr\/stebathilde\/catechumenat-des-adultes\/\" class=\"dpt-permalink\"><span class=\"screen-reader-text\">Cat\u00e9chum\u00e9nat des adultes<\/span><\/a><\/div><div class=\" dpt-thumbnail\"><div class=\"dpt-thumbnail-inner\"><img width=\"1059\" height=\"579\" class=\"attachment-full size-full\" alt=\"\" context=\"dpt\" data-dpt-src=\"https:\/\/paroisses-chatenay.fr\/stebathilde\/wp-content\/uploads\/2022\/03\/Catechumenat.jpg\" data-dpt-sizes=\"(max-width: 1059px) 100vw, 1059px\" data-dpt-srcset=\"https:\/\/paroisses-chatenay.fr\/stebathilde\/wp-content\/uploads\/2022\/03\/Catechumenat.jpg 1059w, https:\/\/paroisses-chatenay.fr\/stebathilde\/wp-content\/uploads\/2022\/03\/Catechumenat-300x164.jpg 300w, https:\/\/paroisses-chatenay.fr\/stebathilde\/wp-content\/uploads\/2022\/03\/Catechumenat-768x420.jpg 768w, https:\/\/paroisses-chatenay.fr\/stebathilde\/wp-content\/uploads\/2022\/03\/Catechumenat-24x13.jpg 24w, https:\/\/paroisses-chatenay.fr\/stebathilde\/wp-content\/uploads\/2022\/03\/Catechumenat-36x20.jpg 36w, https:\/\/paroisses-chatenay.fr\/stebathilde\/wp-content\/uploads\/2022\/03\/Catechumenat-48x26.jpg 48w, https:\/\/paroisses-chatenay.fr\/stebathilde\/wp-content\/uploads\/2022\/03\/Catechumenat-400x219.jpg 400w\" \/><\/div><span class=\"dpt-thumbnail-aspect-ratio\" style=\"padding-top: 55%\"><\/span><\/div><\/div><div class=\" sub-entry\"><h3 class=\" dpt-title\"><a class=\"dpt-title-link\" href=\"https:\/\/paroisses-chatenay.fr\/stebathilde\/catechumenat-des-adultes\/\" rel=\"bookmark\">Cat\u00e9chum\u00e9nat des adultes<\/a><\/h3><div class=\"dpt-meta1 dpt-meta\"><div class=\" dpt-date\"><time datetime=\"2022-03-16T21:15:57+02:00\">16 mars 2022<\/time><\/div><\/div><\/div><\/div>\n\t\t\t\t\t\t<\/div><!-- .dpt-entry -->\n\t\t\t\t\t\t\t\t\t\t\t\t<div class=\"dpt-entry has-thumbnail\" data-title=\"conf\u00e9rence &#8211; synodalit\u00e9\" data-id=\"3214\"  data-category=\"uncategorized\">\n\t\t\t\t\t\t\t<div class=\"dpt-entry-wrapper\"><div class=\" dpt-featured-content\"><div class=\" dpt-permalink\"><a href=\"https:\/\/paroisses-chatenay.fr\/stebathilde\/conference-synodalite\/\" class=\"dpt-permalink\"><span class=\"screen-reader-text\">Conf\u00e9rence &#8211; Synodalit\u00e9<\/span><\/a><\/div><div class=\" dpt-thumbnail\"><div class=\"dpt-thumbnail-inner\"><img width=\"370\" height=\"313\" class=\"attachment-full size-full\" alt=\"\" context=\"dpt\" data-dpt-src=\"https:\/\/paroisses-chatenay.fr\/stebathilde\/wp-content\/uploads\/2022\/03\/Synode2.jpg\" data-dpt-sizes=\"(max-width: 370px) 100vw, 370px\" data-dpt-srcset=\"https:\/\/paroisses-chatenay.fr\/stebathilde\/wp-content\/uploads\/2022\/03\/Synode2.jpg 370w, https:\/\/paroisses-chatenay.fr\/stebathilde\/wp-content\/uploads\/2022\/03\/Synode2-300x254.jpg 300w, https:\/\/paroisses-chatenay.fr\/stebathilde\/wp-content\/uploads\/2022\/03\/Synode2-24x20.jpg 24w, https:\/\/paroisses-chatenay.fr\/stebathilde\/wp-content\/uploads\/2022\/03\/Synode2-36x30.jpg 36w, https:\/\/paroisses-chatenay.fr\/stebathilde\/wp-content\/uploads\/2022\/03\/Synode2-48x41.jpg 48w\" \/><\/div><span class=\"dpt-thumbnail-aspect-ratio\" style=\"padding-top: 85%\"><\/span><\/div><\/div><div class=\" sub-entry\"><h3 class=\" dpt-title\"><a class=\"dpt-title-link\" href=\"https:\/\/paroisses-chatenay.fr\/stebathilde\/conference-synodalite\/\" rel=\"bookmark\">Conf\u00e9rence &#8211; Synodalit\u00e9<\/a><\/h3><div class=\"dpt-meta1 dpt-meta\"><div class=\" dpt-date\"><time datetime=\"2022-03-14T21:32:36+02:00\">14 mars 2022<\/time><\/div><\/div><\/div><\/div>\n\t\t\t\t\t\t<\/div><!-- .dpt-entry -->\n\t\t\t\t\t\t\t\t\t\t\t\t<div class=\"dpt-entry has-thumbnail\" data-title=\"le crucifi\u00e9 ces jours est en ukraine\" data-id=\"3137\"  data-category=\"annonce\">\n\t\t\t\t\t\t\t<div class=\"dpt-entry-wrapper\"><div class=\" dpt-featured-content\"><div class=\" dpt-permalink\"><a href=\"https:\/\/paroisses-chatenay.fr\/stebathilde\/le-crucifie-ces-jours-est-en-ukraine\/\" class=\"dpt-permalink\"><span class=\"screen-reader-text\">Le Crucifi\u00e9 ces jours est en Ukraine<\/span><\/a><\/div><div class=\" dpt-thumbnail\"><div class=\"dpt-thumbnail-inner\"><img width=\"870\" height=\"489\" class=\"attachment-full size-full\" alt=\"\" context=\"dpt\" data-dpt-src=\"https:\/\/paroisses-chatenay.fr\/stebathilde\/wp-content\/uploads\/2022\/03\/GuerreUkraine.jpg\" data-dpt-sizes=\"(max-width: 870px) 100vw, 870px\" data-dpt-srcset=\"https:\/\/paroisses-chatenay.fr\/stebathilde\/wp-content\/uploads\/2022\/03\/GuerreUkraine.jpg 870w, https:\/\/paroisses-chatenay.fr\/stebathilde\/wp-content\/uploads\/2022\/03\/GuerreUkraine-300x169.jpg 300w, https:\/\/paroisses-chatenay.fr\/stebathilde\/wp-content\/uploads\/2022\/03\/GuerreUkraine-768x432.jpg 768w, https:\/\/paroisses-chatenay.fr\/stebathilde\/wp-content\/uploads\/2022\/03\/GuerreUkraine-24x13.jpg 24w, https:\/\/paroisses-chatenay.fr\/stebathilde\/wp-content\/uploads\/2022\/03\/GuerreUkraine-36x20.jpg 36w, https:\/\/paroisses-chatenay.fr\/stebathilde\/wp-content\/uploads\/2022\/03\/GuerreUkraine-48x27.jpg 48w, https:\/\/paroisses-chatenay.fr\/stebathilde\/wp-content\/uploads\/2022\/03\/GuerreUkraine-400x225.jpg 400w\" \/><\/div><span class=\"dpt-thumbnail-aspect-ratio\" style=\"padding-top: 56%\"><\/span><\/div><\/div><div class=\" sub-entry\"><h3 class=\" dpt-title\"><a class=\"dpt-title-link\" href=\"https:\/\/paroisses-chatenay.fr\/stebathilde\/le-crucifie-ces-jours-est-en-ukraine\/\" rel=\"bookmark\">Le Crucifi\u00e9 ces jours est en Ukraine<\/a><\/h3><div class=\"dpt-meta1 dpt-meta\"><div class=\" dpt-date\"><time datetime=\"2022-03-12T13:54:31+02:00\">12 mars 2022<\/time><\/div><\/div><\/div><\/div>\n\t\t\t\t\t\t<\/div><!-- .dpt-entry -->\n\t\t\t\t\t\t\n\t\t\t\t<\/div>\n\t\t\t\t\t\t<\/div>\n\t\t\t","protected":false},"excerpt":{"rendered":"","protected":false},"author":2,"featured_media":0,"parent":0,"menu_order":0,"comment_status":"closed","ping_status":"closed","template":"","meta":{"iawp_total_views":179,"footnotes":""},"class_list":["post-1443","page","type-page","status-publish","hentry"],"_links":{"self":[{"href":"https:\/\/paroisses-chatenay.fr\/stebathilde\/wp-json\/wp\/v2\/pages\/1443","targetHints":{"allow":["GET"]}}],"collection":[{"href":"https:\/\/paroisses-chatenay.fr\/stebathilde\/wp-json\/wp\/v2\/pages"}],"about":[{"href":"https:\/\/paroisses-chatenay.fr\/stebathilde\/wp-json\/wp\/v2\/types\/page"}],"author":[{"embeddable":true,"href":"https:\/\/paroisses-chatenay.fr\/stebathilde\/wp-json\/wp\/v2\/users\/2"}],"replies":[{"embeddable":true,"href":"https:\/\/paroisses-chatenay.fr\/stebathilde\/wp-json\/wp\/v2\/comments?post=1443"}],"version-history":[{"count":12,"href":"https:\/\/paroisses-chatenay.fr\/stebathilde\/wp-json\/wp\/v2\/pages\/1443\/revisions"}],"predecessor-version":[{"id":2943,"href":"https:\/\/paroisses-chatenay.fr\/stebathilde\/wp-json\/wp\/v2\/pages\/1443\/revisions\/2943"}],"wp:attachment":[{"href":"https:\/\/paroisses-chatenay.fr\/stebathilde\/wp-json\/wp\/v2\/media?parent=1443"}],"curies":[{"name":"wp","href":"https:\/\/api.w.org\/{rel}","templated":true}]}}