{"id":1347,"date":"2017-10-01T16:26:37","date_gmt":"2017-10-01T14:26:37","guid":{"rendered":"http:\/\/www.paroisses-chatenay.fr\/stgermain\/?page_id=1347"},"modified":"2025-10-13T21:47:28","modified_gmt":"2025-10-13T19:47:28","slug":"lequipe-danimation-pastorale-eap","status":"publish","type":"page","link":"https:\/\/paroisses-chatenay.fr\/stgermain\/lequipe-danimation-pastorale-eap\/","title":{"rendered":"L&rsquo;Equipe d&rsquo;Animation Pastorale (EAP)"},"content":{"rendered":"<p><img data-recalc-dims=\"1\" loading=\"lazy\" decoding=\"async\" data-attachment-id=\"1348\" data-permalink=\"https:\/\/paroisses-chatenay.fr\/stgermain\/lequipe-danimation-pastorale-eap\/3paroisses\/#main\" data-orig-file=\"https:\/\/i0.wp.com\/paroisses-chatenay.fr\/stgermain\/wp-content\/uploads\/2017\/10\/3paroisses.jpg?fit=300%2C211&amp;ssl=1\" data-orig-size=\"300,211\" data-comments-opened=\"0\" data-image-meta=\"{&quot;aperture&quot;:&quot;0&quot;,&quot;credit&quot;:&quot;&quot;,&quot;camera&quot;:&quot;&quot;,&quot;caption&quot;:&quot;&quot;,&quot;created_timestamp&quot;:&quot;0&quot;,&quot;copyright&quot;:&quot;&quot;,&quot;focal_length&quot;:&quot;0&quot;,&quot;iso&quot;:&quot;0&quot;,&quot;shutter_speed&quot;:&quot;0&quot;,&quot;title&quot;:&quot;&quot;,&quot;orientation&quot;:&quot;0&quot;}\" data-image-title=\"3paroisses\" data-image-description=\"\" data-image-caption=\"\" data-large-file=\"https:\/\/i0.wp.com\/paroisses-chatenay.fr\/stgermain\/wp-content\/uploads\/2017\/10\/3paroisses.jpg?fit=300%2C211&amp;ssl=1\" class=\"size-full wp-image-1348 alignright\" src=\"https:\/\/i0.wp.com\/www.paroisses-chatenay.fr\/stgermain\/wp-content\/uploads\/2017\/10\/3paroisses.jpg?resize=300%2C211\" alt=\"\" width=\"300\" height=\"211\" \/><\/p>\n<p><strong>Notre prochaine EAP se tient (<a href=\"https:\/\/paroisses-chatenay.fr\/stgermain\/wp-content\/uploads\/2025\/10\/J3P-109.pdf\" target=\"_blank\" rel=\"noopener\">ou s\u2019est tenue, selon le moment o\u00f9 vous recevez ce journal<\/a>) ce<\/strong><br \/>\n<strong>jeudi 9 octobre 2025.<\/strong><\/p>\n<p>Au menu, le temps de faire connaissance avec les nouveaux (le P\u00e8re <strong>Louis<\/strong>), les<br \/>\nnouvelles des communaut\u00e9s et de leurs rentr\u00e9es, les recherches concernant l\u2019organisation de l\u2019Aum\u00f4nerie \u00e0 partir du d\u00e9part \u00e0 la retraite de <strong>Christine<\/strong> <strong>Nivert<\/strong>, le 1\u00b0 novembre.<\/p>\n<p>Nous \u00e9voquerons les projets communs \u00e0 commencer \u00e0 construire, avec en particulier trois \u00e9v\u00e9nements dioc\u00e9sains ou r\u00e9gionaux qui pourraient nous concerner :<br \/>\n<strong>\u2022 La balade biblique<\/strong> sur 4 ans propos\u00e9e par le dioc\u00e8se (cf. p 4)<br \/>\n<strong>\u2022 L\u2019\u00e9ventuel accueil des jeunes du Rassemblement europ\u00e9en de Taiz\u00e9<\/strong>, entre No\u00ebl et le Jour de l\u2019An, qui aura lieu cette ann\u00e9e en Ile-de-France. Allons-nous nous impliquer dans l\u2019accueil ? Si c\u2019\u00e9tait le cas, nous pourrions le faire<br \/>\ndans un cadre directement \u0153cum\u00e9nique, avec une \u00e9quipe \u00ab mixte \u00bb, \u00e9tant donn\u00e9s nos liens. Nous en parlerons bient\u00f4t au cours d\u2019un prochain \u00ab petit-d\u00e9jeuner des pasteurs \u00bb, o\u00f9 nous ferons connaissance avec notre nouvelle pasteure de l\u2019EPUF, <strong>Claire Sixt-Gateuille<\/strong>, et peut-\u00eatre avec le nouveau cur\u00e9 de l\u2019Eglise copte orthodoxe, le p\u00e8re <strong>Arsanios<\/strong>.<br \/>\n<strong>\u2022 Le synode R\u00e9gional d\u2019Ile-de-France<\/strong> sur l\u2019accueil des n\u00e9ophytes, qui commencera sa phase de consultation fin janvier.<\/p>\n<hr \/>\n<p><strong>Sur l&rsquo;Equipe d&rsquo;Animation Pastorale<\/strong><\/p>\n<p>Le cur\u00e9 est le pasteur unique de chaque paroisse dont la charge lui a \u00e9t\u00e9 confi\u00e9e par l\u2019\u00e9v\u00eaque. Les vicaires r\u00e9f\u00e9rents vivent la dimension pastorale de leur minist\u00e8re en coop\u00e9ration avec le cur\u00e9.<\/p>\n<p>L\u2019<b>Equipe d\u2019Animation Pastorale<\/b> est une \u00e9quipe restreinte de 8 personnes, compos\u00e9e de pr\u00eatres, diacres et de la\u00efcs. Elle aide le cur\u00e9 dans l\u2019exercice de sa charge pastorale. Tout ce qui rel\u00e8ve de la Mission, des joies et des soucis port\u00e9s par le cur\u00e9 sera, autant que possible, travaill\u00e9 en EAP.\u00a0 L\u2019EAP assure la gouvernance.<\/p>\n<p>L\u2019EAP veille tout particuli\u00e8rement \u00e0 la mise en \u0153uvre des trois t\u00e2ches de la Mission re\u00e7ue du <b>Christ <\/b>: \u00ab Annoncer l\u2019Evangile \u00bb, \u00ab C\u00e9l\u00e9brer le Salut \u00bb, \u00ab Servir la vie des hommes \u00bb avec le souci de la communication, selon les orientations dioc\u00e9saines pour la Mission. Le vicaire g\u00e9n\u00e9ral, par une lettre de reconnaissance, approuve la constitution de l\u2019EAP. Le r\u00f4le de l\u2019EAP reste principalement d\u00e9fini par les orientations dioc\u00e9saines.<\/p>\n<p>Au niveau des trois paroisses (<a href=\"http:\/\/www.paroisses-chatenay.fr\/stebathilde\/\">Sainte Bathilde<\/a>, Sainte Th\u00e9r\u00e8se d&rsquo;Avila, Saint Germain l&rsquo;Auxerrois), l\u2019EAP rep\u00e9rera les possibles mises en commun des propositions et des moyens pour que les ressources humaines et les moyens financiers soient utilis\u00e9s au mieux. En m\u00eame temps, l\u2019EAP veille \u00e0 la vie de l\u2019Eglise et sa pr\u00e9sence dans la cit\u00e9, par des communaut\u00e9s paroissiales vivantes et gr\u00e2ce aux \u00e9quipes d\u2019animation locale appel\u00e9es <b>Equipes Paroissiales de Coordination<\/b> (EPC).<\/p>\n","protected":false},"excerpt":{"rendered":"<p>Notre prochaine EAP se tient (ou s\u2019est tenue, selon le moment o\u00f9 vous recevez ce journal) ce jeudi 9 octobre 2025. Au menu, le temps de faire connaissance avec les nouveaux (le P\u00e8re Louis), les nouvelles des communaut\u00e9s et de leurs rentr\u00e9es, les recherches concernant l\u2019organisation de l\u2019Aum\u00f4nerie \u00e0 partir du d\u00e9part \u00e0 la retraite de Christine Nivert, le 1\u00b0 novembre. Nous \u00e9voquerons les projets communs \u00e0 commencer \u00e0 construire, avec en particulier trois \u00e9v\u00e9nements dioc\u00e9sains ou r\u00e9gionaux qui pourraient <a class=\"more-link\" href=\"https:\/\/paroisses-chatenay.fr\/stgermain\/lequipe-danimation-pastorale-eap\/\">Lire plus &#8230;<\/a><\/p>\n","protected":false},"author":1,"featured_media":0,"parent":0,"menu_order":0,"comment_status":"closed","ping_status":"closed","template":"","meta":{"_seopress_robots_primary_cat":"","_seopress_titles_title":"","_seopress_titles_desc":"","_seopress_robots_index":"","jetpack_post_was_ever_published":false,"footnotes":""},"class_list":["post-1347","page","type-page","status-publish","hentry"],"jetpack_sharing_enabled":true,"jetpack_shortlink":"https:\/\/wp.me\/P8QOZc-lJ","jetpack_likes_enabled":true,"_links":{"self":[{"href":"https:\/\/paroisses-chatenay.fr\/stgermain\/wp-json\/wp\/v2\/pages\/1347","targetHints":{"allow":["GET"]}}],"collection":[{"href":"https:\/\/paroisses-chatenay.fr\/stgermain\/wp-json\/wp\/v2\/pages"}],"about":[{"href":"https:\/\/paroisses-chatenay.fr\/stgermain\/wp-json\/wp\/v2\/types\/page"}],"author":[{"embeddable":true,"href":"https:\/\/paroisses-chatenay.fr\/stgermain\/wp-json\/wp\/v2\/users\/1"}],"replies":[{"embeddable":true,"href":"https:\/\/paroisses-chatenay.fr\/stgermain\/wp-json\/wp\/v2\/comments?post=1347"}],"version-history":[{"count":3,"href":"https:\/\/paroisses-chatenay.fr\/stgermain\/wp-json\/wp\/v2\/pages\/1347\/revisions"}],"predecessor-version":[{"id":12077,"href":"https:\/\/paroisses-chatenay.fr\/stgermain\/wp-json\/wp\/v2\/pages\/1347\/revisions\/12077"}],"wp:attachment":[{"href":"https:\/\/paroisses-chatenay.fr\/stgermain\/wp-json\/wp\/v2\/media?parent=1347"}],"curies":[{"name":"wp","href":"https:\/\/api.w.org\/{rel}","templated":true}]}}