{"id":1592,"date":"2017-11-03T23:26:33","date_gmt":"2017-11-03T22:26:33","guid":{"rendered":"http:\/\/www.paroisses-chatenay.fr\/stgermain\/?page_id=1592"},"modified":"2019-03-10T17:24:08","modified_gmt":"2019-03-10T16:24:08","slug":"epicerie-bol-dair","status":"publish","type":"page","link":"https:\/\/paroisses-chatenay.fr\/stgermain\/epicerie-bol-dair\/","title":{"rendered":"Epicerie Bol d\u2019Air"},"content":{"rendered":"<p>\u00c9picerie solidaire pour les ch\u00e2tenaisiens<\/p>\n<p>L\u2019\u00e9picerie \u00ab Bol d\u2019air \u00bb devrait ouvrir au premier trimestre 2018. Elle est promue par les communaut\u00e9s catholiques et musulmanes.<\/p>\n<p>Contact : <strong>\u00c9ric PIAT<\/strong> (piat.eric@wanadoo.fr).<\/p>\n<p>Site Internet : <a href=\"https:\/\/www.chatenayboldair.fr\/\" target=\"_blank\" rel=\"noopener noreferrer\">https:\/\/www.chatenayboldair.fr\/<\/a><\/p>\n<hr \/>\n<p>Voir aussi :<\/p>\n<p><a href=\"http:\/\/www.paroisses-chatenay.fr\/stgermain\/le-temps-careme\/\">Le mot du cur\u00e9 du mois d&rsquo;Avril 2017<\/a><\/p>\n<p><a href=\"http:\/\/www.paroisses-chatenay.fr\/stgermain\/wp-content\/uploads\/2019\/02\/J3P-n\u00b043.pdf\" target=\"_blank\" rel=\"noopener noreferrer\">Article du Journal des trois paroisses de Mars 2019 : une coop\u00e9ration des communaut\u00e9s musulmane et catholique<\/a><\/p>\n","protected":false},"excerpt":{"rendered":"<p>\u00c9picerie solidaire pour les ch\u00e2tenaisiens L\u2019\u00e9picerie \u00ab Bol d\u2019air \u00bb devrait ouvrir au premier trimestre 2018. Elle est promue par les communaut\u00e9s catholiques et musulmanes. Contact : \u00c9ric PIAT (piat.eric@wanadoo.fr). Site Internet : https:\/\/www.chatenayboldair.fr\/ Voir aussi : Le mot du cur\u00e9 du mois d&rsquo;Avril 2017 Article du Journal des trois paroisses de Mars 2019 : une coop\u00e9ration des communaut\u00e9s musulmane et catholique<\/p>\n","protected":false},"author":1,"featured_media":0,"parent":0,"menu_order":0,"comment_status":"closed","ping_status":"closed","template":"","meta":{"_seopress_robots_primary_cat":"","_seopress_titles_title":"","_seopress_titles_desc":"","_seopress_robots_index":"","jetpack_post_was_ever_published":false,"footnotes":""},"class_list":["post-1592","page","type-page","status-publish","hentry"],"jetpack_sharing_enabled":true,"jetpack_shortlink":"https:\/\/wp.me\/P8QOZc-pG","jetpack_likes_enabled":true,"_links":{"self":[{"href":"https:\/\/paroisses-chatenay.fr\/stgermain\/wp-json\/wp\/v2\/pages\/1592","targetHints":{"allow":["GET"]}}],"collection":[{"href":"https:\/\/paroisses-chatenay.fr\/stgermain\/wp-json\/wp\/v2\/pages"}],"about":[{"href":"https:\/\/paroisses-chatenay.fr\/stgermain\/wp-json\/wp\/v2\/types\/page"}],"author":[{"embeddable":true,"href":"https:\/\/paroisses-chatenay.fr\/stgermain\/wp-json\/wp\/v2\/users\/1"}],"replies":[{"embeddable":true,"href":"https:\/\/paroisses-chatenay.fr\/stgermain\/wp-json\/wp\/v2\/comments?post=1592"}],"version-history":[{"count":4,"href":"https:\/\/paroisses-chatenay.fr\/stgermain\/wp-json\/wp\/v2\/pages\/1592\/revisions"}],"predecessor-version":[{"id":3822,"href":"https:\/\/paroisses-chatenay.fr\/stgermain\/wp-json\/wp\/v2\/pages\/1592\/revisions\/3822"}],"wp:attachment":[{"href":"https:\/\/paroisses-chatenay.fr\/stgermain\/wp-json\/wp\/v2\/media?parent=1592"}],"curies":[{"name":"wp","href":"https:\/\/api.w.org\/{rel}","templated":true}]}}