{"id":1722,"date":"2017-11-25T12:36:17","date_gmt":"2017-11-25T11:36:17","guid":{"rendered":"http:\/\/www.paroisses-chatenay.fr\/stgermain\/?page_id=1722"},"modified":"2017-11-25T12:41:29","modified_gmt":"2017-11-25T11:41:29","slug":"point-de-repere-la-priere-universelle","status":"publish","type":"page","link":"https:\/\/paroisses-chatenay.fr\/stgermain\/point-de-repere-la-priere-universelle\/","title":{"rendered":"Point de rep\u00e8re &#8211; La Pri\u00e8re Universelle"},"content":{"rendered":"<p><img data-recalc-dims=\"1\" loading=\"lazy\" decoding=\"async\" data-attachment-id=\"1724\" data-permalink=\"https:\/\/paroisses-chatenay.fr\/stgermain\/point-de-repere-la-priere-universelle\/cimg6269\/#main\" data-orig-file=\"https:\/\/i0.wp.com\/paroisses-chatenay.fr\/stgermain\/wp-content\/uploads\/2017\/11\/CIMG6269-e1511610012896.jpg?fit=1082%2C1163&amp;ssl=1\" data-orig-size=\"1082,1163\" data-comments-opened=\"0\" data-image-meta=\"{&quot;aperture&quot;:&quot;2.8&quot;,&quot;credit&quot;:&quot;&quot;,&quot;camera&quot;:&quot;EX-S10&quot;,&quot;caption&quot;:&quot;&quot;,&quot;created_timestamp&quot;:&quot;1509557426&quot;,&quot;copyright&quot;:&quot;&quot;,&quot;focal_length&quot;:&quot;6.3&quot;,&quot;iso&quot;:&quot;50&quot;,&quot;shutter_speed&quot;:&quot;0.0025&quot;,&quot;title&quot;:&quot;&quot;,&quot;orientation&quot;:&quot;1&quot;}\" data-image-title=\"CIMG6269\" data-image-description=\"\" data-image-caption=\"\" data-large-file=\"https:\/\/i0.wp.com\/paroisses-chatenay.fr\/stgermain\/wp-content\/uploads\/2017\/11\/CIMG6269-e1511610012896.jpg?fit=540%2C580&amp;ssl=1\" class=\"wp-image-1724 size-medium alignright\" src=\"https:\/\/i0.wp.com\/www.paroisses-chatenay.fr\/stgermain\/wp-content\/uploads\/2017\/11\/CIMG6269-e1511610012896-279x300.jpg?resize=279%2C300\" alt=\"\" width=\"279\" height=\"300\" srcset=\"https:\/\/i0.wp.com\/paroisses-chatenay.fr\/stgermain\/wp-content\/uploads\/2017\/11\/CIMG6269-e1511610012896.jpg?resize=279%2C300&amp;ssl=1 279w, https:\/\/i0.wp.com\/paroisses-chatenay.fr\/stgermain\/wp-content\/uploads\/2017\/11\/CIMG6269-e1511610012896.jpg?resize=768%2C825&amp;ssl=1 768w, https:\/\/i0.wp.com\/paroisses-chatenay.fr\/stgermain\/wp-content\/uploads\/2017\/11\/CIMG6269-e1511610012896.jpg?resize=953%2C1024&amp;ssl=1 953w, https:\/\/i0.wp.com\/paroisses-chatenay.fr\/stgermain\/wp-content\/uploads\/2017\/11\/CIMG6269-e1511610012896.jpg?w=1082&amp;ssl=1 1082w\" sizes=\"auto, (max-width: 279px) 100vw, 279px\" \/>Dernier \u00e9l\u00e9ment de la liturgie de la Parole, la pri\u00e8re universelle est aussi appel\u00e9e \u00ab pri\u00e8re des fid\u00e8les \u00bb, autrement dit des baptis\u00e9s, parce qu&rsquo;elle est confi\u00e9e aux membres du Corps du Christ : dans la pri\u00e8re des fid\u00e8les, le peuple exerce sa fonction sacerdotale.<\/p>\n<p>Le missel indique quatre pistes habituelles pour la r\u00e9daction des intentions pour :<br \/>\n&#8211; les besoins de l\u2019\u00c9glise ;<br \/>\n&#8211; les dirigeants des affaires publiques et le salut du monde entier ;<br \/>\n&#8211; ceux qui sont accabl\u00e9s par toutes sortes de difficult\u00e9s ;<br \/>\n&#8211; la communaut\u00e9 locale.<\/p>\n<p>C&rsquo;est la Parole proclam\u00e9e et comment\u00e9e qui sugg\u00e8re les intentions de pri\u00e8re. D&rsquo;o\u00f9 l&rsquo;importance, dans les \u00e9quipes liturgiques, de partager la Parole de Dieu et de la confronter \u00e0 la vie de l&rsquo;\u00c9glise, du monde, de la communaut\u00e9.<\/p>\n<p>La pri\u00e8re universelle n&rsquo;est pas d&rsquo;abord un examen de conscience de la communaut\u00e9 rassembl\u00e9e ou une analyse (ou un exutoire pour se d\u00e9charger) des probl\u00e8mes locaux et mondiaux. Elle est une pri\u00e8re pour que le r\u00e8gne de Dieu grandisse l\u00e0 o\u00f9 il est d\u00e9j\u00e0 plant\u00e9, et l\u00e0 o\u00f9 il ne l&rsquo;est pas encore. Elle est une pri\u00e8re qui convertit d\u00e9j\u00e0 les r\u00e9alit\u00e9s les plus concr\u00e8tes du monde qui nous entoure.<\/p>\n","protected":false},"excerpt":{"rendered":"<p>Dernier \u00e9l\u00e9ment de la liturgie de la Parole, la pri\u00e8re universelle est aussi appel\u00e9e \u00ab pri\u00e8re des fid\u00e8les \u00bb, autrement dit des baptis\u00e9s, parce qu&rsquo;elle est confi\u00e9e aux membres du Corps du Christ : dans la pri\u00e8re des fid\u00e8les, le peuple exerce sa fonction sacerdotale. Le missel indique quatre pistes habituelles pour la r\u00e9daction des intentions pour : &#8211; les besoins de l\u2019\u00c9glise ; &#8211; les dirigeants des affaires publiques et le salut du monde entier ; &#8211; ceux qui <a class=\"more-link\" href=\"https:\/\/paroisses-chatenay.fr\/stgermain\/point-de-repere-la-priere-universelle\/\">Lire plus &#8230;<\/a><\/p>\n","protected":false},"author":1,"featured_media":0,"parent":0,"menu_order":0,"comment_status":"closed","ping_status":"closed","template":"","meta":{"_seopress_robots_primary_cat":"","_seopress_titles_title":"","_seopress_titles_desc":"","_seopress_robots_index":"","jetpack_post_was_ever_published":false,"footnotes":""},"class_list":["post-1722","page","type-page","status-publish","hentry"],"jetpack_sharing_enabled":true,"jetpack_shortlink":"https:\/\/wp.me\/P8QOZc-rM","jetpack_likes_enabled":true,"_links":{"self":[{"href":"https:\/\/paroisses-chatenay.fr\/stgermain\/wp-json\/wp\/v2\/pages\/1722","targetHints":{"allow":["GET"]}}],"collection":[{"href":"https:\/\/paroisses-chatenay.fr\/stgermain\/wp-json\/wp\/v2\/pages"}],"about":[{"href":"https:\/\/paroisses-chatenay.fr\/stgermain\/wp-json\/wp\/v2\/types\/page"}],"author":[{"embeddable":true,"href":"https:\/\/paroisses-chatenay.fr\/stgermain\/wp-json\/wp\/v2\/users\/1"}],"replies":[{"embeddable":true,"href":"https:\/\/paroisses-chatenay.fr\/stgermain\/wp-json\/wp\/v2\/comments?post=1722"}],"version-history":[{"count":3,"href":"https:\/\/paroisses-chatenay.fr\/stgermain\/wp-json\/wp\/v2\/pages\/1722\/revisions"}],"predecessor-version":[{"id":1726,"href":"https:\/\/paroisses-chatenay.fr\/stgermain\/wp-json\/wp\/v2\/pages\/1722\/revisions\/1726"}],"wp:attachment":[{"href":"https:\/\/paroisses-chatenay.fr\/stgermain\/wp-json\/wp\/v2\/media?parent=1722"}],"curies":[{"name":"wp","href":"https:\/\/api.w.org\/{rel}","templated":true}]}}