{"id":231,"date":"2017-03-05T21:28:20","date_gmt":"2017-03-05T20:28:20","guid":{"rendered":"http:\/\/www.paroisses-chatenay.fr\/stgermain\/?page_id=231"},"modified":"2025-12-01T18:07:37","modified_gmt":"2025-12-01T17:07:37","slug":"catechisme-8-10-ans","status":"publish","type":"page","link":"https:\/\/paroisses-chatenay.fr\/stgermain\/catechisme-8-10-ans\/","title":{"rendered":"Cat\u00e9chisme (8 &#8211; 10 ans)"},"content":{"rendered":"\n<p><\/p>\n\n\n<p>La cat\u00e9ch\u00e8se (cat\u00e9chisme pour les enfants du CE2-CM1-CM2 baptis\u00e9s ou non)\u00a0 rassemble parents, enfants, animateurs et pr\u00eatres.<\/p>\n<p>Les enfants d\u00e9couvrent La Parole de Dieu et l\u2019importance de cette Parole pour nous aujourd\u2019hui.<\/p>\n<p>Les enfants sont pr\u00e9par\u00e9s <span style=\"background-color: #ffffff;\">aux<\/span> sacrements (Bapt\u00eame, Eucharistie, R\u00e9conciliation) par l\u2019\u00e9quipe de cat\u00e9chistes, aid\u00e9e par les parents accompagnateurs et des membres de la communaut\u00e9 chr\u00e9tienne de Saint Germain l\u2019Auxerrois.<\/p>\n<p>Le cat\u00e9chisme concerne : toute la communaut\u00e9 de Saint Germain l\u2019Auxerrois, les enfants et leur famille.<\/p>\n<p>Les parents peuvent se former pour chaque \u00e9tape du module en participant \u00e0 une s\u00e9ance de pr\u00e9paration (voir le planning de l&rsquo;ann\u00e9e ci-dessous). \u00catre cat\u00e9chiste est une belle exp\u00e9rience (sur un mois ou plus \u2026).<\/p>\n<h3>Pour s\u2019inscrire, s\u2019adresser \u00e0 l\u2019accueil paroissial et se pr\u00e9senter lors des s\u00e9ances.<\/h3>\n<p>\u25ba Les s\u00e9ances de cat\u00e9chismes ont lieu le samedi matin, en p\u00e9riode scolaire.<br \/>\u25ba Elles commencent \u00e0 10h30 et se terminent \u00e0 12h00<br \/>\u25ba Un temps de pri\u00e8re est pr\u00e9vu le dernier quart d&rsquo;heure \u00e0 l&rsquo;\u00e9glise<\/p>\n<p><a href=\"https:\/\/paroisses-chatenay.fr\/stgermain\/wp-content\/uploads\/2025\/10\/Calendrier_Rentree_KT_2025-2026.pdf\">Programme Cat\u00e9chisme 2025-2026<\/a><\/p>\n<p>Le parcours cat\u00e9ch\u00e9tique utilis\u00e9 : <a href=\"https:\/\/www.alarencontreduseigneur.fr\/la-collection\/8-11ans\/\" target=\"_blank\" rel=\"noopener\">A LA RENCONTRE DU SEIGNEUR<\/a><\/p>\n<p><img data-recalc-dims=\"1\" loading=\"lazy\" decoding=\"async\" data-attachment-id=\"12255\" data-permalink=\"https:\/\/paroisses-chatenay.fr\/stgermain\/catechisme-8-10-ans\/whatsapp-image-2023-09-30-a-13-48-53_6b84fc3b\/#main\" data-orig-file=\"https:\/\/i0.wp.com\/paroisses-chatenay.fr\/stgermain\/wp-content\/uploads\/2025\/12\/WhatsApp-Image-2023-09-30-a-13.48.53_6b84fc3b.jpg?fit=2048%2C1536&amp;ssl=1\" data-orig-size=\"2048,1536\" data-comments-opened=\"0\" data-image-meta=\"{&quot;aperture&quot;:&quot;0&quot;,&quot;credit&quot;:&quot;&quot;,&quot;camera&quot;:&quot;&quot;,&quot;caption&quot;:&quot;&quot;,&quot;created_timestamp&quot;:&quot;0&quot;,&quot;copyright&quot;:&quot;&quot;,&quot;focal_length&quot;:&quot;0&quot;,&quot;iso&quot;:&quot;0&quot;,&quot;shutter_speed&quot;:&quot;0&quot;,&quot;title&quot;:&quot;&quot;,&quot;orientation&quot;:&quot;0&quot;}\" data-image-title=\"WhatsApp Image 2023-09-30 \u00e0 13.48.53_6b84fc3b\" data-image-description=\"\" data-image-caption=\"\" data-large-file=\"https:\/\/i0.wp.com\/paroisses-chatenay.fr\/stgermain\/wp-content\/uploads\/2025\/12\/WhatsApp-Image-2023-09-30-a-13.48.53_6b84fc3b.jpg?fit=540%2C405&amp;ssl=1\" class=\"alignnone size-large wp-image-12255\" src=\"https:\/\/i0.wp.com\/paroisses-chatenay.fr\/stgermain\/wp-content\/uploads\/2025\/12\/WhatsApp-Image-2023-09-30-a-13.48.53_6b84fc3b.jpg?resize=540%2C405&#038;ssl=1\" alt=\"\" width=\"540\" height=\"405\" srcset=\"https:\/\/i0.wp.com\/paroisses-chatenay.fr\/stgermain\/wp-content\/uploads\/2025\/12\/WhatsApp-Image-2023-09-30-a-13.48.53_6b84fc3b.jpg?resize=1024%2C768&amp;ssl=1 1024w, https:\/\/i0.wp.com\/paroisses-chatenay.fr\/stgermain\/wp-content\/uploads\/2025\/12\/WhatsApp-Image-2023-09-30-a-13.48.53_6b84fc3b.jpg?resize=300%2C225&amp;ssl=1 300w, https:\/\/i0.wp.com\/paroisses-chatenay.fr\/stgermain\/wp-content\/uploads\/2025\/12\/WhatsApp-Image-2023-09-30-a-13.48.53_6b84fc3b.jpg?resize=768%2C576&amp;ssl=1 768w, https:\/\/i0.wp.com\/paroisses-chatenay.fr\/stgermain\/wp-content\/uploads\/2025\/12\/WhatsApp-Image-2023-09-30-a-13.48.53_6b84fc3b.jpg?resize=1536%2C1152&amp;ssl=1 1536w, https:\/\/i0.wp.com\/paroisses-chatenay.fr\/stgermain\/wp-content\/uploads\/2025\/12\/WhatsApp-Image-2023-09-30-a-13.48.53_6b84fc3b.jpg?w=2048&amp;ssl=1 2048w, https:\/\/i0.wp.com\/paroisses-chatenay.fr\/stgermain\/wp-content\/uploads\/2025\/12\/WhatsApp-Image-2023-09-30-a-13.48.53_6b84fc3b.jpg?w=1080&amp;ssl=1 1080w, https:\/\/i0.wp.com\/paroisses-chatenay.fr\/stgermain\/wp-content\/uploads\/2025\/12\/WhatsApp-Image-2023-09-30-a-13.48.53_6b84fc3b.jpg?w=1620&amp;ssl=1 1620w\" sizes=\"auto, (max-width: 540px) 100vw, 540px\" \/><\/p>\n<p><strong>Les 4 modules de l\u2019ann\u00e9e<\/strong> :<\/p>\n<p>\u25ba\u00a0<a href=\"https:\/\/www.alarencontreduseigneur.fr\/dieu-nous-aime\/\">Dieu nous aime<\/a><br \/>\u25ba\u00a0<a href=\"https:\/\/www.alarencontreduseigneur.fr\/dieu-se-fait-proche\/\">Dieu se fait proche<\/a><br \/>\u25ba <a href=\"https:\/\/www.alarencontreduseigneur.fr\/dieu-cree-par-sa-parole\/\">Dieu cr\u00e9e par sa Parole<\/a><br \/>\u25ba <a href=\"https:\/\/www.alarencontreduseigneur.fr\/dieu-sauve-et-libere\/\">Dieu sauve et lib\u00e8re<\/a><\/p>\n<p>Chaque \u00e9tape (quatre au total) est pr\u00e9par\u00e9e entre cat\u00e9chistes avant les deux s\u00e9ances. En tant qu\u2019animateur on peut d\u00e9cider de n\u2019animer qu\u2019une seule \u00e9tape au cours de l\u2019ann\u00e9e.<\/p>\n<hr \/>\n<p><strong>Pr\u00e9paration \u00e0 la 1\u00e8re communion<\/strong> <br \/>Les s\u00e9ances s\u2019ins\u00e8rent dans les s\u00e9ances de cat\u00e9chismes pour les enfants du CM1 et pour ceux d\u00e9sirant recevoir ce sacrement, en \u00e9tant baptis\u00e9 et apr\u00e8s une ann\u00e9e de cat\u00e9chisme.<\/p>\n<p><img data-recalc-dims=\"1\" loading=\"lazy\" decoding=\"async\" data-attachment-id=\"12258\" data-permalink=\"https:\/\/paroisses-chatenay.fr\/stgermain\/catechisme-8-10-ans\/20210605_174132\/#main\" data-orig-file=\"https:\/\/i0.wp.com\/paroisses-chatenay.fr\/stgermain\/wp-content\/uploads\/2025\/12\/20210605_174132-scaled.jpg?fit=2560%2C1152&amp;ssl=1\" data-orig-size=\"2560,1152\" data-comments-opened=\"0\" data-image-meta=\"{&quot;aperture&quot;:&quot;2.2&quot;,&quot;credit&quot;:&quot;&quot;,&quot;camera&quot;:&quot;SM-A515F&quot;,&quot;caption&quot;:&quot;&quot;,&quot;created_timestamp&quot;:&quot;1622914892&quot;,&quot;copyright&quot;:&quot;&quot;,&quot;focal_length&quot;:&quot;1.74&quot;,&quot;iso&quot;:&quot;80&quot;,&quot;shutter_speed&quot;:&quot;0.02&quot;,&quot;title&quot;:&quot;&quot;,&quot;orientation&quot;:&quot;1&quot;}\" data-image-title=\"20210605_174132\" data-image-description=\"\" data-image-caption=\"\" data-large-file=\"https:\/\/i0.wp.com\/paroisses-chatenay.fr\/stgermain\/wp-content\/uploads\/2025\/12\/20210605_174132-scaled.jpg?fit=540%2C243&amp;ssl=1\" class=\"alignnone size-large wp-image-12258\" src=\"https:\/\/i0.wp.com\/paroisses-chatenay.fr\/stgermain\/wp-content\/uploads\/2025\/12\/20210605_174132.jpg?resize=540%2C243&#038;ssl=1\" alt=\"\" width=\"540\" height=\"243\" srcset=\"https:\/\/i0.wp.com\/paroisses-chatenay.fr\/stgermain\/wp-content\/uploads\/2025\/12\/20210605_174132-scaled.jpg?resize=1024%2C461&amp;ssl=1 1024w, https:\/\/i0.wp.com\/paroisses-chatenay.fr\/stgermain\/wp-content\/uploads\/2025\/12\/20210605_174132-scaled.jpg?resize=300%2C135&amp;ssl=1 300w, https:\/\/i0.wp.com\/paroisses-chatenay.fr\/stgermain\/wp-content\/uploads\/2025\/12\/20210605_174132-scaled.jpg?resize=768%2C346&amp;ssl=1 768w, https:\/\/i0.wp.com\/paroisses-chatenay.fr\/stgermain\/wp-content\/uploads\/2025\/12\/20210605_174132-scaled.jpg?resize=1536%2C691&amp;ssl=1 1536w, https:\/\/i0.wp.com\/paroisses-chatenay.fr\/stgermain\/wp-content\/uploads\/2025\/12\/20210605_174132-scaled.jpg?resize=2048%2C922&amp;ssl=1 2048w, https:\/\/i0.wp.com\/paroisses-chatenay.fr\/stgermain\/wp-content\/uploads\/2025\/12\/20210605_174132-scaled.jpg?w=1080&amp;ssl=1 1080w, https:\/\/i0.wp.com\/paroisses-chatenay.fr\/stgermain\/wp-content\/uploads\/2025\/12\/20210605_174132-scaled.jpg?w=1620&amp;ssl=1 1620w\" sizes=\"auto, (max-width: 540px) 100vw, 540px\" \/><\/p>\n<hr \/>\n<p><strong><u>Pr\u00e9paration au bapt\u00eame<br \/><\/u><\/strong>En plus des s\u00e9ances habituelles du cat\u00e9chisme, les enfants suivront quatre r\u00e9unions d\u00e9di\u00e9es, \u00e9galement le samedi matin (dates \u00e0 venir) et bien s\u00fbr les \u00e9tapes liturgiques (Accueil, Entr\u00e9e en Cat\u00e9chum\u00e9nat, Scrutins et Bapt\u00eame + la c\u00e9l\u00e9bration). Merci de formuler la demande rapidement en d\u00e9but d&rsquo;ann\u00e9e. Une ann\u00e9e pr\u00e9alable de cat\u00e9chisme est demand\u00e9e.<\/p>\n<p><img data-recalc-dims=\"1\" loading=\"lazy\" decoding=\"async\" data-attachment-id=\"12259\" data-permalink=\"https:\/\/paroisses-chatenay.fr\/stgermain\/catechisme-8-10-ans\/img_1135-1\/#main\" data-orig-file=\"https:\/\/i0.wp.com\/paroisses-chatenay.fr\/stgermain\/wp-content\/uploads\/2025\/12\/IMG_1135-1.jpg?fit=2016%2C1512&amp;ssl=1\" data-orig-size=\"2016,1512\" data-comments-opened=\"0\" data-image-meta=\"{&quot;aperture&quot;:&quot;0&quot;,&quot;credit&quot;:&quot;&quot;,&quot;camera&quot;:&quot;&quot;,&quot;caption&quot;:&quot;&quot;,&quot;created_timestamp&quot;:&quot;0&quot;,&quot;copyright&quot;:&quot;&quot;,&quot;focal_length&quot;:&quot;0&quot;,&quot;iso&quot;:&quot;0&quot;,&quot;shutter_speed&quot;:&quot;0&quot;,&quot;title&quot;:&quot;&quot;,&quot;orientation&quot;:&quot;1&quot;}\" data-image-title=\"IMG_1135 (1)\" data-image-description=\"\" data-image-caption=\"\" data-large-file=\"https:\/\/i0.wp.com\/paroisses-chatenay.fr\/stgermain\/wp-content\/uploads\/2025\/12\/IMG_1135-1.jpg?fit=540%2C405&amp;ssl=1\" class=\"alignnone size-large wp-image-12259\" src=\"https:\/\/i0.wp.com\/paroisses-chatenay.fr\/stgermain\/wp-content\/uploads\/2025\/12\/IMG_1135-1.jpg?resize=540%2C405&#038;ssl=1\" alt=\"\" width=\"540\" height=\"405\" srcset=\"https:\/\/i0.wp.com\/paroisses-chatenay.fr\/stgermain\/wp-content\/uploads\/2025\/12\/IMG_1135-1.jpg?resize=1024%2C768&amp;ssl=1 1024w, https:\/\/i0.wp.com\/paroisses-chatenay.fr\/stgermain\/wp-content\/uploads\/2025\/12\/IMG_1135-1.jpg?resize=300%2C225&amp;ssl=1 300w, https:\/\/i0.wp.com\/paroisses-chatenay.fr\/stgermain\/wp-content\/uploads\/2025\/12\/IMG_1135-1.jpg?resize=768%2C576&amp;ssl=1 768w, https:\/\/i0.wp.com\/paroisses-chatenay.fr\/stgermain\/wp-content\/uploads\/2025\/12\/IMG_1135-1.jpg?resize=1536%2C1152&amp;ssl=1 1536w, https:\/\/i0.wp.com\/paroisses-chatenay.fr\/stgermain\/wp-content\/uploads\/2025\/12\/IMG_1135-1.jpg?w=2016&amp;ssl=1 2016w, https:\/\/i0.wp.com\/paroisses-chatenay.fr\/stgermain\/wp-content\/uploads\/2025\/12\/IMG_1135-1.jpg?w=1080&amp;ssl=1 1080w, https:\/\/i0.wp.com\/paroisses-chatenay.fr\/stgermain\/wp-content\/uploads\/2025\/12\/IMG_1135-1.jpg?w=1620&amp;ssl=1 1620w\" sizes=\"auto, (max-width: 540px) 100vw, 540px\" \/><\/p>\n<hr \/>\n<p><strong>Sorties et p\u00e8lerinage<\/strong> <br \/>En fin d&rsquo;ann\u00e9e, les enfants partent en p\u00e8lerinage \u00e0 pied ou \u00e0 v\u00e9lo \u00e0 l&rsquo;abbaye Notre-Dame du Temple \u00e0 Vauhallan. Les familles sont invit\u00e9es \u00e0 y participer. \u00c0 la demande des enfants, d&rsquo;autres sorties dans la r\u00e9gion de Ch\u00e2tenay sont pr\u00e9vues.<\/p>\n<p><img data-recalc-dims=\"1\" loading=\"lazy\" decoding=\"async\" data-attachment-id=\"12257\" data-permalink=\"https:\/\/paroisses-chatenay.fr\/stgermain\/catechisme-8-10-ans\/capture-decran-2025-12-01-174426-2\/#main\" data-orig-file=\"https:\/\/i0.wp.com\/paroisses-chatenay.fr\/stgermain\/wp-content\/uploads\/2025\/12\/Capture-decran-2025-12-01-174426-1.jpg?fit=924%2C736&amp;ssl=1\" data-orig-size=\"924,736\" data-comments-opened=\"0\" data-image-meta=\"{&quot;aperture&quot;:&quot;0&quot;,&quot;credit&quot;:&quot;&quot;,&quot;camera&quot;:&quot;&quot;,&quot;caption&quot;:&quot;&quot;,&quot;created_timestamp&quot;:&quot;0&quot;,&quot;copyright&quot;:&quot;&quot;,&quot;focal_length&quot;:&quot;0&quot;,&quot;iso&quot;:&quot;0&quot;,&quot;shutter_speed&quot;:&quot;0&quot;,&quot;title&quot;:&quot;&quot;,&quot;orientation&quot;:&quot;0&quot;}\" data-image-title=\"Capture d\u2019\u00e9cran 2025-12-01 174426\" data-image-description=\"\" data-image-caption=\"\" data-large-file=\"https:\/\/i0.wp.com\/paroisses-chatenay.fr\/stgermain\/wp-content\/uploads\/2025\/12\/Capture-decran-2025-12-01-174426-1.jpg?fit=540%2C430&amp;ssl=1\" class=\"alignnone size-full wp-image-12257\" src=\"https:\/\/i0.wp.com\/paroisses-chatenay.fr\/stgermain\/wp-content\/uploads\/2025\/12\/Capture-decran-2025-12-01-174426-1.jpg?resize=540%2C430&#038;ssl=1\" alt=\"\" width=\"540\" height=\"430\" srcset=\"https:\/\/i0.wp.com\/paroisses-chatenay.fr\/stgermain\/wp-content\/uploads\/2025\/12\/Capture-decran-2025-12-01-174426-1.jpg?w=924&amp;ssl=1 924w, https:\/\/i0.wp.com\/paroisses-chatenay.fr\/stgermain\/wp-content\/uploads\/2025\/12\/Capture-decran-2025-12-01-174426-1.jpg?resize=300%2C239&amp;ssl=1 300w, https:\/\/i0.wp.com\/paroisses-chatenay.fr\/stgermain\/wp-content\/uploads\/2025\/12\/Capture-decran-2025-12-01-174426-1.jpg?resize=768%2C612&amp;ssl=1 768w\" sizes=\"auto, (max-width: 540px) 100vw, 540px\" \/><\/p>\n<hr \/>\n<p><strong><u>Animation des messes<br \/><\/u><\/strong>Les enfants et leurs familles sont invit\u00e9es \u00e0 participer activement aux messes de famille \u00e0 travers les lectures, les chants, l&rsquo;accueil, la r\u00e9daction de la pri\u00e8re universelle ou d&rsquo;autres gestes. La messe est un moment de gr\u00e2ce o\u00f9 les enfants renforcent leurs liens avec Dieu et avec la communaut\u00e9 paroissiale.<\/p>\n<hr \/>\n<h1><span style=\"color: #008000;\"><strong>Les Contacts<\/strong><\/span><\/h1>\n<p><strong>Les s<\/strong><strong>\u00e9ances du samedi matin<\/strong><\/p>\n<p><span style=\"color: #000080;\">Responsable du cat\u00e9chisme et cat\u00e9chiste : <strong>Grazielle<\/strong> Coutinho <\/span><br \/><span style=\"color: #000080;\">Coordinateur p\u00e9dagogique et cat\u00e9chiste : <strong>Patrick<\/strong> Viratelle<br \/>Responsable des messes et cat\u00e9chiste : <strong>Nadia<\/strong> Khago<\/span><\/p>\n<p>Pr\u00eatre accompagnateur : P\u00e8re Pierre Bourdon<\/p>\n<p><b>Contact pour toute question :<\/b><\/p>\n<p><a href=\"mailto:kt@saintgermainchatenay.fr\">kt@saintgermainchatenay.fr<\/a><\/p>\n<hr \/>\n<h1><strong><em>Pour aller plus loin\u2026<\/em><\/strong><\/h1>\n<p>Site du Dioc\u00e8se\u00a092 : <a href=\"https:\/\/diocese92.fr\/-enfants-\" target=\"_blank\" rel=\"noopener\">https:\/\/diocese92.fr\/-enfants<\/a><\/p>","protected":false},"excerpt":{"rendered":"<p>La cat\u00e9ch\u00e8se (cat\u00e9chisme pour les enfants du CE2-CM1-CM2 baptis\u00e9s ou non)\u00a0 rassemble parents, enfants, animateurs et pr\u00eatres. Les enfants d\u00e9couvrent La Parole de Dieu et l\u2019importance de cette Parole pour nous aujourd\u2019hui. Les enfants sont pr\u00e9par\u00e9s aux sacrements (Bapt\u00eame, Eucharistie, R\u00e9conciliation) par l\u2019\u00e9quipe de cat\u00e9chistes, aid\u00e9e par les parents accompagnateurs et des membres de la communaut\u00e9 chr\u00e9tienne de Saint Germain l\u2019Auxerrois. Le cat\u00e9chisme concerne : toute la communaut\u00e9 de Saint Germain l\u2019Auxerrois, les enfants et leur famille. Les parents peuvent <a class=\"more-link\" href=\"https:\/\/paroisses-chatenay.fr\/stgermain\/catechisme-8-10-ans\/\">Lire plus &#8230;<\/a><\/p>\n","protected":false},"author":1,"featured_media":0,"parent":0,"menu_order":0,"comment_status":"closed","ping_status":"closed","template":"","meta":{"_seopress_robots_primary_cat":"","_seopress_titles_title":"","_seopress_titles_desc":"","_seopress_robots_index":"","jetpack_post_was_ever_published":false,"footnotes":""},"class_list":["post-231","page","type-page","status-publish","hentry"],"jetpack_sharing_enabled":true,"jetpack_shortlink":"https:\/\/wp.me\/P8QOZc-3J","jetpack_likes_enabled":true,"_links":{"self":[{"href":"https:\/\/paroisses-chatenay.fr\/stgermain\/wp-json\/wp\/v2\/pages\/231","targetHints":{"allow":["GET"]}}],"collection":[{"href":"https:\/\/paroisses-chatenay.fr\/stgermain\/wp-json\/wp\/v2\/pages"}],"about":[{"href":"https:\/\/paroisses-chatenay.fr\/stgermain\/wp-json\/wp\/v2\/types\/page"}],"author":[{"embeddable":true,"href":"https:\/\/paroisses-chatenay.fr\/stgermain\/wp-json\/wp\/v2\/users\/1"}],"replies":[{"embeddable":true,"href":"https:\/\/paroisses-chatenay.fr\/stgermain\/wp-json\/wp\/v2\/comments?post=231"}],"version-history":[{"count":51,"href":"https:\/\/paroisses-chatenay.fr\/stgermain\/wp-json\/wp\/v2\/pages\/231\/revisions"}],"predecessor-version":[{"id":12263,"href":"https:\/\/paroisses-chatenay.fr\/stgermain\/wp-json\/wp\/v2\/pages\/231\/revisions\/12263"}],"wp:attachment":[{"href":"https:\/\/paroisses-chatenay.fr\/stgermain\/wp-json\/wp\/v2\/media?parent=231"}],"curies":[{"name":"wp","href":"https:\/\/api.w.org\/{rel}","templated":true}]}}