{"id":399,"date":"2017-03-12T14:56:29","date_gmt":"2017-03-12T13:56:29","guid":{"rendered":"http:\/\/www.paroisses-chatenay.fr\/stgermain\/?page_id=399"},"modified":"2022-03-10T20:28:58","modified_gmt":"2022-03-10T19:28:58","slug":"liturgie-et-services","status":"publish","type":"page","link":"https:\/\/paroisses-chatenay.fr\/stgermain\/liturgie-et-services\/","title":{"rendered":"Liturgie et Services"},"content":{"rendered":"<h1 class=\"titre\"><span style=\"color: #333399;\">\u00c9quipe Liturgie<\/span><\/h1>\n<div class=\"tblover\">\n<div>\n<p>Une \u00e9quipe liturgique se r\u00e9unit tous les mois pour assurer au mieux le bon d\u00e9roulement des c\u00e9l\u00e9brations liturgiques (pr\u00e9paration et animation des messes et f\u00eates) ; elle propose une r\u00e9flexion sur la liturgie dans son ensemble.<\/p>\n<p>Contacts :<br \/>\nP\u00e8re <b>Pierre Bourdon <\/b><a href=\"mailto:pierre.bourdon@free.fr\">pierre.bourdon@free.fr<\/a><br \/>\n<strong>Christilla Loza &amp; Pierre Peyrard<br \/>\n<\/strong><\/p>\n<hr \/>\n<\/div>\n<h1 class=\"titre\"><span style=\"color: #333399;\">Servants d&rsquo;Autel<img data-recalc-dims=\"1\" loading=\"lazy\" decoding=\"async\" data-attachment-id=\"429\" data-permalink=\"https:\/\/paroisses-chatenay.fr\/stgermain\/liturgie-et-services\/servantsdautel\/#main\" data-orig-file=\"https:\/\/i0.wp.com\/paroisses-chatenay.fr\/stgermain\/wp-content\/uploads\/2017\/03\/servantsDAutel.jpg?fit=235%2C292&amp;ssl=1\" data-orig-size=\"235,292\" data-comments-opened=\"0\" data-image-meta=\"{&quot;aperture&quot;:&quot;0&quot;,&quot;credit&quot;:&quot;&quot;,&quot;camera&quot;:&quot;&quot;,&quot;caption&quot;:&quot;&quot;,&quot;created_timestamp&quot;:&quot;0&quot;,&quot;copyright&quot;:&quot;&quot;,&quot;focal_length&quot;:&quot;0&quot;,&quot;iso&quot;:&quot;0&quot;,&quot;shutter_speed&quot;:&quot;0&quot;,&quot;title&quot;:&quot;&quot;,&quot;orientation&quot;:&quot;0&quot;}\" data-image-title=\"servantsDAutel\" data-image-description=\"\" data-image-caption=\"\" data-large-file=\"https:\/\/i0.wp.com\/paroisses-chatenay.fr\/stgermain\/wp-content\/uploads\/2017\/03\/servantsDAutel.jpg?fit=235%2C292&amp;ssl=1\" class=\"size-full wp-image-429 alignright\" src=\"https:\/\/i0.wp.com\/www.paroisses-chatenay.fr\/stgermain\/wp-content\/uploads\/2017\/03\/servantsDAutel.jpg?resize=235%2C292\" alt=\"\" width=\"235\" height=\"292\" \/><\/span><\/h1>\n<div class=\"tblover\">\n<div>\n<p>Les enfants qui le souhaitent peuvent participer au service de l\u2019autel lors des messes.<\/p>\n<p>Les servants d&rsquo;autel (ou enfants de ch\u0153ur) participent, et \u00ab\u00a0servent\u00a0\u00bb, les diff\u00e9rentes \u00e9tapes de la messe. Les principales \u00e9tapes sont rappel\u00e9es.<\/p>\n<p><b>Rite d\u2019ouverture (procession d\u2019entr\u00e9e) <\/b><br \/>\nLes enfants de ch\u0153ur entrent dans l\u2019\u00c9glise en procession avec le(s) pr\u00eatre(s), et passent par l\u2019all\u00e9e centrale, ils marchent en t\u00eate de la procession.En arrivant devant l\u2019autel, ils s\u2019\u00e9cartent et font un signe d\u2019inclination en m\u00eame temps que le pr\u00eatre. Ils regagnent ensuite leur place \u00e0 cot\u00e9 du pr\u00eatre (tabourets).<br \/>\n<b>Liturgie de la parole<\/b><br \/>\nLors de l\u2019acclamation de l\u2019\u00e9vangile par l\u2019All\u00e9luia, les enfants de ch\u0153ur vont chercher les cierges pr\u00e8s de l\u2019autel et se placent devant l\u2019ambon de chaque cot\u00e9 du pr\u00eatre.Apr\u00e8s la proclamation de l\u2019\u00c9vangile, ils reportent les cierges o\u00f9 ils les avaient pris et regagnent leurs places.<br \/>\n<b>Liturgie Eucharistique<\/b><br \/>\nLe premier servant am\u00e8ne le Corporal (grand linge). Le deuxi\u00e8me servant am\u00e8ne le Pat\u00e8ne avec le grand hostie. Ils repartent ensemble vers la cr\u00e9dence. Le premier servant am\u00e8ne le calice avec le vin. Le deuxi\u00e8me servant am\u00e8ne le Purificatoire (moyen linge) et la burette avec l\u2019eau. Ils repartent ensemble vers la cr\u00e9dence.<\/p>\n<p>Ils pr\u00e9parent ensuite le rite du lavement des mains :<br \/>\n&#8211; Le premier servant am\u00e8ne le lavabo ( burette d\u2019eau + plateau )<br \/>\n&#8211; Le deuxi\u00e8me servant am\u00e8ne le Manuterge(petit linge)<br \/>\n&#8211; L\u2019un verse l\u2019eau sur les mains du pr\u00eatre et le second lui pr\u00e9sente l\u2019essuie-mains, puis les deux s\u2019inclinent et regagnent leur place.<\/p>\n<p>Au moment de la cons\u00e9cration les servants se tournent vers le pr\u00eatre et l\u2019autel.<br \/>\n<b>Signe de la paix<\/b><br \/>\nLes servants partent ensemble au fond de l\u2019\u00e9glise et font un geste de paix aux diff\u00e9rents membres de l\u2019assembl\u00e9e en remontant vers l\u2019Autel.<br \/>\n<b>Rite de conclusion<\/b><br \/>\nPour la procession de sortie, les servants prennent place dans la procession comme pour l\u2019entr\u00e9e avec un geste d\u2019inclination devant l\u2019autel.<\/p>\n<\/div>\n<p><b>Contacts\u00a0:<\/b>\u00a0 <strong>Fredy Bada<\/strong> <a href=\"mailto:badafredyp@gmail.com\">badafredyp@gmail.com<\/a><br \/>\nP\u00e8re <strong>Pierre Bourdon<\/strong> <a href=\"mailto:pierre.bourdon@free.fr\">pierre.bourdon@free.fr<\/a><br \/>\nPour plus d&rsquo;informations, aller sur <a href=\"https:\/\/liturgie.catholique.fr\/service-autel\/\" target=\"_blank\" rel=\"noopener\">https:\/\/liturgie.catholique.fr\/service-autel\/<\/a><\/p>\n<p><img data-recalc-dims=\"1\" loading=\"lazy\" decoding=\"async\" class=\"alignnone  wp-image-8763\" src=\"https:\/\/i0.wp.com\/paroisses-chatenay.fr\/stgermain\/wp-content\/uploads\/2022\/02\/ServantsAutel.png?resize=171%2C196&#038;ssl=1\" alt=\"\" width=\"171\" height=\"196\" \/><\/p>\n<\/div>\n<div>\n<hr \/>\n<h1 class=\"titre\"><span style=\"color: #333399;\">Accueil et Sacristie<img data-recalc-dims=\"1\" loading=\"lazy\" decoding=\"async\" data-attachment-id=\"428\" data-permalink=\"https:\/\/paroisses-chatenay.fr\/stgermain\/liturgie-et-services\/sacristie\/#main\" data-orig-file=\"https:\/\/i0.wp.com\/paroisses-chatenay.fr\/stgermain\/wp-content\/uploads\/2017\/03\/sacristie.jpg?fit=320%2C240&amp;ssl=1\" data-orig-size=\"320,240\" data-comments-opened=\"0\" data-image-meta=\"{&quot;aperture&quot;:&quot;0&quot;,&quot;credit&quot;:&quot;&quot;,&quot;camera&quot;:&quot;&quot;,&quot;caption&quot;:&quot;&quot;,&quot;created_timestamp&quot;:&quot;0&quot;,&quot;copyright&quot;:&quot;&quot;,&quot;focal_length&quot;:&quot;0&quot;,&quot;iso&quot;:&quot;0&quot;,&quot;shutter_speed&quot;:&quot;0&quot;,&quot;title&quot;:&quot;&quot;,&quot;orientation&quot;:&quot;0&quot;}\" data-image-title=\"sacristie\" data-image-description=\"\" data-image-caption=\"\" data-large-file=\"https:\/\/i0.wp.com\/paroisses-chatenay.fr\/stgermain\/wp-content\/uploads\/2017\/03\/sacristie.jpg?fit=320%2C240&amp;ssl=1\" class=\"size-medium wp-image-428 alignright\" src=\"https:\/\/i0.wp.com\/www.paroisses-chatenay.fr\/stgermain\/wp-content\/uploads\/2017\/03\/sacristie-300x225.jpg?resize=300%2C225\" alt=\"\" width=\"300\" height=\"225\" srcset=\"https:\/\/i0.wp.com\/paroisses-chatenay.fr\/stgermain\/wp-content\/uploads\/2017\/03\/sacristie.jpg?resize=300%2C225&amp;ssl=1 300w, https:\/\/i0.wp.com\/paroisses-chatenay.fr\/stgermain\/wp-content\/uploads\/2017\/03\/sacristie.jpg?w=320&amp;ssl=1 320w\" sizes=\"auto, (max-width: 300px) 100vw, 300px\" \/><\/span><\/h1>\n<div class=\"tblover\">\n<div>\n<p>L&rsquo;accueil lors des messes consiste en :<br \/>\n&#8211; la pr\u00e9paration de l&rsquo;\u00e9glise,<br \/>\n&#8211; l&rsquo;accueil.<\/p>\n<p><b>Quelques documents :<\/b><br \/>\n&#8211; Pour la pr\u00e9paration de l&rsquo;\u00e9glise : voir les \u00ab\u00a0<a href=\"http:\/\/www.saint.germain.free.fr\/guppy\/pages\/preparerLaMesse.php\">br\u00e8ves indications pour la pr\u00e9paration mat\u00e9rielle de l&rsquo;\u00e9glise avant la messe<\/a>\u00a0\u00bb<\/p>\n<p>&#8211; Un <a href=\"http:\/\/www.saint.germain.free.fr\/guppy\/blog.php?lng=fr&amp;sel=pg&amp;pg=492\">t\u00e9moignage <\/a>de ce service d&rsquo;accueil.<\/p>\n<p><i><b>Contacts <\/b><\/i>: P\u00e8re\u00a0<b>Pierre Bourdon <\/b>et <b><strong>Fredy Bada<\/strong><a href=\"mailto:badafredyp@gmail.com\">badafredyp@gmail.com<\/a><br \/>\n<\/b><\/p>\n<hr \/>\n<\/div>\n<\/div>\n<h1><span style=\"color: #333399;\">Chorale, Fleurs, Service de l&rsquo;Autel<\/span><\/h1>\n<div class=\"tblover\">\n<div>\n<p>Animations des messes : <i><b>chorale<\/b><\/i>.<br \/>\nPour participer \u00e0 la chorale de la messe de 10h30 :<br \/>\nContact : <b>Catherine de Lafarge<br \/>\n<\/b><\/p>\n<p>Pour participer \u00e0 la liturgie par les <b>fleurs <\/b>:<br \/>\nContact : <strong>Christine Blanc L\u00e9onard<\/strong> : <a href=\"mailto:christine.blanc-leonard@sfr.fr\" target=\"_blank\" rel=\"noreferrer noopener\">christine.blanc-leonard@sfr.fr<\/a><\/p>\n<p><img data-recalc-dims=\"1\" loading=\"lazy\" decoding=\"async\" class=\"alignnone  wp-image-8692\" src=\"https:\/\/i0.wp.com\/paroisses-chatenay.fr\/stgermain\/wp-content\/uploads\/2022\/02\/EquipeFleurs.png?resize=166%2C137&#038;ssl=1\" alt=\"\" width=\"166\" height=\"137\" \/><\/p>\n<hr \/>\n<\/div>\n<\/div>\n<p><i><b>Documents pour la proclamation de la Parole<\/b><\/i><\/p>\n<p>EXPOSE POUR LA FORMATION AU LECTORAT \u2013 Ch\u00e2tenay-Malabry 08\/10\/11<br \/>\n<a href=\"http:\/\/www.saint.germain.free.fr\/guppy\/file\/evenements2011\/liturgie\/exposePourLaFormationAuLectorat.doc\">Extrait de \u00ab Proclamer la parole \u00bb, Claude Duchesneau, Guide C\u00e9l\u00e9brer, Cerf\/CNPL, 1999<\/a><\/p>\n<p>PETIT GUIDE DU PARFAIT LECTEUR \u2013\u00a0 Ch\u00e2tenay-Malabry 08\/10\/11<br \/>\n<a href=\"http:\/\/www.saint.germain.free.fr\/guppy\/file\/evenements2011\/liturgie\/PETIT%20GUIDE%20DU%20PARFAIT%20LECTEUR.doc\">Centre National de Pastorale Liturgique \/Claude DUCHESNEAU\/ Guide CELEBRER\/ \u00e9d. du CERF\/ 1993<\/a><\/p>\n<hr \/>\n<\/div>\n<\/div>\n","protected":false},"excerpt":{"rendered":"<p>\u00c9quipe Liturgie Une \u00e9quipe liturgique se r\u00e9unit tous les mois pour assurer au mieux le bon d\u00e9roulement des c\u00e9l\u00e9brations liturgiques (pr\u00e9paration et animation des messes et f\u00eates) ; elle propose une r\u00e9flexion sur la liturgie dans son ensemble. Contacts : P\u00e8re Pierre Bourdon pierre.bourdon@free.fr Christilla Loza &amp; Pierre Peyrard Servants d&rsquo;Autel Les enfants qui le souhaitent peuvent participer au service de l\u2019autel lors des messes. Les servants d&rsquo;autel (ou enfants de ch\u0153ur) participent, et \u00ab\u00a0servent\u00a0\u00bb, les diff\u00e9rentes \u00e9tapes de la <a class=\"more-link\" href=\"https:\/\/paroisses-chatenay.fr\/stgermain\/liturgie-et-services\/\">Lire plus &#8230;<\/a><\/p>\n","protected":false},"author":1,"featured_media":0,"parent":0,"menu_order":0,"comment_status":"closed","ping_status":"closed","template":"","meta":{"_seopress_robots_primary_cat":"","_seopress_titles_title":"","_seopress_titles_desc":"","_seopress_robots_index":"","jetpack_post_was_ever_published":false,"footnotes":""},"class_list":["post-399","page","type-page","status-publish","hentry"],"jetpack_sharing_enabled":true,"jetpack_shortlink":"https:\/\/wp.me\/P8QOZc-6r","jetpack_likes_enabled":true,"_links":{"self":[{"href":"https:\/\/paroisses-chatenay.fr\/stgermain\/wp-json\/wp\/v2\/pages\/399","targetHints":{"allow":["GET"]}}],"collection":[{"href":"https:\/\/paroisses-chatenay.fr\/stgermain\/wp-json\/wp\/v2\/pages"}],"about":[{"href":"https:\/\/paroisses-chatenay.fr\/stgermain\/wp-json\/wp\/v2\/types\/page"}],"author":[{"embeddable":true,"href":"https:\/\/paroisses-chatenay.fr\/stgermain\/wp-json\/wp\/v2\/users\/1"}],"replies":[{"embeddable":true,"href":"https:\/\/paroisses-chatenay.fr\/stgermain\/wp-json\/wp\/v2\/comments?post=399"}],"version-history":[{"count":6,"href":"https:\/\/paroisses-chatenay.fr\/stgermain\/wp-json\/wp\/v2\/pages\/399\/revisions"}],"predecessor-version":[{"id":8847,"href":"https:\/\/paroisses-chatenay.fr\/stgermain\/wp-json\/wp\/v2\/pages\/399\/revisions\/8847"}],"wp:attachment":[{"href":"https:\/\/paroisses-chatenay.fr\/stgermain\/wp-json\/wp\/v2\/media?parent=399"}],"curies":[{"name":"wp","href":"https:\/\/api.w.org\/{rel}","templated":true}]}}