{"id":495,"date":"2017-03-13T22:02:30","date_gmt":"2017-03-13T21:02:30","guid":{"rendered":"http:\/\/www.paroisses-chatenay.fr\/stgermain\/?page_id=495"},"modified":"2017-03-13T22:06:52","modified_gmt":"2017-03-13T21:06:52","slug":"mennonite","status":"publish","type":"page","link":"https:\/\/paroisses-chatenay.fr\/stgermain\/mennonite\/","title":{"rendered":"Mennonite"},"content":{"rendered":"<p><i><b>Un peu d&rsquo;histoire&#8230;<\/b><\/i><\/p>\n<p>Les mennonites trouvent leurs origines dans l\u2019anabaptisme pacifique de la R\u00e9forme protestante du XVIe si\u00e8cle. Apparus vers 1525 dans l\u2019entourage du r\u00e9formateur zurichois Zwingli, le mouvement se propage ensuite vers l\u2019est et vers le nord, le long du Rhin. Il se structure aux Pays Bas autour de Menno Simons, pr\u00eatre catholique devenu anabaptiste. C\u2019est de lui que les mennonites actuels tirent leur nom.<\/p>\n<p>Voici quelques-unes des sp\u00e9cificit\u00e9s mennonites au sein de la famille chr\u00e9tienne plus large :<br \/>\n&#8211; l\u2019adh\u00e9sion volontaire et consenti \u00e0 J\u00e9sus-Christ et \u00e0 l\u2019Eglise, d\u2019o\u00f9 la pratique du bapt\u00eame sur profession de foi,<br \/>\n&#8211; la non-violence et l\u2019engagement pour la paix,<br \/>\n&#8211; une conception communautaire de l\u2019Eglise,<br \/>\n&#8211; la non-ing\u00e9rence de l\u2019Etat dans les affaires de l\u2019Eglise.<\/p>\n<p>Ces pratiques n\u2019\u00e9tant pas toujours acceptables dans un premier temps par les autres chr\u00e9tiens, les mennonites ont connu la pers\u00e9cution, le d\u00e9placement et l\u2019\u00e9migration.<\/p>\n<p>En France, d\u00e8s le XVIe si\u00e8cle, mais surtout depuis le XVIIe si\u00e8cle, les mennonites se regroup\u00e8rent dans l\u2019Est du pays.<\/p>\n<p><i><b>Et aujourd&rsquo;hui<\/b><\/i><br \/>\nIl existe aujourd\u2019hui trois communaut\u00e9s mennonites dans la r\u00e9gion parisienne dont une \u00e0 Ch\u00e2tenay-Malabry, ainsi que plusieurs institutions engag\u00e9es dans des projets de travail social. Sur le plan mondial, les mennonites se trouvent maintenant sur tous les continents et expriment des liens de solidarit\u00e9 et de communion par le biais de la Conf\u00e9rence Mennonite Mondiale, dont le si\u00e8ge se trouve \u00e0 Strasbourg.<\/p>\n<p><b><i>Coordonn\u00e9es<\/i><br \/>\n<\/b>Eglise Evang\u00e9lique Mennonite<br \/>\n249 av. division Leclerc<br \/>\n92290 CHATENAY-MALABRY<br \/>\n01 46 31 95 21<br \/>\nSite Internet : <a href=\"http:\/\/www.mennonite-chatenay.com\/\" target=\"_blank\">Eglise Evang\u00e9lique de Ch\u00e2tenay Malabry<\/a><\/p>\n","protected":false},"excerpt":{"rendered":"<p>Un peu d&rsquo;histoire&#8230; Les mennonites trouvent leurs origines dans l\u2019anabaptisme pacifique de la R\u00e9forme protestante du XVIe si\u00e8cle. Apparus vers 1525 dans l\u2019entourage du r\u00e9formateur zurichois Zwingli, le mouvement se propage ensuite vers l\u2019est et vers le nord, le long du Rhin. Il se structure aux Pays Bas autour de Menno Simons, pr\u00eatre catholique devenu anabaptiste. C\u2019est de lui que les mennonites actuels tirent leur nom. Voici quelques-unes des sp\u00e9cificit\u00e9s mennonites au sein de la famille chr\u00e9tienne plus large : <a class=\"more-link\" href=\"https:\/\/paroisses-chatenay.fr\/stgermain\/mennonite\/\">Lire plus &#8230;<\/a><\/p>\n","protected":false},"author":1,"featured_media":0,"parent":0,"menu_order":0,"comment_status":"closed","ping_status":"closed","template":"","meta":{"_seopress_robots_primary_cat":"","_seopress_titles_title":"","_seopress_titles_desc":"","_seopress_robots_index":"","jetpack_post_was_ever_published":false,"footnotes":""},"class_list":["post-495","page","type-page","status-publish","hentry"],"jetpack_sharing_enabled":true,"jetpack_shortlink":"https:\/\/wp.me\/P8QOZc-7Z","jetpack_likes_enabled":true,"_links":{"self":[{"href":"https:\/\/paroisses-chatenay.fr\/stgermain\/wp-json\/wp\/v2\/pages\/495","targetHints":{"allow":["GET"]}}],"collection":[{"href":"https:\/\/paroisses-chatenay.fr\/stgermain\/wp-json\/wp\/v2\/pages"}],"about":[{"href":"https:\/\/paroisses-chatenay.fr\/stgermain\/wp-json\/wp\/v2\/types\/page"}],"author":[{"embeddable":true,"href":"https:\/\/paroisses-chatenay.fr\/stgermain\/wp-json\/wp\/v2\/users\/1"}],"replies":[{"embeddable":true,"href":"https:\/\/paroisses-chatenay.fr\/stgermain\/wp-json\/wp\/v2\/comments?post=495"}],"version-history":[{"count":2,"href":"https:\/\/paroisses-chatenay.fr\/stgermain\/wp-json\/wp\/v2\/pages\/495\/revisions"}],"predecessor-version":[{"id":509,"href":"https:\/\/paroisses-chatenay.fr\/stgermain\/wp-json\/wp\/v2\/pages\/495\/revisions\/509"}],"wp:attachment":[{"href":"https:\/\/paroisses-chatenay.fr\/stgermain\/wp-json\/wp\/v2\/media?parent=495"}],"curies":[{"name":"wp","href":"https:\/\/api.w.org\/{rel}","templated":true}]}}