{"id":530,"date":"2017-03-14T19:49:45","date_gmt":"2017-03-14T18:49:45","guid":{"rendered":"http:\/\/www.paroisses-chatenay.fr\/stgermain\/?page_id=530"},"modified":"2017-03-18T14:06:03","modified_gmt":"2017-03-18T13:06:03","slug":"mouvement-chretien-des-retraites","status":"publish","type":"page","link":"https:\/\/paroisses-chatenay.fr\/stgermain\/mouvement-chretien-des-retraites\/","title":{"rendered":"Mouvement Chr\u00e9tien des Retrait\u00e9s"},"content":{"rendered":"<p>\u00ab Le Mouvement Chr\u00e9tien des retrait\u00e9s (M.C.R.) s\u2019adresse \u00e0 tous les retrait\u00e9s et leur propose, d\u2019une part, une r\u00e9flexion chr\u00e9tienne sur le sens de cette \u00e9tape de la vie et, d\u2019autre part, un engagement dans la soci\u00e9t\u00e9, avec une attention particuli\u00e8re aux retrait\u00e9s et aux a\u00een\u00e9s \u00bb.<img data-recalc-dims=\"1\" loading=\"lazy\" decoding=\"async\" data-attachment-id=\"567\" data-permalink=\"https:\/\/paroisses-chatenay.fr\/stgermain\/mouvement-chretien-des-retraites\/bandeau-mcr\/#main\" data-orig-file=\"https:\/\/i0.wp.com\/paroisses-chatenay.fr\/stgermain\/wp-content\/uploads\/2017\/03\/bandeau-mcr.jpg?fit=262%2C98&amp;ssl=1\" data-orig-size=\"262,98\" data-comments-opened=\"0\" data-image-meta=\"{&quot;aperture&quot;:&quot;0&quot;,&quot;credit&quot;:&quot;&quot;,&quot;camera&quot;:&quot;&quot;,&quot;caption&quot;:&quot;&quot;,&quot;created_timestamp&quot;:&quot;0&quot;,&quot;copyright&quot;:&quot;&quot;,&quot;focal_length&quot;:&quot;0&quot;,&quot;iso&quot;:&quot;0&quot;,&quot;shutter_speed&quot;:&quot;0&quot;,&quot;title&quot;:&quot;&quot;,&quot;orientation&quot;:&quot;0&quot;}\" data-image-title=\"bandeau-mcr\" data-image-description=\"\" data-image-caption=\"\" data-large-file=\"https:\/\/i0.wp.com\/paroisses-chatenay.fr\/stgermain\/wp-content\/uploads\/2017\/03\/bandeau-mcr.jpg?fit=262%2C98&amp;ssl=1\" class=\"alignnone size-full wp-image-567 alignright\" src=\"https:\/\/i0.wp.com\/www.paroisses-chatenay.fr\/stgermain\/wp-content\/uploads\/2017\/03\/bandeau-mcr.jpg?resize=262%2C98\" alt=\"\" width=\"262\" height=\"98\" \/><\/p>\n<p>Le <b>th\u00e8me<\/b> pr\u00e9sent\u00e9 par le bureau national pour l\u2019ann\u00e9e<b> 2015-2016<\/b> est : \u00ab <b>Monde Nouveau &#8211; Temps Nouveau<\/b>\u00bb.<\/p>\n<p>Le M.C.R. propose :<br \/>\n&#8211; Chaque mois, le mardi matin messe \u00e0 9h \u00e0 l\u2019intention des malades avec une rencontre-\u00e9change sur le th\u00e8me de l\u2019ann\u00e9e ;<br \/>\n&#8211; Une Journ\u00e9e Inter-paroissiale organis\u00e9e par l&rsquo;\u00e9quipe de Sainte Th\u00e9r\u00e8se d&rsquo;Avila sur le th\u00e8me de l&rsquo;ann\u00e9e, ouverte \u00e0 tous les paroissiens, aura lieu prochainnement.<\/p>\n<p align=\"right\"><img data-recalc-dims=\"1\" decoding=\"async\" title=\"Fermer\" src=\"https:\/\/i0.wp.com\/www.saint.germain.free.fr\/guppy\/inc\/img\/general\/minus.gif?w=540\" alt=\"Fermer\" border=\"0\" \/><\/p>\n<p><b>Contacts <\/b>:\u00a0\u00a0<b><br \/>\nAnnie Esbelin <\/b>: 01 43 50 65 90<br \/>\nPr\u00eatre accompagnateur : P\u00e8re <b>Didier Rapin<\/b><br \/>\nLe site Internet du mouvement :<a href=\"http:\/\/www.mcr-asso.fr\/\" target=\"_blank\"> http:\/\/www.mcr-asso.fr\/<\/a><\/p>\n","protected":false},"excerpt":{"rendered":"<p>\u00ab Le Mouvement Chr\u00e9tien des retrait\u00e9s (M.C.R.) s\u2019adresse \u00e0 tous les retrait\u00e9s et leur propose, d\u2019une part, une r\u00e9flexion chr\u00e9tienne sur le sens de cette \u00e9tape de la vie et, d\u2019autre part, un engagement dans la soci\u00e9t\u00e9, avec une attention particuli\u00e8re aux retrait\u00e9s et aux a\u00een\u00e9s \u00bb. Le th\u00e8me pr\u00e9sent\u00e9 par le bureau national pour l\u2019ann\u00e9e 2015-2016 est : \u00ab Monde Nouveau &#8211; Temps Nouveau\u00bb. Le M.C.R. propose : &#8211; Chaque mois, le mardi matin messe \u00e0 9h \u00e0 l\u2019intention <a class=\"more-link\" href=\"https:\/\/paroisses-chatenay.fr\/stgermain\/mouvement-chretien-des-retraites\/\">Lire plus &#8230;<\/a><\/p>\n","protected":false},"author":1,"featured_media":0,"parent":0,"menu_order":0,"comment_status":"closed","ping_status":"closed","template":"","meta":{"_seopress_robots_primary_cat":"","_seopress_titles_title":"","_seopress_titles_desc":"","_seopress_robots_index":"","jetpack_post_was_ever_published":false,"footnotes":""},"class_list":["post-530","page","type-page","status-publish","hentry"],"jetpack_sharing_enabled":true,"jetpack_shortlink":"https:\/\/wp.me\/P8QOZc-8y","jetpack_likes_enabled":true,"_links":{"self":[{"href":"https:\/\/paroisses-chatenay.fr\/stgermain\/wp-json\/wp\/v2\/pages\/530","targetHints":{"allow":["GET"]}}],"collection":[{"href":"https:\/\/paroisses-chatenay.fr\/stgermain\/wp-json\/wp\/v2\/pages"}],"about":[{"href":"https:\/\/paroisses-chatenay.fr\/stgermain\/wp-json\/wp\/v2\/types\/page"}],"author":[{"embeddable":true,"href":"https:\/\/paroisses-chatenay.fr\/stgermain\/wp-json\/wp\/v2\/users\/1"}],"replies":[{"embeddable":true,"href":"https:\/\/paroisses-chatenay.fr\/stgermain\/wp-json\/wp\/v2\/comments?post=530"}],"version-history":[{"count":2,"href":"https:\/\/paroisses-chatenay.fr\/stgermain\/wp-json\/wp\/v2\/pages\/530\/revisions"}],"predecessor-version":[{"id":568,"href":"https:\/\/paroisses-chatenay.fr\/stgermain\/wp-json\/wp\/v2\/pages\/530\/revisions\/568"}],"wp:attachment":[{"href":"https:\/\/paroisses-chatenay.fr\/stgermain\/wp-json\/wp\/v2\/media?parent=530"}],"curies":[{"name":"wp","href":"https:\/\/api.w.org\/{rel}","templated":true}]}}