{"id":584,"date":"2017-03-18T14:43:51","date_gmt":"2017-03-18T13:43:51","guid":{"rendered":"http:\/\/www.paroisses-chatenay.fr\/stgermain\/?page_id=584"},"modified":"2017-03-18T18:26:55","modified_gmt":"2017-03-18T17:26:55","slug":"collectif-pour-laccueil-des-refugies","status":"publish","type":"page","link":"https:\/\/paroisses-chatenay.fr\/stgermain\/collectif-pour-laccueil-des-refugies\/","title":{"rendered":"Collectif pour l&rsquo;Accueil des R\u00e9fugi\u00e9s"},"content":{"rendered":"<p><em><img data-recalc-dims=\"1\" loading=\"lazy\" decoding=\"async\" class=\"wp-image-627 alignright\" src=\"https:\/\/i0.wp.com\/www.paroisses-chatenay.fr\/stgermain\/wp-content\/uploads\/2017\/03\/reseauWelcome.jpg?resize=288%2C177\" alt=\"\" width=\"288\" height=\"177\" \/><\/em><span style=\"font-family: Arial;\">Dans le cadre des exhortations du pape et de notre \u00e9v\u00eaque au sujet des r\u00e9fugi\u00e9s, un \u201ccollectif\u201d regroupant diff\u00e9rentes paroisses catholiques et protestantes ainsi que des associations caritatives s&rsquo;est constitu\u00e9 afin de pr\u00e9voir un accueil pour les r\u00e9fugi\u00e9s dont on pouvait pr\u00e9voir la venue chez nous.<\/p>\n<p>En r\u00e9alit\u00e9, presque personne n&rsquo;est arriv\u00e9 car la politique Fran\u00e7aise d&rsquo;accueil ne concerne pas la r\u00e9gion parisienne, les demandeurs d&rsquo;asile \u00e9tant, pour le moment, syst\u00e9matiquement dirig\u00e9s vers la province.<\/p>\n<p>On trouve, dans la r\u00e9gion parisienne, des migrants en transit, seuls ou en famille, ayant fait, ou s\u2019appr\u00eatant \u00e0 faire, une demande d&rsquo;asile en Belgique ou en Allemagne (parce qu&rsquo;elle a plus de chance d&rsquo;aboutir qu&rsquo;en France et qu&rsquo;il est plus\u00a0 facile d&rsquo;y trouver du travail). Ils s\u00e9journent \u00e0 Paris provisoirement soit parce qu&rsquo;ils attendent d&rsquo;autres membres de leur famille, soit parce qu&rsquo;il est plus facile de survivre \u00e0 Paris de mendicit\u00e9, qu&rsquo;ailleurs.<\/p>\n<p>Devant cette situation le \u201ccollectif\u201d s\u2019est orient\u00e9 dans 2 directions :<br \/>\n&gt;&gt; une action de fond : contacter les associations caritatives locales pour conna\u00eetre leurs actions et leurs besoins,<br \/>\n&gt;&gt; une action d&rsquo;urgence : aider les familles en transit, rencontr\u00e9es par hasard \u00e0 Paris, qui sont dans un tr\u00e8s grand d\u00e9nuement.<br \/>\n<\/span><\/p>\n<p><span style=\"font-family: Arial;\">Pour conna\u00eetre plus pr\u00e9cis\u00e9ment notre action aujourd&rsquo;hui, nous vous sugg\u00e9rons de consulter:<\/span><span style=\"font-family: Arial; font-size: small;\"> La page concernant les activit\u00e9s du collectif ch\u00e2tenaisien de soutien aux r\u00e9fugi\u00e9s qui est r\u00e9guli\u00e8rement mise \u00e0 jour sur le site de Ste bathilde ; vous pouvez y avoir acc\u00e8s directement \u00e0 l&rsquo;adresse <\/span><span style=\"font-family: Arial; font-size: small;\">: <a href=\"http:\/\/www.paroisses-chatenay.fr\/stebathilde\/?p=1702\" target=\"_blank\" data-saferedirecturl=\"https:\/\/www.google.com\/url?hl=fr&amp;q=http:\/\/www.paroisses-chatenay.fr\/stebathilde\/?p%3D1702&amp;source=gmail&amp;ust=1464120260213000&amp;usg=AFQjCNHarAWohdAeaoI1pvivsytRhQYJfQ\">http:\/\/www.paroisses-chatenay.<wbr \/>fr\/stebathilde<\/a><\/span><\/p>\n","protected":false},"excerpt":{"rendered":"<p>Dans le cadre des exhortations du pape et de notre \u00e9v\u00eaque au sujet des r\u00e9fugi\u00e9s, un \u201ccollectif\u201d regroupant diff\u00e9rentes paroisses catholiques et protestantes ainsi que des associations caritatives s&rsquo;est constitu\u00e9 afin de pr\u00e9voir un accueil pour les r\u00e9fugi\u00e9s dont on pouvait pr\u00e9voir la venue chez nous. En r\u00e9alit\u00e9, presque personne n&rsquo;est arriv\u00e9 car la politique Fran\u00e7aise d&rsquo;accueil ne concerne pas la r\u00e9gion parisienne, les demandeurs d&rsquo;asile \u00e9tant, pour le moment, syst\u00e9matiquement dirig\u00e9s vers la province. On trouve, dans la r\u00e9gion <a class=\"more-link\" href=\"https:\/\/paroisses-chatenay.fr\/stgermain\/collectif-pour-laccueil-des-refugies\/\">Lire plus &#8230;<\/a><\/p>\n","protected":false},"author":1,"featured_media":0,"parent":0,"menu_order":0,"comment_status":"closed","ping_status":"closed","template":"","meta":{"_seopress_robots_primary_cat":"","_seopress_titles_title":"","_seopress_titles_desc":"","_seopress_robots_index":"","jetpack_post_was_ever_published":false,"footnotes":""},"class_list":["post-584","page","type-page","status-publish","hentry"],"jetpack_sharing_enabled":true,"jetpack_shortlink":"https:\/\/wp.me\/P8QOZc-9q","jetpack_likes_enabled":true,"_links":{"self":[{"href":"https:\/\/paroisses-chatenay.fr\/stgermain\/wp-json\/wp\/v2\/pages\/584","targetHints":{"allow":["GET"]}}],"collection":[{"href":"https:\/\/paroisses-chatenay.fr\/stgermain\/wp-json\/wp\/v2\/pages"}],"about":[{"href":"https:\/\/paroisses-chatenay.fr\/stgermain\/wp-json\/wp\/v2\/types\/page"}],"author":[{"embeddable":true,"href":"https:\/\/paroisses-chatenay.fr\/stgermain\/wp-json\/wp\/v2\/users\/1"}],"replies":[{"embeddable":true,"href":"https:\/\/paroisses-chatenay.fr\/stgermain\/wp-json\/wp\/v2\/comments?post=584"}],"version-history":[{"count":2,"href":"https:\/\/paroisses-chatenay.fr\/stgermain\/wp-json\/wp\/v2\/pages\/584\/revisions"}],"predecessor-version":[{"id":628,"href":"https:\/\/paroisses-chatenay.fr\/stgermain\/wp-json\/wp\/v2\/pages\/584\/revisions\/628"}],"wp:attachment":[{"href":"https:\/\/paroisses-chatenay.fr\/stgermain\/wp-json\/wp\/v2\/media?parent=584"}],"curies":[{"name":"wp","href":"https:\/\/api.w.org\/{rel}","templated":true}]}}