{"id":585,"date":"2017-03-18T14:43:52","date_gmt":"2017-03-18T13:43:52","guid":{"rendered":"http:\/\/www.paroisses-chatenay.fr\/stgermain\/?page_id=585"},"modified":"2017-03-18T18:17:11","modified_gmt":"2017-03-18T17:17:11","slug":"comite-catholique-contre-la-faim-et-pour-le-developpement","status":"publish","type":"page","link":"https:\/\/paroisses-chatenay.fr\/stgermain\/comite-catholique-contre-la-faim-et-pour-le-developpement\/","title":{"rendered":"Comit\u00e9 Catholique contre la Faim et pour le D\u00e9veloppement"},"content":{"rendered":"<p>Cr\u00e9\u00e9 par les \u00e9v\u00eaques de France, le CCFD a pour mission de doter les 29 mouvements et services d&rsquo;Eglise (MSE) d&rsquo;un outil ouvrant leurs actions\u00a0 vers\u00a0 la solidarit\u00e9 internationale. <img data-recalc-dims=\"1\" loading=\"lazy\" decoding=\"async\" data-attachment-id=\"615\" data-permalink=\"https:\/\/paroisses-chatenay.fr\/stgermain\/comite-catholique-contre-la-faim-et-pour-le-developpement\/logoccfd\/#main\" data-orig-file=\"https:\/\/i0.wp.com\/paroisses-chatenay.fr\/stgermain\/wp-content\/uploads\/2017\/03\/logoCCFD.png?fit=260%2C180&amp;ssl=1\" data-orig-size=\"260,180\" data-comments-opened=\"0\" data-image-meta=\"{&quot;aperture&quot;:&quot;0&quot;,&quot;credit&quot;:&quot;&quot;,&quot;camera&quot;:&quot;&quot;,&quot;caption&quot;:&quot;&quot;,&quot;created_timestamp&quot;:&quot;0&quot;,&quot;copyright&quot;:&quot;&quot;,&quot;focal_length&quot;:&quot;0&quot;,&quot;iso&quot;:&quot;0&quot;,&quot;shutter_speed&quot;:&quot;0&quot;,&quot;title&quot;:&quot;&quot;,&quot;orientation&quot;:&quot;0&quot;}\" data-image-title=\"logoCCFD\" data-image-description=\"\" data-image-caption=\"\" data-large-file=\"https:\/\/i0.wp.com\/paroisses-chatenay.fr\/stgermain\/wp-content\/uploads\/2017\/03\/logoCCFD.png?fit=260%2C180&amp;ssl=1\" class=\"alignnone size-full wp-image-615 alignright\" src=\"https:\/\/i0.wp.com\/www.paroisses-chatenay.fr\/stgermain\/wp-content\/uploads\/2017\/03\/logoCCFD.png?resize=260%2C180\" alt=\"\" width=\"260\" height=\"180\" \/><\/p>\n<p>La mission confi\u00e9e au CCFD-Terre Solidaire :<\/p>\n<p><b>Aider financi\u00e8rement<\/b><b> et soutenir des projets<\/b> de groupes d&rsquo;hommes et de femmes autochtones agissant au sein de la soci\u00e9t\u00e9 civile pour que la faim et la pauvret\u00e9 reculent. Les actions sont soutenues dans la dur\u00e9e et concernent la souverainet\u00e9 alimentaire, les droits des hommes, des femmes et des enfants, la r\u00e9solution des conflits, les migrants &#8230;<\/p>\n<p><b>Notre action<\/b><b> <\/b>s&rsquo;exprime<b>, ici, <\/b>dans trois domaines<b> :<\/b><br \/>\n&#8211; Des actions d&rsquo;\u00e9ducation au d\u00e9veloppement et \u00e0 la solidarit\u00e9 internationale, en milieu scolaire et au sein de la soci\u00e9t\u00e9 civile (lors de forums associatifs, de soir\u00e9es d\u00e9bats, de rencontres avec nos partenaires porteurs de projets dans leurs pays),<br \/>\n&#8211; De collecter des dons notamment lors des campagnes de Car\u00eame,<br \/>\n&#8211; De porter la parole de nos partenaires devant nos d\u00e9cideurs politiques et nos d\u00e9cideurs \u00e9conomiques, pour leur faire conna\u00eetre en quoi leurs d\u00e9cisions concernant notre d\u00e9veloppement, ici, ont trop souvent des impacts n\u00e9gatifs sur leur propre d\u00e9veloppement, l\u00e0-bas.<\/p>\n<p><b>Notre action<\/b><b> <\/b>repose sur<b> :<\/b><br \/>\n&#8211; Un r\u00e9seau d\u2019environ 13 000 b\u00e9n\u00e9voles,<br \/>\n&#8211; Un r\u00e9seau de partenaires, 500 groupes d&rsquo;hommes et de femmes, dans 60 pays du Sud et de l&rsquo;Est, qui nous disent l\u2019aide dont ils ont besoin au-del\u00e0 des dons en argent.<\/p>\n<p>L&rsquo;action de l\u2019\u00e9quipe locale se fonde sur la pri\u00e8re, \u00a0l\u2019approfondissement personnel et en \u00e9quipe, au regard de la doctrine sociale de l&rsquo;Eglise concernant l&rsquo;\u00e9conomie au service du bien commun, le partage des richesses, les droits humains, la souverainet\u00e9 alimentaire, etc,\u2026<\/p>\n<p>Contacts :<br \/>\nSite national \u00a0: <a href=\"http:\/\/www.ccfd-terresolidaire.org\/\">www.ccfd-terresolidaire.org<\/a><br \/>\nDioc\u00e8se : ccfd92@ccfd-terresolidaire.org<br \/>\nContact local : <b>Jean-Pierre Hoc<\/b> : \u00a001 43 50 23 50<br \/>\nCourriel : jean-pierre.hoc@orange.fr<\/p>\n<div><\/div>\n","protected":false},"excerpt":{"rendered":"<p>Cr\u00e9\u00e9 par les \u00e9v\u00eaques de France, le CCFD a pour mission de doter les 29 mouvements et services d&rsquo;Eglise (MSE) d&rsquo;un outil ouvrant leurs actions\u00a0 vers\u00a0 la solidarit\u00e9 internationale. La mission confi\u00e9e au CCFD-Terre Solidaire : Aider financi\u00e8rement et soutenir des projets de groupes d&rsquo;hommes et de femmes autochtones agissant au sein de la soci\u00e9t\u00e9 civile pour que la faim et la pauvret\u00e9 reculent. Les actions sont soutenues dans la dur\u00e9e et concernent la souverainet\u00e9 alimentaire, les droits des hommes, <a class=\"more-link\" href=\"https:\/\/paroisses-chatenay.fr\/stgermain\/comite-catholique-contre-la-faim-et-pour-le-developpement\/\">Lire plus &#8230;<\/a><\/p>\n","protected":false},"author":1,"featured_media":0,"parent":0,"menu_order":0,"comment_status":"closed","ping_status":"closed","template":"","meta":{"_seopress_robots_primary_cat":"","_seopress_titles_title":"","_seopress_titles_desc":"","_seopress_robots_index":"","jetpack_post_was_ever_published":false,"footnotes":""},"class_list":["post-585","page","type-page","status-publish","hentry"],"jetpack_sharing_enabled":true,"jetpack_shortlink":"https:\/\/wp.me\/P8QOZc-9r","jetpack_likes_enabled":true,"_links":{"self":[{"href":"https:\/\/paroisses-chatenay.fr\/stgermain\/wp-json\/wp\/v2\/pages\/585","targetHints":{"allow":["GET"]}}],"collection":[{"href":"https:\/\/paroisses-chatenay.fr\/stgermain\/wp-json\/wp\/v2\/pages"}],"about":[{"href":"https:\/\/paroisses-chatenay.fr\/stgermain\/wp-json\/wp\/v2\/types\/page"}],"author":[{"embeddable":true,"href":"https:\/\/paroisses-chatenay.fr\/stgermain\/wp-json\/wp\/v2\/users\/1"}],"replies":[{"embeddable":true,"href":"https:\/\/paroisses-chatenay.fr\/stgermain\/wp-json\/wp\/v2\/comments?post=585"}],"version-history":[{"count":3,"href":"https:\/\/paroisses-chatenay.fr\/stgermain\/wp-json\/wp\/v2\/pages\/585\/revisions"}],"predecessor-version":[{"id":616,"href":"https:\/\/paroisses-chatenay.fr\/stgermain\/wp-json\/wp\/v2\/pages\/585\/revisions\/616"}],"wp:attachment":[{"href":"https:\/\/paroisses-chatenay.fr\/stgermain\/wp-json\/wp\/v2\/media?parent=585"}],"curies":[{"name":"wp","href":"https:\/\/api.w.org\/{rel}","templated":true}]}}