{"id":588,"date":"2017-03-18T14:43:52","date_gmt":"2017-03-18T13:43:52","guid":{"rendered":"http:\/\/www.paroisses-chatenay.fr\/stgermain\/?page_id=588"},"modified":"2022-05-16T19:58:06","modified_gmt":"2022-05-16T17:58:06","slug":"vestiaire","status":"publish","type":"page","link":"https:\/\/paroisses-chatenay.fr\/stgermain\/vestiaire\/","title":{"rendered":"Vestiaire"},"content":{"rendered":"<p>Le <b>vestiaire <\/b>collecte et distribue des v\u00eatements pour les familles venant de la part des assistantes sociales, du Secours Catholique, de la Fraternit\u00e9 St Vincent de Paul ou de l\u2019aide sociale de la Mairie.<\/p>\n<p>Vous \u00eates invit\u00e9s \u00e0 donner des <i><b>v\u00eatements propres.<br \/>\n<\/b><\/i>Les d\u00e9p\u00f4ts doivent se faire les <b>lundis de 14h \u00e0 17h<\/b> au vestiaire (acc\u00e8s par le 9 de la rue Voltaire).<\/p>\n<p><b>Aucun paquet<\/b> ne doit \u00eatre d\u00e9pos\u00e9 <b>dans le jardin<\/b> du centre paroissial, ni d<b>evant les portes vitr\u00e9es<\/b> en dehors de ces horaires, ni <b>pendant les vacances scolaires<\/b> [Toussaint, No\u00ebl, f\u00e9vrier, printemps, \u00e9t\u00e9 (Le vestiaire ferme le dernier lundi de juin et r\u00e9-ouvre mi-septembre)].<\/p>\n<p>Nous ne pouvons <b>plus accepter<\/b> :<br \/>\n&#8211;\u00a0\u00a0\u00a0 les v\u00eatements d\u00e9fra\u00eechis, feutr\u00e9s, trou\u00e9s voir sales (vous pouvez les d\u00e9poser gratuitement \u00e0 la d\u00e9ch\u00e8terie),<br \/>\n&#8211;\u00a0\u00a0\u00a0 des chaussures \u00e9cul\u00e9es, sales et sans lacets ou n\u2019ayant pas la pointure indiqu\u00e9e,<br \/>\n&#8211;\u00a0\u00a0\u00a0 les livres de classe,<br \/>\n&#8211;\u00a0\u00a0\u00a0 les livres d\u2019enfants en langue \u00e9trang\u00e8re.<br \/>\nSi, en vue d\u2019un d\u00e9m\u00e9nagement ou suite \u00e0 un deuil, le d\u00e9p\u00f4t \u00e0 effectuer est volumineux, veuillez appeler le 07 58 20 28 53 (Contact)..<\/p>\n<p><b>Merci<\/b> de votre compr\u00e9hension.<\/p>\n<p>A lire : <a href=\"http:\/\/www.saint.germain.free.fr\/guppy\/blog.php?lng=fr&amp;sel=pg&amp;pg=585\" target=\"_blank\" rel=\"noopener\">Le Vestiaire : 250 Familles Accueillies par An<\/a><br \/>\n<b><i><br \/>\nContact <\/i><\/b>: 07 58 20 28 53<\/p>\n","protected":false},"excerpt":{"rendered":"<p>Le vestiaire collecte et distribue des v\u00eatements pour les familles venant de la part des assistantes sociales, du Secours Catholique, de la Fraternit\u00e9 St Vincent de Paul ou de l\u2019aide sociale de la Mairie. Vous \u00eates invit\u00e9s \u00e0 donner des v\u00eatements propres. Les d\u00e9p\u00f4ts doivent se faire les lundis de 14h \u00e0 17h au vestiaire (acc\u00e8s par le 9 de la rue Voltaire). Aucun paquet ne doit \u00eatre d\u00e9pos\u00e9 dans le jardin du centre paroissial, ni devant les portes vitr\u00e9es <a class=\"more-link\" href=\"https:\/\/paroisses-chatenay.fr\/stgermain\/vestiaire\/\">Lire plus &#8230;<\/a><\/p>\n","protected":false},"author":1,"featured_media":0,"parent":0,"menu_order":0,"comment_status":"closed","ping_status":"closed","template":"","meta":{"_seopress_robots_primary_cat":"","_seopress_titles_title":"","_seopress_titles_desc":"","_seopress_robots_index":"","jetpack_post_was_ever_published":false,"footnotes":""},"class_list":["post-588","page","type-page","status-publish","hentry"],"jetpack_sharing_enabled":true,"jetpack_shortlink":"https:\/\/wp.me\/P8QOZc-9u","jetpack_likes_enabled":true,"_links":{"self":[{"href":"https:\/\/paroisses-chatenay.fr\/stgermain\/wp-json\/wp\/v2\/pages\/588","targetHints":{"allow":["GET"]}}],"collection":[{"href":"https:\/\/paroisses-chatenay.fr\/stgermain\/wp-json\/wp\/v2\/pages"}],"about":[{"href":"https:\/\/paroisses-chatenay.fr\/stgermain\/wp-json\/wp\/v2\/types\/page"}],"author":[{"embeddable":true,"href":"https:\/\/paroisses-chatenay.fr\/stgermain\/wp-json\/wp\/v2\/users\/1"}],"replies":[{"embeddable":true,"href":"https:\/\/paroisses-chatenay.fr\/stgermain\/wp-json\/wp\/v2\/comments?post=588"}],"version-history":[{"count":6,"href":"https:\/\/paroisses-chatenay.fr\/stgermain\/wp-json\/wp\/v2\/pages\/588\/revisions"}],"predecessor-version":[{"id":9137,"href":"https:\/\/paroisses-chatenay.fr\/stgermain\/wp-json\/wp\/v2\/pages\/588\/revisions\/9137"}],"wp:attachment":[{"href":"https:\/\/paroisses-chatenay.fr\/stgermain\/wp-json\/wp\/v2\/media?parent=588"}],"curies":[{"name":"wp","href":"https:\/\/api.w.org\/{rel}","templated":true}]}}