{"id":590,"date":"2017-03-18T14:43:52","date_gmt":"2017-03-18T13:43:52","guid":{"rendered":"http:\/\/www.paroisses-chatenay.fr\/stgermain\/?page_id=590"},"modified":"2017-03-18T18:21:58","modified_gmt":"2017-03-18T17:21:58","slug":"pastorale-des-etablissements-de-la-sante","status":"publish","type":"page","link":"https:\/\/paroisses-chatenay.fr\/stgermain\/pastorale-des-etablissements-de-la-sante\/","title":{"rendered":"Pastorale des Etablissements de la Sant\u00e9"},"content":{"rendered":"<p>Deux maisons de retraite se trouvent sur le territoire de notre paroisse, le <b>S\u00e9quoia <\/b>et la r\u00e9sidence <b>Hippocrate<\/b>; la communion est apport\u00e9e chaque semaine aux r\u00e9sidents qui le souhait<img data-recalc-dims=\"1\" loading=\"lazy\" decoding=\"async\" data-attachment-id=\"621\" data-permalink=\"https:\/\/paroisses-chatenay.fr\/stgermain\/pastorale-des-etablissements-de-la-sante\/pastoralesante\/#main\" data-orig-file=\"https:\/\/i0.wp.com\/paroisses-chatenay.fr\/stgermain\/wp-content\/uploads\/2017\/03\/pastoraleSante.jpg?fit=228%2C183&amp;ssl=1\" data-orig-size=\"228,183\" data-comments-opened=\"0\" data-image-meta=\"{&quot;aperture&quot;:&quot;2.8&quot;,&quot;credit&quot;:&quot;&quot;,&quot;camera&quot;:&quot;DMC-FX3&quot;,&quot;caption&quot;:&quot;&quot;,&quot;created_timestamp&quot;:&quot;1234096673&quot;,&quot;copyright&quot;:&quot;&quot;,&quot;focal_length&quot;:&quot;5.8&quot;,&quot;iso&quot;:&quot;400&quot;,&quot;shutter_speed&quot;:&quot;0.033333333333333&quot;,&quot;title&quot;:&quot;&quot;,&quot;orientation&quot;:&quot;0&quot;}\" data-image-title=\"pastoraleSante\" data-image-description=\"\" data-image-caption=\"\" data-large-file=\"https:\/\/i0.wp.com\/paroisses-chatenay.fr\/stgermain\/wp-content\/uploads\/2017\/03\/pastoraleSante.jpg?fit=228%2C183&amp;ssl=1\" class=\"alignnone size-full wp-image-621 alignright\" src=\"https:\/\/i0.wp.com\/www.paroisses-chatenay.fr\/stgermain\/wp-content\/uploads\/2017\/03\/pastoraleSante.jpg?resize=228%2C183\" alt=\"\" width=\"228\" height=\"183\" \/>ent et la messe c\u00e9l\u00e9br\u00e9e r\u00e9guli\u00e8rement.<\/p>\n<hr \/>\n<p><b>Aum\u00f4nerie de la r\u00e9sidence Le S\u00e9quoia<\/b><br \/>\nUne \u00e9quipe de b\u00e9n\u00e9voles rend visite aux personnes install\u00e9es dans la maison de retraite du S\u00e9quoia. Une messe est c\u00e9l\u00e9br\u00e9e un mercredi par mois \u00e0 11h.<\/p>\n<p>Contact\u00a0:<b><br \/>\nMadeleine Bontant <\/b>: 01 43 50 71 84<br \/>\nPr\u00e8tre accompagnateur : <b>Didier Rapin<\/b><\/p>\n<hr \/>\n<p><b>Aum\u00f4nerie de la r\u00e9sidence <\/b><b>Hippocrate\u00a0<\/b><\/p>\n<p>Une \u00e9quipe de b\u00e9n\u00e9voles, visite, accompagne, prie avec les r\u00e9sidents de la Maison de retraite Hippocrate.<\/p>\n<p>Chaque mardi matin de 10h \u00e0 11h, deux d\u2019entre nous, \u00e0 tour de r\u00f4le, rencontrent les personnes \u00e2g\u00e9es qui comptent sur notre pr\u00e9sence.<\/p>\n<p>Une messe est c\u00e9l\u00e9br\u00e9e un mercredi par mois \u00e0 15h.<\/p>\n<p>Contact :\u00a0<b>Marie-Th\u00e9r\u00e8se Guillot<\/b> : 01 47 02 98 30 &#8211; mtguillot@wanadoo.fr<br \/>\nPr\u00e8tre accompagnateur : <b>Didier Rapin<\/b><\/p>\n<p>Sur l&rsquo;une ou l&rsquo;autre de ces r\u00e9sidences de retraite, nous sollicitons tous les paroissiens de Saint Germain, hommes ou femmes, pour nous rejoindre dans ce service qui est un geste fraternel, pour environ une heure par mois si nous sommes assez nombreux.<\/p>\n<hr \/>\n<p><b>Clinique de l&rsquo;Amandier\u00a0<\/b><\/p>\n<p>Les membres d\u2019une \u00e9quipe d\u2019aum\u00f4nerie vont plusieurs fois par semaine \u00a0visiter les personnes qui le souhaitent \u00e0 la clinique de soins de suite, L\u2019Amandier, et leur apportent\u00a0 la communion si elles le d\u00e9sirent.<\/p>\n<p>Contact :\u00a0<b>Claire Girard<\/b> : 01 41 13 72 10<br \/>\nPr\u00e8tre accompagnateur : <b>Didier Rapin<\/b><\/p>\n<hr \/>\n<p><b>H\u00f4pital Erasme d&rsquo;Antony (Aum\u00f4nerie en sant\u00e9 mentale)<\/b><\/p>\n<p>Les membres de l&rsquo;\u00e9quipe d&rsquo;aum\u00f4nerie sont de plusieurs paroisses (Antony, Ch\u00e2tenay, Sceaux, Fontenay).<\/p>\n<p>Cette aum\u00f4nerie se situe \u00e0 l&rsquo;int\u00e9rieur de l&rsquo;\u00e9tablissement o\u00f9 les patients peuvent se rendre lors de nos permanences (2 heures, trois fois par semaines).<\/p>\n<p>Notre r\u00f4le est <b>d&rsquo;\u00e9couter<\/b> les patients, en toute simplicit\u00e9.<\/p>\n<p>Contact : <b>Pierre Courty<\/b> &#8211; 06 87 51 62 65<br \/>\npierre.courty@orange.fr<\/p>\n","protected":false},"excerpt":{"rendered":"<p>Deux maisons de retraite se trouvent sur le territoire de notre paroisse, le S\u00e9quoia et la r\u00e9sidence Hippocrate; la communion est apport\u00e9e chaque semaine aux r\u00e9sidents qui le souhaitent et la messe c\u00e9l\u00e9br\u00e9e r\u00e9guli\u00e8rement. Aum\u00f4nerie de la r\u00e9sidence Le S\u00e9quoia Une \u00e9quipe de b\u00e9n\u00e9voles rend visite aux personnes install\u00e9es dans la maison de retraite du S\u00e9quoia. Une messe est c\u00e9l\u00e9br\u00e9e un mercredi par mois \u00e0 11h. Contact\u00a0: Madeleine Bontant : 01 43 50 71 84 Pr\u00e8tre accompagnateur : Didier Rapin <a class=\"more-link\" href=\"https:\/\/paroisses-chatenay.fr\/stgermain\/pastorale-des-etablissements-de-la-sante\/\">Lire plus &#8230;<\/a><\/p>\n","protected":false},"author":1,"featured_media":0,"parent":0,"menu_order":0,"comment_status":"closed","ping_status":"closed","template":"","meta":{"_seopress_robots_primary_cat":"","_seopress_titles_title":"","_seopress_titles_desc":"","_seopress_robots_index":"","jetpack_post_was_ever_published":false,"footnotes":""},"class_list":["post-590","page","type-page","status-publish","hentry"],"jetpack_sharing_enabled":true,"jetpack_shortlink":"https:\/\/wp.me\/P8QOZc-9w","jetpack_likes_enabled":true,"_links":{"self":[{"href":"https:\/\/paroisses-chatenay.fr\/stgermain\/wp-json\/wp\/v2\/pages\/590","targetHints":{"allow":["GET"]}}],"collection":[{"href":"https:\/\/paroisses-chatenay.fr\/stgermain\/wp-json\/wp\/v2\/pages"}],"about":[{"href":"https:\/\/paroisses-chatenay.fr\/stgermain\/wp-json\/wp\/v2\/types\/page"}],"author":[{"embeddable":true,"href":"https:\/\/paroisses-chatenay.fr\/stgermain\/wp-json\/wp\/v2\/users\/1"}],"replies":[{"embeddable":true,"href":"https:\/\/paroisses-chatenay.fr\/stgermain\/wp-json\/wp\/v2\/comments?post=590"}],"version-history":[{"count":3,"href":"https:\/\/paroisses-chatenay.fr\/stgermain\/wp-json\/wp\/v2\/pages\/590\/revisions"}],"predecessor-version":[{"id":623,"href":"https:\/\/paroisses-chatenay.fr\/stgermain\/wp-json\/wp\/v2\/pages\/590\/revisions\/623"}],"wp:attachment":[{"href":"https:\/\/paroisses-chatenay.fr\/stgermain\/wp-json\/wp\/v2\/media?parent=590"}],"curies":[{"name":"wp","href":"https:\/\/api.w.org\/{rel}","templated":true}]}}