{"id":8459,"date":"2022-01-22T12:43:04","date_gmt":"2022-01-22T11:43:04","guid":{"rendered":"https:\/\/paroisses-chatenay.fr\/stgermain\/?page_id=8459"},"modified":"2024-06-15T16:49:07","modified_gmt":"2024-06-15T14:49:07","slug":"archives-j3p-2017-2020","status":"publish","type":"page","link":"https:\/\/paroisses-chatenay.fr\/stgermain\/archives-j3p-2017-2020\/","title":{"rendered":"Archives J3P 2017 &#8211; 2020"},"content":{"rendered":"\n<p id=\"block-60006737-cc67-451c-a150-6a91f1ef7233\">Du 15 Novembre au 13 D\u00e9cembre 2020 : <a href=\"http:\/\/www.paroisses-chatenay.fr\/stgermain\/wp-content\/uploads\/2020\/11\/J3P-n59.pdf\" target=\"_blank\" rel=\"noreferrer noopener\">J3P n\u00b059<\/a><br>Je suis souvent fier de \u00ab mes \u00bb paroissiens \u2026<\/p>\n\n\n\n<hr class=\"wp-block-separator\" id=\"block-6319d5a8-d451-4903-b47a-d6255d292422\"\/>\n\n\n\n<p id=\"block-f5f3a1af-1a4f-4ed1-896e-f5ad8396a896\">Du 11 octobre au 22 novembre 2020 : <a href=\"http:\/\/www.paroisses-chatenay.fr\/stgermain\/wp-content\/uploads\/2020\/10\/J3P-N%C2%B0-58.pdf\" target=\"_blank\" rel=\"noreferrer noopener\">J3P n\u00b058<\/a><\/p>\n\n\n\n<p>J\u00e9sus ne \u00ab fait pas la charit\u00e9 \u00bb : ce n\u2019est pas par calcul, pour mieux faire passer son message, qu\u2019il fait du socio-m\u00e9dical, gu\u00e9rit les malades, expulse les d\u00e9mons, rend courage et estime de soi aux exclus \u2026<\/p>\n\n\n\n<hr class=\"wp-block-separator\" id=\"block-d77f1b5b-4863-45fa-a925-2b27a868adc0\"\/>\n\n\n\n<p id=\"block-c44b1da6-ddf5-42d8-99cd-680c09d5cd1e\"><a href=\"http:\/\/www.paroisses-chatenay.fr\/stgermain\/wp-content\/uploads\/2020\/09\/J3P-N%C2%B0-57.pdf\" target=\"_blank\" rel=\"noreferrer noopener\">J3P n\u00b057<\/a><\/p>\n\n\n\n<p id=\"block-b903b98f-f00d-4e41-86a1-1923c20c5c84\"><a href=\"http:\/\/www.paroisses-chatenay.fr\/stgermain\/wp-content\/uploads\/2020\/05\/J3P-n%C2%B056.pdf\" target=\"_blank\" rel=\"noreferrer noopener\">J3P n\u00b056<\/a><\/p>\n\n\n\n<hr class=\"wp-block-separator has-css-opacity\"\/>\n\n\n\n<p>Du 3 au 31 mai : <a href=\"http:\/\/www.paroisses-chatenay.fr\/stgermain\/wp-content\/uploads\/2020\/05\/J3P-n\u00b055.pdf\" target=\"_blank\" rel=\"noreferrer noopener\">J3P n\u00b055<\/a><\/p>\n\n\n\n<p><em>Bizarre. Je relis l\u2019\u00e9dito du mois dernier, rien \u00e0 en retirer : m\u00e9lange <strong>d\u2019inqui\u00e9tude<\/strong> et de <strong>cr\u00e9ativit\u00e9<\/strong>, <strong>d\u2019incertitude<\/strong> et d\u2019approfondissement. Tout semble d\u2019actualit\u00e9, mais accentu\u00e9\u2026<\/em><\/p>\n\n\n\n<p><a href=\"http:\/\/www.paroisses-chatenay.fr\/stgermain\/wp-content\/uploads\/2020\/03\/J3P-n\u00b054.pdf\" target=\"_blank\" rel=\"noreferrer noopener\">J3P n\u00b054<\/a><\/p>\n\n\n\n<hr class=\"wp-block-separator has-css-opacity\"\/>\n\n\n\n<p>Du 1er au 29 Mars 2020 :&nbsp;<a href=\"http:\/\/www.paroisses-chatenay.fr\/stgermain\/wp-content\/uploads\/2020\/03\/J3P-n\u00b053.pdf\" target=\"_blank\" rel=\"noreferrer noopener\">J3P n\u00b053 Aux armes, Citoyens \u2026 Du Ciel<\/a><\/p>\n\n\n\n<p><em>Le car\u00eame ! Le temps du combat spirituel, de se concentrer pour d\u00e9jouer un \u00e0 un les pi\u00e8ges de l\u2019ennemi, celui qui te sugg\u00e8re sans cesse des pens\u00e9es \u00e0 te d\u00e9go\u00fbter de la vie, de toim\u00eame, des autres et de Dieu.<\/em><\/p>\n\n\n\n<p><a rel=\"noreferrer noopener\" href=\"http:\/\/www.paroisses-chatenay.fr\/stgermain\/wp-content\/uploads\/2020\/01\/J3P-n\u00b052.pdf\" target=\"_blank\">J3P n\u00b052<\/a><\/p>\n\n\n\n<hr class=\"wp-block-separator has-css-opacity\"\/>\n\n\n\n<p><a href=\"http:\/\/www.paroisses-chatenay.fr\/stgermain\/wp-content\/uploads\/2019\/12\/J3P-n\u00b051.pdf\" target=\"_blank\" rel=\"noreferrer noopener\">J3P n\u00b051<\/a><\/p>\n\n\n\n<hr class=\"wp-block-separator has-css-opacity\"\/>\n\n\n\n<p>Du 17 Novembre au 15 D\u00e9cembre 2019 : <a rel=\"noreferrer noopener\" href=\"http:\/\/www.paroisses-chatenay.fr\/stgermain\/wp-content\/uploads\/2019\/11\/J3P-n\u00b050.pdf\" target=\"_blank\">J3P n\u00b050<\/a> Vous n\u2019\u00eates pas antillais Monsieur ?<\/p>\n\n\n\n<p><em>\u2026 Petite blague qu\u2019un vieux copain, antillais lui, me faisait cet apr\u00e8s-midi \u00e0 Saint-Sulpice\u2026 Comme chaque ann\u00e9e le 11 novembre, les trois \u00e9v\u00eaques des Antilles-Guyane y r\u00e9unissent leurs ouailles exil\u00e9es en m\u00e9tropole pour prier avec elles et leur donner les nouvelles du pays.<\/em><\/p>\n\n\n\n<hr class=\"wp-block-separator has-css-opacity\"\/>\n\n\n\n<p>Du 14 Octobre au 17 Novembre 2019 :&nbsp; <a rel=\"noreferrer noopener\" href=\"http:\/\/www.paroisses-chatenay.fr\/stgermain\/wp-content\/uploads\/2019\/10\/J3P-n\u00b049.pdf\" target=\"_blank\">J3P n\u00b049<\/a> Couleur Caf\u00e9<\/p>\n\n\n\n<p><em>Jeudi dernier, petit-d\u00e9jeuner de travail \u00e0 l\u2019\u00e9glise Mennonite, avec Vincens, pasteur de l\u2019\u00e9glise de Robinson, Sylvie, pasteure de l\u2019\u00e9glise Mennonite, Jean-Marie et Joseph que vous connaissez, Ninie, pasteure d\u2019une \u00e9glise malgache et Andr\u00e9, responsable de la communaut\u00e9 orthodoxe russe, nous avons pr\u00e9par\u00e9 une belle apr\u00e8s-midi du 8 d\u00e9cembre (retenez la date), autour de Laurent Khair \u2026<\/em><\/p>\n\n\n\n<hr class=\"wp-block-separator has-css-opacity\"\/>\n\n\n\n<p>Du 15 Septembre au 13 Octobre 2019 : <a rel=\"noreferrer noopener\" href=\"http:\/\/www.paroisses-chatenay.fr\/stgermain\/wp-content\/uploads\/2019\/09\/J3P-n\u00b048.pdf\" target=\"_blank\">J3P n\u00b048<\/a> Quoi de Neuf ?<\/p>\n\n\n\n<p><em>\u00ab J\u00e9sus passa toute la nuit \u00e0 prier Dieu. Le jour venu, il appela ses disciples et en choisit douze auxquels il donna le nom d\u2019Ap\u00f4tres \u00bb, envoy\u00e9s. Suit la liste de leurs noms\u2026 Ces douze sortent de l\u2019anonymat. L\u2019\u00c9vangile d\u2019aujourd\u2019hui nous rappelle que le ma\u00eetre de la Mission, c\u2019est J\u00e9sus.<\/em><\/p>\n\n\n\n<p>Du 24 Juin au 15 Septembre 2019 : <a href=\"http:\/\/www.paroisses-chatenay.fr\/stgermain\/wp-content\/uploads\/2019\/06\/J3P-n\u00b047.pdf\" target=\"_blank\" rel=\"noreferrer noopener\">J3P n\u00b047 <\/a>Vite Fait !<br>\u00ab&nbsp;Juin est une sorte d\u2019entonnoir : \u00e7a se resserre en avan\u00e7ant, \u00e0 la fin \u00e7a se resserre d\u2019un coup, ce qui doit \u00eatre fait avant l\u2019\u00e9t\u00e9 ne peut plus \u00eatre report\u00e9 au mois suivant, n\u2019a plus beaucoup de jours pour se faire avant d\u2019arriver au petit tuyau qui expulse vers l\u2019\u00e9t\u00e9. \u00ab&nbsp;<\/p>\n\n\n\n<hr class=\"wp-block-separator has-css-opacity\"\/>\n\n\n\n<p>Du 20 Mai au 23 Juin 2019 : <a rel=\"noreferrer noopener\" href=\"http:\/\/www.paroisses-chatenay.fr\/stgermain\/wp-content\/uploads\/2019\/05\/J3P-n\u00b046.pdf\" target=\"_blank\">J3P n\u00b046<\/a> \u00ab&nbsp;<\/p>\n\n\n\n<p>\u00ab Car Dieu travaille, sans cesse. Il est \u00e0 la source, comme P\u00e8re attentif, Il se dit, explicitement, dans une parole du Fils. Il se dit, implicitement, dans l\u2019Esprit, par les paroles et les actes des vrais vivants, croyants ou non, chr\u00e9tiens ou non \u00bb.<\/p>\n\n\n\n<hr class=\"wp-block-separator has-css-opacity\"\/>\n\n\n\n<p>Du 14 Avril au 19 Mai 2019 : <a href=\"http:\/\/www.paroisses-chatenay.fr\/stgermain\/wp-content\/uploads\/2019\/04\/J3P-n\u00b045.pdf\" target=\"_blank\" rel=\"noreferrer noopener\">J3P n\u00b045<\/a><\/p>\n\n\n\n<p><em>Rien de nouveau : tout est nouveau. Ce qui na\u00eet, ce qui va na\u00eetre, ne peut faire l\u2019\u00e9conomie de la mort du grain de bl\u00e9 sem\u00e9 en terre. L\u2019accepter vraiment, c\u2019est ce qui nous d\u00e9passe. Le Seigneur J\u00e9sus nous prend la main pour que nous ayons moins peur en avan\u00e7ant<\/em>.<\/p>\n\n\n\n<hr class=\"wp-block-separator has-css-opacity\"\/>\n\n\n\n<p>Du 17 Mars au 14 Avril 2019 : <a rel=\"noreferrer noopener\" href=\"http:\/\/www.paroisses-chatenay.fr\/stgermain\/wp-content\/uploads\/2019\/03\/J3P-n\u00b044.pdf\" target=\"_blank\">JSP n\u00b044<\/a><\/p>\n\n\n\n<p><em>Enfin le car\u00eame ! Le temps du combat spirituel, de se concentrer pour d\u00e9jouer un \u00e0 un les pi\u00e8ges de l\u2019ennemi, celui qui te sugg\u00e8re sans cesse des pens\u00e9es \u00e0 te d\u00e9go\u00fbter de la vie, de toi-m\u00eame, des autres et de Dieu \u2026<\/em><\/p>\n\n\n\n<hr class=\"wp-block-separator has-css-opacity\"\/>\n\n\n\n<p>Du 18 F\u00e9vrier au 17 Mars 2019 : <a href=\"http:\/\/www.paroisses-chatenay.fr\/stgermain\/wp-content\/uploads\/2019\/02\/J3P-n\u00b043.pdf\" target=\"_blank\" rel=\"noreferrer noopener\">J3P n\u00b043<\/a><\/p>\n\n\n\n<p><em>Sur la paroisses Saint Germain, plusieurs propositions pour vivre ce Car\u00eame 2019 Les mardis de Car\u00eame : Chacun est invit\u00e9 \u00e0 pr\u00e9parer la f\u00eate de P\u00e2ques en participant aux 5 \u00ab mardis \u00bb du temps de Car\u00eame les 12, 19 ,26 mars, 2 et 9 avril. Ils auront lieu au centre paroissial de Saint-Germain de 20h \u00e0 21h30 et commenceront par le partage d\u2019un repas frugal \u2026<\/em><\/p>\n\n\n\n<hr class=\"wp-block-separator has-css-opacity\"\/>\n\n\n\n<p>Du 20 Janvier au 17 F\u00e9vrier 2019 : <a rel=\"noreferrer noopener\" href=\"http:\/\/www.paroisses-chatenay.fr\/stgermain\/wp-content\/uploads\/2019\/01\/J3P-n\u00b042.pdf\" target=\"_blank\">J3P n\u00b042<\/a><br><em>En ce d\u00e9but d\u2019ann\u00e9e, je nous souhaite \u00e0 tous et chacun d\u2019\u00eatre rayonnants, enflamm\u00e9s par cet Amour de Dieu pour tous et chacun, habit\u00e9s et travaill\u00e9s par la Parole \u00e9vang\u00e9lique ; en pr\u00e9sence de J\u00e9sus, en pr\u00e9sence de sa communaut\u00e9 o\u00f9 le tr\u00e8s divers se lie d\u2019amour par l\u2019amour de J\u00e9sus, <\/em><strong><em>mille chemins d\u2019\u00ab association \u00bb<\/em><\/strong><em> se d\u00e9gagent, dont nous n\u2019avons pas \u00e0 d\u00e9finir les contours \u00e0 l\u2019image de nos peurs.<\/em><\/p>\n\n\n\n<hr class=\"wp-block-separator has-css-opacity\"\/>\n\n\n\n<p>Du 16 D\u00e9cembre 2018 au 20 Janvier 2019 <a href=\"http:\/\/www.paroisses-chatenay.fr\/stgermain\/wp-content\/uploads\/2018\/12\/J3P-n%C2%B041.pdf\">J3P n\u00b041<\/a><br><em>Dimanche, sortie de messe, un paroissien m\u2019attend pour d\u00e9battre sur une position qu\u2019il a cru m\u2019entendre tenir concernant la connexion entre travail et revenu d\u2019existence \u2026<\/em><\/p>\n\n\n\n<hr class=\"wp-block-separator has-css-opacity\"\/>\n\n\n\n<p>Du 18 Novembre au 16 D\u00e9cembre 2018 : <a rel=\"noreferrer noopener\" href=\"http:\/\/www.paroisses-chatenay.fr\/stgermain\/wp-content\/uploads\/2018\/11\/J3P-n\u00b040.pdf\" target=\"_blank\">J3P n\u00b040<\/a><\/p>\n\n\n\n<p>\u00ab&nbsp;Les \u00ab&nbsp;experts&nbsp;\u00bb saison2&nbsp;<\/p>\n\n\n\n<p>Donc oui, ne boudons pas notre plaisir de vivre les forces et les richesses que le Seigneur nous donne \u00e0 partager, et dont le 7 octobre nous a permis de reprendre conscience. En m\u00eame temps, le Seigneur J\u00e9sus, \u00e0 chaque page d\u2019\u00c9vangile, nous annonce sa mort \u2013 les conflits avec certains pharisiens deviennent de plus en plus lourds.<\/p>\n\n\n\n<hr class=\"wp-block-separator has-css-opacity\"\/>\n\n\n\n<p>Le Journal des trois paroisses du 15 Octobre au 18 Novembre 2018 : <a href=\"http:\/\/www.paroisses-chatenay.fr\/stgermain\/wp-content\/uploads\/2018\/10\/J3P-n\u00b039.pdf\" target=\"_blank\" rel=\"noreferrer noopener\">J3P n\u00b039<\/a><\/p>\n\n\n\n<p><em>\u00ab&nbsp;Les \u00ab experts \u00bb, Saison 1 Voici octobre, qui se trouve plac\u00e9 juste entre septembre et novembre : septembre, jadis, avant le grand d\u00e9r\u00e8glement climatique, rimait sous nos latitudes avec abondance, fin des r\u00e9coltes, vendanges\u2026&nbsp;\u00bb<\/em><\/p>\n\n\n\n<hr class=\"wp-block-separator has-css-opacity\"\/>\n\n\n\n<p>Le Journal des trois paroisses du 16 Septembre au 14 Octobre 2018 : <a href=\"http:\/\/www.paroisses-chatenay.fr\/stgermain\/wp-content\/uploads\/2018\/09\/J3P-n\u00b038.pdf\" target=\"_blank\" rel=\"noreferrer noopener\">J3P n\u00b038<\/a><br><em>\u00ab&nbsp;Bonjour, Je suis votre nouveau cur\u00e9. On s\u2019est peut-\u00eatre d\u00e9j\u00e0 crois\u00e9s ici ou l\u00e0, dans la rue, au forum des associations, \u00e0 la messe, sinon \u00e7a viendra tr\u00e8s vite \u2026&nbsp;\u00bb<\/em><\/p>\n\n\n\n<hr class=\"wp-block-separator has-css-opacity\"\/>\n\n\n\n<p>Le Journal des trois paroisses du 1er Juillet au 16 Septembre 2018 : <a href=\"http:\/\/www.paroisses-chatenay.fr\/stgermain\/wp-content\/uploads\/2018\/06\/J3P-n\u00b037.pdf\" target=\"_blank\" rel=\"noreferrer noopener\">J3P n\u00b037<\/a><br><em>&nbsp;\u00bb \u2026\/\u2026 que nos \u00e9glises deviennent des <strong>\u00e9glises vertes<\/strong> !&nbsp;\u00bb<\/em><\/p>\n\n\n\n<hr class=\"wp-block-separator has-css-opacity\"\/>\n\n\n\n<p>Le Journal des trois paroisses du 20 mai au 1er juillet 2018 : <a href=\"http:\/\/www.paroisses-chatenay.fr\/stgermain\/wp-content\/uploads\/2018\/05\/J3P-n\u00b036.pdf\">J3P n\u00b036<\/a><br><em>\u00ab&nbsp;Je viens vous donner quelques nouvelles.&nbsp;\u00bb<\/em><\/p>\n\n\n\n<hr class=\"wp-block-separator has-css-opacity\"\/>\n\n\n\n<p>Le Journal des trois paroisses du 15 avril au 20 mai 2018<a href=\"http:\/\/www.paroisses-chatenay.fr\/stgermain\/wp-content\/uploads\/2018\/04\/J3P-n\u00b035.pdf\" target=\"_blank\" rel=\"noreferrer noopener\"><br><\/a><em>\u00ab Quel monde voulons-nous pour demain ? \u00bb C\u2019est sur cette question que se sont ouverts en janvier dernier les \u00c9tats g\u00e9n\u00e9raux de la bio\u00e9thique.<\/em><\/p>\n\n\n\n<hr class=\"wp-block-separator has-css-opacity\"\/>\n\n\n\n<p>Le Journal des trois paroisses du 18 mars au 15 avril 2018 : <a href=\"http:\/\/www.paroisses-chatenay.fr\/stgermain\/wp-content\/uploads\/2018\/03\/J3P-n\u00b034.pdf\">J3P-n\u00b034<br><\/a><em>La Congr\u00e9gation pour la Doctrine de la Foi a publi\u00e9 jeudi 1 er mars une lettre aux \u00e9v\u00eaques du monde entier sur le salut chr\u00e9tien, intitul\u00e9e Placuit Deo (Il a plu \u00e0 Dieu). Le Vatican met en garde contre deux d\u00e9rives possibles de la foi sous l\u2019influence de la culture contemporaine, l\u2019individua- lisme et le subjectivisme qui nient \u00ab l\u2019action salvifique du Christ \u00bb.<br><\/em><em>\u2026\/\u2026<\/em><\/p>\n\n\n\n<hr class=\"wp-block-separator has-css-opacity\"\/>\n\n\n\n<p>Le Journal des trois paroisses&nbsp;du 11 f\u00e9vrier 2018 au 18 mars :&nbsp;<a href=\"http:\/\/www.paroisses-chatenay.fr\/stgermain\/wp-content\/uploads\/2018\/02\/J3P-n\u00b033.pdf\" target=\"_blank\" rel=\"noreferrer noopener\">J3P n\u00b033<br><\/a>Suppl\u00e9ment CCFD :&nbsp;<a href=\"http:\/\/www.paroisses-chatenay.fr\/stgermain\/wp-content\/uploads\/2018\/02\/Suppl\u00e9ment-J3P-n\u00b0-33-CCFD-Bulletin-2018.pdf\" target=\"_blank\" rel=\"noreferrer noopener\">Suppl\u00e9ment J3P n\u00b0 33 \u2013 CCFD Bulletin 2018<\/a><\/p>\n\n\n\n<p>Depuis 1992, l\u2019\u00c9glise Catholique c\u00e9l\u00e8bre tous les 11 f\u00e9vrier, f\u00eate de Notre-Dame de Lourdes, la Journ\u00e9e Mondiale du Malade \u2026<\/p>\n\n\n\n<hr class=\"wp-block-separator has-css-opacity\"\/>\n\n\n\n<p>Le Journal des trois paroisses&nbsp;du 14 janvier au 11 f\u00e9vrier 2018 :&nbsp;<a href=\"http:\/\/www.paroisses-chatenay.fr\/stgermain\/wp-content\/uploads\/2018\/01\/J3P-n\u00b032.pdf\" target=\"_blank\" rel=\"noreferrer noopener\">J3P n\u00b032<\/a><\/p>\n\n\n\n<p>\u00ab&nbsp;Des paroissiens me demandent : \u00ab qu\u2019est ce qui se passe quand un dioc\u00e8se n\u2019a plus d\u2019\u00e9v\u00eaque ? \u00bb.&nbsp;\u00bb<\/p>\n\n\n\n<hr class=\"wp-block-separator has-css-opacity\"\/>\n\n\n\n<p>Le Journal des trois paroisses du 17 D\u00e9cembre au 14 Janvier 2018 :&nbsp;<a href=\"http:\/\/www.paroisses-chatenay.fr\/stgermain\/wp-content\/uploads\/2017\/12\/J3P-n\u00b031.pdf\" target=\"_blank\" rel=\"noreferrer noopener\">J3P n\u00b031<\/a><\/p>\n\n\n\n<p>\u00ab&nbsp;Dans la pri\u00e8re du Notre P\u00e8re, \u00ab Ne nous soumets pas \u00e0 la tentation \u00bb devient \u00ab Ne nous laisse pas entrer en tentation \u00bb.<\/p>\n\n\n\n<p>\u00c0 partir du 1er dimanche de l\u2019Avent (3 d\u00e9cembre 2017), en France, la nouvelle traduction du Notre P\u00e8re remplace de mani\u00e8re officielle l\u2019ancienne formulation dans toute forme de liturgie publique.&nbsp;\u00bb<\/p>\n\n\n\n<hr class=\"wp-block-separator has-css-opacity\"\/>\n\n\n\n<p>Le Journal des trois paroisses du 19 Novembre au 17 D\u00e9cembre 2017 :&nbsp;<a href=\"http:\/\/www.paroisses-chatenay.fr\/stgermain\/wp-content\/uploads\/2017\/10\/J3P-n\u00b030.pdf\" target=\"_blank\" rel=\"noreferrer noopener\">J3P n\u00b030<br><\/a>\u00abN\u2019aimons pas en paroles, mais par des actes \u00bb : c\u2019est le th\u00e8me du message du <strong>Pape Fran\u00e7ois<\/strong>, publi\u00e9 \u00e0 l\u2019occasion de la premi\u00e8re Journ\u00e9e mondiale des Pauvres, qui se tiendra le 19 novembre prochain, 33e dimanche du Temps Ordinaire, avant la Solennit\u00e9 du <strong>Christ-Roi<\/strong>.<\/p>\n\n\n\n<hr class=\"wp-block-separator has-css-opacity\"\/>\n\n\n\n<p>Le Journal des trois paroisses du 17 Octobre au 15 Novembre 2017 :&nbsp;<a href=\"http:\/\/www.paroisses-chatenay.fr\/stgermain\/wp-content\/uploads\/2017\/10\/J3P-n\u00b029.pdf\" target=\"_blank\" rel=\"noreferrer noopener\">J3P n\u00b029<br><\/a>\u00ab&nbsp;Selon une \u00e9tude dioc\u00e9saine intitul\u00e9e \u00ab Dynamiques territoriales \u00bb, les dynamiques humaines et \u00e9conomiques \u00e0 l\u2019\u0153uvre dans notre d\u00e9partement font \u00e9voluer les enjeux pastoraux dans nos paroisses\u2026&nbsp;\u00bb<\/p>\n\n\n\n<hr class=\"wp-block-separator has-css-opacity\"\/>\n\n\n\n<p>Le Journal des trois paroisses du 17 Septembre au 15 Octobre 2017 :<a href=\"http:\/\/www.paroisses-chatenay.fr\/stgermain\/wp-content\/uploads\/2017\/09\/J3P-n\u00b028.pdf\" target=\"_blank\" rel=\"noreferrer noopener\">J3P-n\u00b028<br><\/a>\u00ab&nbsp;<strong>Dieu<\/strong> nous aime plus que nous nous aimons nous-m\u00eames ! C\u2019est le temps de la rentr\u00e9e : c\u2019est le temps de la reprise du travail ou de la recherche d\u2019emploi, le temps de la rentr\u00e9e scolaire, de la relance de la vie associative, de la vie paroissiale\u2026&nbsp;\u00bb<\/p>\n","protected":false},"excerpt":{"rendered":"<p>Du 15 Novembre au 13 D\u00e9cembre 2020 : J3P n\u00b059Je suis souvent fier de \u00ab mes \u00bb paroissiens \u2026 Du 11 octobre au 22 novembre 2020 : J3P n\u00b058 J\u00e9sus ne \u00ab fait pas la charit\u00e9 \u00bb : ce n\u2019est pas par calcul, pour mieux faire passer son message, qu\u2019il fait du socio-m\u00e9dical, gu\u00e9rit les malades, expulse les d\u00e9mons, rend courage et estime de soi aux exclus \u2026 J3P n\u00b057 J3P n\u00b056 Du 3 au 31 mai : J3P n\u00b055 <a class=\"more-link\" href=\"https:\/\/paroisses-chatenay.fr\/stgermain\/archives-j3p-2017-2020\/\">Lire plus &#8230;<\/a><\/p>\n","protected":false},"author":1,"featured_media":0,"parent":0,"menu_order":0,"comment_status":"closed","ping_status":"closed","template":"","meta":{"_seopress_robots_primary_cat":"","_seopress_titles_title":"","_seopress_titles_desc":"","_seopress_robots_index":"","jetpack_post_was_ever_published":false,"footnotes":""},"class_list":["post-8459","page","type-page","status-publish","hentry"],"jetpack_sharing_enabled":true,"jetpack_shortlink":"https:\/\/wp.me\/P8QOZc-2cr","jetpack_likes_enabled":true,"_links":{"self":[{"href":"https:\/\/paroisses-chatenay.fr\/stgermain\/wp-json\/wp\/v2\/pages\/8459","targetHints":{"allow":["GET"]}}],"collection":[{"href":"https:\/\/paroisses-chatenay.fr\/stgermain\/wp-json\/wp\/v2\/pages"}],"about":[{"href":"https:\/\/paroisses-chatenay.fr\/stgermain\/wp-json\/wp\/v2\/types\/page"}],"author":[{"embeddable":true,"href":"https:\/\/paroisses-chatenay.fr\/stgermain\/wp-json\/wp\/v2\/users\/1"}],"replies":[{"embeddable":true,"href":"https:\/\/paroisses-chatenay.fr\/stgermain\/wp-json\/wp\/v2\/comments?post=8459"}],"version-history":[{"count":3,"href":"https:\/\/paroisses-chatenay.fr\/stgermain\/wp-json\/wp\/v2\/pages\/8459\/revisions"}],"predecessor-version":[{"id":10837,"href":"https:\/\/paroisses-chatenay.fr\/stgermain\/wp-json\/wp\/v2\/pages\/8459\/revisions\/10837"}],"wp:attachment":[{"href":"https:\/\/paroisses-chatenay.fr\/stgermain\/wp-json\/wp\/v2\/media?parent=8459"}],"curies":[{"name":"wp","href":"https:\/\/api.w.org\/{rel}","templated":true}]}}